{"id":959,"date":"2020-12-29T13:51:40","date_gmt":"2020-12-29T13:51:40","guid":{"rendered":"http:\/\/c1990348.ferozo.com\/?page_id=959"},"modified":"2022-03-03T12:36:01","modified_gmt":"2022-03-03T15:36:01","slug":"instituto-de-derecho-administrativo","status":"publish","type":"page","link":"https:\/\/www.casf.org.ar\/colegio\/instituto-de-derecho-administrativo\/","title":{"rendered":"Instituto de Derecho Administrativo"},"content":{"rendered":"\t<section class=\"section\" id=\"section_1215277561\">\n\t\t<div class=\"bg section-bg fill bg-fill  bg-loaded\" >\n\n\t\t\t\n\t\t\t\n\t\t\t\n\n\t\t<\/div>\n\n\t\t<div class=\"section-content relative\">\n\t\t\t\n<div class=\"container section-title-container\" ><h3 class=\"section-title section-title-center\"><b><\/b><span class=\"section-title-main\" >INSTITUTO DE DERECHO ADMINISTRATIVO<\/span><b><\/b><\/h3><\/div>\n<div class=\"accordion\" rel=\"1\">\n<div class=\"accordion-item\"><a href=\"#\" class=\"accordion-title plain\"><button class=\"toggle\"><i class=\"icon-angle-down\"><\/i><\/button><span>Actividades del Instituto | Material de apoyo a charlas \/ jornadas<\/span><\/a><div class=\"accordion-inner\">\n\n\t\t<div class=\"tabbed-content\">\n\t\t\t\n\t\t\t<ul class=\"nav nav-tabs nav-uppercase nav-size-large nav-left\"><li class=\"tab active has-icon\"><a href=\"#tab_a\u00f1o-2016\"><span>A\u00f1o 2016<\/span><\/a><\/li>\n<li class=\"tab has-icon\"><a href=\"#tab_a\u00f1o-2017\"><span>A\u00f1o 2017<\/span><\/a><\/li>\n<li class=\"tab has-icon\"><a href=\"#tab_a\u00f1o-2018\"><span>A\u00f1o 2018<\/span><\/a><\/li>\n<li class=\"tab has-icon\"><a href=\"#tab_a\u00f1o-2019\"><span>A\u00f1o 2019<\/span><\/a><\/li>\n<li class=\"tab has-icon\"><a href=\"#tab_a\u00f1o-2020\"><span>A\u00f1o 2020<\/span><\/a><\/li>\n<li class=\"tab has-icon\"><a href=\"#tab_a\u00f1o-2021\"><span>A\u00f1o 2021<\/span><\/a><\/li><\/ul><div class=\"tab-panels\"><div class=\"panel active entry-content\" id=\"tab_a\u00f1o-2016\">\n<p style=\"text-align: center;\">Nueva Norma Provincial:\u00a0<em><strong>Nuevo Tr\u00e1mite de las Actuaciones Administrativas<\/strong><\/em><br \/>\nFecha:\u00a0<strong>Decreto Acuerdo Provincial n\u00b0 4174\/2015<\/strong><br \/>\nMaterial:\u00a0<a href=\"http:\/\/c1990348.ferozo.com\/wp-content\/uploads\/2020\/12\/DECRETO_ACUERDO_4174_2015_procedimiento_administrativo_reemplaza_10204.pdf\">Documento PDF \u2013 Ver\/Descargar Norma<\/a><\/p>\n\n  \n    <div class=\"row large-columns-1 medium-columns- small-columns- row-collapse slider row-slider slider-nav-simple\"  data-flickity-options='{\"imagesLoaded\": true, \"groupCells\": \"100%\", \"dragThreshold\" : 5, \"cellAlign\": \"left\",\"wrapAround\": true,\"prevNextButtons\": true,\"percentPosition\": true,\"pageDots\": false, \"rightToLeft\": false, \"autoPlay\" : false}'>\n\n          <div class=\"gallery-col col\" data-animate=\"fadeInLeft\">\n          <div class=\"col-inner\">\n            <a class=\"image-lightbox lightbox-gallery\" href=\"https:\/\/www.casf.org.ar\/colegio\/wp-content\/uploads\/2020\/12\/Completo-2016-1.jpg\" title=\"\">            <div class=\"box has-hover gallery-box box-none\">\n              <div class=\"box-image\" style=\"width:31%;\">\n                <img width=\"300\" height=\"425\" src=\"https:\/\/www.casf.org.ar\/colegio\/wp-content\/uploads\/2020\/12\/Completo-2016-1.jpg\" class=\"attachment-original size-original\" alt=\"\" decoding=\"async\" loading=\"lazy\" ids=\"966,967,968,969,970,971\" style=\"none\" lightbox_image_size=\"original\" type=\"slider\" col_spacing=\"collapse\" columns=\"1\" animate=\"fadeInLeft\" slider_nav_style=\"simple\" image_width=\"31\" image_size=\"original\" srcset=\"https:\/\/www.casf.org.ar\/colegio\/wp-content\/uploads\/2020\/12\/Completo-2016-1.jpg 300w, https:\/\/www.casf.org.ar\/colegio\/wp-content\/uploads\/2020\/12\/Completo-2016-1-282x400.jpg 282w\" sizes=\"(max-width: 300px) 100vw, 300px\" \/>                                                              <\/div>\n              <div class=\"box-text text-left\" >\n                 <p><\/p>\n              <\/div>\n            <\/div>\n            <\/a>          <\/div>\n         <\/div>\n                 <div class=\"gallery-col col\" data-animate=\"fadeInLeft\">\n          <div class=\"col-inner\">\n            <a class=\"image-lightbox lightbox-gallery\" href=\"https:\/\/www.casf.org.ar\/colegio\/wp-content\/uploads\/2020\/12\/07-12-2016.jpeg\" title=\"\">            <div class=\"box has-hover gallery-box box-none\">\n              <div class=\"box-image\" style=\"width:31%;\">\n                <img width=\"300\" height=\"425\" src=\"https:\/\/www.casf.org.ar\/colegio\/wp-content\/uploads\/2020\/12\/07-12-2016.jpeg\" class=\"attachment-original size-original\" alt=\"\" decoding=\"async\" loading=\"lazy\" ids=\"966,967,968,969,970,971\" style=\"none\" lightbox_image_size=\"original\" type=\"slider\" col_spacing=\"collapse\" columns=\"1\" animate=\"fadeInLeft\" slider_nav_style=\"simple\" image_width=\"31\" image_size=\"original\" srcset=\"https:\/\/www.casf.org.ar\/colegio\/wp-content\/uploads\/2020\/12\/07-12-2016.jpeg 300w, https:\/\/www.casf.org.ar\/colegio\/wp-content\/uploads\/2020\/12\/07-12-2016-282x400.jpeg 282w\" sizes=\"(max-width: 300px) 100vw, 300px\" \/>                                                              <\/div>\n              <div class=\"box-text text-left\" >\n                 <p><\/p>\n              <\/div>\n            <\/div>\n            <\/a>          <\/div>\n         <\/div>\n                 <div class=\"gallery-col col\" data-animate=\"fadeInLeft\">\n          <div class=\"col-inner\">\n            <a class=\"image-lightbox lightbox-gallery\" href=\"https:\/\/www.casf.org.ar\/colegio\/wp-content\/uploads\/2020\/12\/23-09-2016.jpg\" title=\"\">            <div class=\"box has-hover gallery-box box-none\">\n              <div class=\"box-image\" style=\"width:31%;\">\n                <img width=\"300\" height=\"424\" src=\"https:\/\/www.casf.org.ar\/colegio\/wp-content\/uploads\/2020\/12\/23-09-2016.jpg\" class=\"attachment-original size-original\" alt=\"\" decoding=\"async\" loading=\"lazy\" ids=\"966,967,968,969,970,971\" style=\"none\" lightbox_image_size=\"original\" type=\"slider\" col_spacing=\"collapse\" columns=\"1\" animate=\"fadeInLeft\" slider_nav_style=\"simple\" image_width=\"31\" image_size=\"original\" srcset=\"https:\/\/www.casf.org.ar\/colegio\/wp-content\/uploads\/2020\/12\/23-09-2016.jpg 300w, https:\/\/www.casf.org.ar\/colegio\/wp-content\/uploads\/2020\/12\/23-09-2016-283x400.jpg 283w\" sizes=\"(max-width: 300px) 100vw, 300px\" \/>                                                              <\/div>\n              <div class=\"box-text text-left\" >\n                 <p><\/p>\n              <\/div>\n            <\/div>\n            <\/a>          <\/div>\n         <\/div>\n                 <div class=\"gallery-col col\" data-animate=\"fadeInLeft\">\n          <div class=\"col-inner\">\n            <a class=\"image-lightbox lightbox-gallery\" href=\"https:\/\/www.casf.org.ar\/colegio\/wp-content\/uploads\/2020\/12\/11-08-2016.jpeg\" title=\"\">            <div class=\"box has-hover gallery-box box-none\">\n              <div class=\"box-image\" style=\"width:31%;\">\n                <img width=\"300\" height=\"425\" src=\"https:\/\/www.casf.org.ar\/colegio\/wp-content\/uploads\/2020\/12\/11-08-2016.jpeg\" class=\"attachment-original size-original\" alt=\"\" decoding=\"async\" loading=\"lazy\" ids=\"966,967,968,969,970,971\" style=\"none\" lightbox_image_size=\"original\" type=\"slider\" col_spacing=\"collapse\" columns=\"1\" animate=\"fadeInLeft\" slider_nav_style=\"simple\" image_width=\"31\" image_size=\"original\" srcset=\"https:\/\/www.casf.org.ar\/colegio\/wp-content\/uploads\/2020\/12\/11-08-2016.jpeg 300w, https:\/\/www.casf.org.ar\/colegio\/wp-content\/uploads\/2020\/12\/11-08-2016-282x400.jpeg 282w\" sizes=\"(max-width: 300px) 100vw, 300px\" \/>                                                              <\/div>\n              <div class=\"box-text text-left\" >\n                 <p><\/p>\n              <\/div>\n            <\/div>\n            <\/a>          <\/div>\n         <\/div>\n                 <div class=\"gallery-col col\" data-animate=\"fadeInLeft\">\n          <div class=\"col-inner\">\n            <a class=\"image-lightbox lightbox-gallery\" href=\"https:\/\/www.casf.org.ar\/colegio\/wp-content\/uploads\/2020\/12\/08-09-2016.jpeg\" title=\"\">            <div class=\"box has-hover gallery-box box-none\">\n              <div class=\"box-image\" style=\"width:31%;\">\n                <img width=\"300\" height=\"425\" src=\"https:\/\/www.casf.org.ar\/colegio\/wp-content\/uploads\/2020\/12\/08-09-2016.jpeg\" class=\"attachment-original size-original\" alt=\"\" decoding=\"async\" loading=\"lazy\" ids=\"966,967,968,969,970,971\" style=\"none\" lightbox_image_size=\"original\" type=\"slider\" col_spacing=\"collapse\" columns=\"1\" animate=\"fadeInLeft\" slider_nav_style=\"simple\" image_width=\"31\" image_size=\"original\" srcset=\"https:\/\/www.casf.org.ar\/colegio\/wp-content\/uploads\/2020\/12\/08-09-2016.jpeg 300w, https:\/\/www.casf.org.ar\/colegio\/wp-content\/uploads\/2020\/12\/08-09-2016-282x400.jpeg 282w\" sizes=\"(max-width: 300px) 100vw, 300px\" \/>                                                              <\/div>\n              <div class=\"box-text text-left\" >\n                 <p><\/p>\n              <\/div>\n            <\/div>\n            <\/a>          <\/div>\n         <\/div>\n                 <div class=\"gallery-col col\" data-animate=\"fadeInLeft\">\n          <div class=\"col-inner\">\n            <a class=\"image-lightbox lightbox-gallery\" href=\"https:\/\/www.casf.org.ar\/colegio\/wp-content\/uploads\/2020\/12\/24-06-2016.jpg\" title=\"\">            <div class=\"box has-hover gallery-box box-none\">\n              <div class=\"box-image\" style=\"width:31%;\">\n                <img width=\"300\" height=\"424\" src=\"https:\/\/www.casf.org.ar\/colegio\/wp-content\/uploads\/2020\/12\/24-06-2016.jpg\" class=\"attachment-original size-original\" alt=\"\" decoding=\"async\" loading=\"lazy\" ids=\"966,967,968,969,970,971\" style=\"none\" lightbox_image_size=\"original\" type=\"slider\" col_spacing=\"collapse\" columns=\"1\" animate=\"fadeInLeft\" slider_nav_style=\"simple\" image_width=\"31\" image_size=\"original\" srcset=\"https:\/\/www.casf.org.ar\/colegio\/wp-content\/uploads\/2020\/12\/24-06-2016.jpg 300w, https:\/\/www.casf.org.ar\/colegio\/wp-content\/uploads\/2020\/12\/24-06-2016-283x400.jpg 283w\" sizes=\"(max-width: 300px) 100vw, 300px\" \/>                                                              <\/div>\n              <div class=\"box-text text-left\" >\n                 <p><\/p>\n              <\/div>\n            <\/div>\n            <\/a>          <\/div>\n         <\/div>\n         <\/div>\n<\/div>\n<div class=\"panel entry-content\" id=\"tab_a\u00f1o-2017\">\n<p>Charla:\u00a0<strong>La Visi\u00f3n Jurisprudencial de la Tutela Cautelar<\/strong><br \/>\nFecha:\u00a0<strong>7\/09\/2017<\/strong><br \/>\nExpositor:\u00a0<strong>Dr. Leonardo Deb<\/strong><\/p>\n\t<div class=\"img has-hover x md-x lg-x y md-y lg-y\" id=\"image_285349910\">\n\t\t<a class=\"image-lightbox lightbox-gallery\" title=\"\" href=\"https:\/\/www.casf.org.ar\/colegio\/wp-content\/uploads\/2020\/12\/Flyer-20170529.jpg\">\t\t\t\t<div data-animate=\"fadeInLeft\">\t\t<div class=\"img-inner dark\" >\n\t\t\t<img width=\"300\" height=\"300\" src=\"https:\/\/www.casf.org.ar\/colegio\/wp-content\/uploads\/2020\/12\/Flyer-20170529.jpg\" class=\"attachment-original size-original\" alt=\"\" decoding=\"async\" loading=\"lazy\" srcset=\"https:\/\/www.casf.org.ar\/colegio\/wp-content\/uploads\/2020\/12\/Flyer-20170529.jpg 300w, https:\/\/www.casf.org.ar\/colegio\/wp-content\/uploads\/2020\/12\/Flyer-20170529-280x280.jpg 280w, https:\/\/www.casf.org.ar\/colegio\/wp-content\/uploads\/2020\/12\/Flyer-20170529-100x100.jpg 100w\" sizes=\"(max-width: 300px) 100vw, 300px\" \/>\t\t\t\t\t\t\n\t\t\t\t\t<\/div>\n\t\t<\/div>\t\t\t\t<\/a>\t\t\n<style>\n#image_285349910 {\n  width: 30%;\n}\n<\/style>\n\t<\/div>\n\t\n<p>Jornada:\u00a0<strong>Los empleados del Estado y su derechos. Ingreso. Relaci\u00f3n de empleo. Violencia Laboral. Precarizaci\u00f3n<\/strong><br \/>\nFecha:\u00a0<strong>19\/10\/2017<\/strong><br \/>\nExpositores:\u00a0<strong>Dra. Raquel Alianak, Dra. Anal\u00eda Antik y Dra. Adriana Taller<\/strong><\/p>\n\t<div class=\"img has-hover x md-x lg-x y md-y lg-y\" id=\"image_1215644210\">\n\t\t<a class=\"image-lightbox lightbox-gallery\" title=\"\" href=\"https:\/\/www.casf.org.ar\/colegio\/wp-content\/uploads\/2020\/12\/Flyer-OCTUBRE-2017.jpg\">\t\t\t\t<div data-animate=\"fadeInLeft\">\t\t<div class=\"img-inner dark\" >\n\t\t\t<img width=\"300\" height=\"424\" src=\"https:\/\/www.casf.org.ar\/colegio\/wp-content\/uploads\/2020\/12\/Flyer-OCTUBRE-2017.jpg\" class=\"attachment-original size-original\" alt=\"\" decoding=\"async\" loading=\"lazy\" srcset=\"https:\/\/www.casf.org.ar\/colegio\/wp-content\/uploads\/2020\/12\/Flyer-OCTUBRE-2017.jpg 300w, https:\/\/www.casf.org.ar\/colegio\/wp-content\/uploads\/2020\/12\/Flyer-OCTUBRE-2017-283x400.jpg 283w\" sizes=\"(max-width: 300px) 100vw, 300px\" \/>\t\t\t\t\t\t\n\t\t\t\t\t<\/div>\n\t\t<\/div>\t\t\t\t<\/a>\t\t\n<style>\n#image_1215644210 {\n  width: 30%;\n}\n<\/style>\n\t<\/div>\n\t\n<\/div>\n<div class=\"panel entry-content\" id=\"tab_a\u00f1o-2018\">\n<p>Jornada:\u00a0<span lang=\"es-ES\"><b>Control efectivo de los actos de la Administraci\u00f3n y responsabilidad de los funcionarios<\/b><\/span><br \/>\nFecha:\u00a0<strong>05\/04\/2018<\/strong><br \/>\nExpositor:\u00a0<span lang=\"es-ES\"><b>Dr. Domingo J. Sesin<\/b><\/span><\/p>\n\t<div class=\"img has-hover x md-x lg-x y md-y lg-y\" id=\"image_1302059736\">\n\t\t<a class=\"image-lightbox lightbox-gallery\" title=\"\" href=\"https:\/\/www.casf.org.ar\/colegio\/wp-content\/uploads\/2020\/12\/SESIN-05-04-2018-4.jpeg\">\t\t\t\t<div data-animate=\"fadeInLeft\">\t\t<div class=\"img-inner dark\" >\n\t\t\t<img width=\"300\" height=\"425\" src=\"https:\/\/www.casf.org.ar\/colegio\/wp-content\/uploads\/2020\/12\/SESIN-05-04-2018-4.jpeg\" class=\"attachment-original size-original\" alt=\"\" decoding=\"async\" loading=\"lazy\" srcset=\"https:\/\/www.casf.org.ar\/colegio\/wp-content\/uploads\/2020\/12\/SESIN-05-04-2018-4.jpeg 300w, https:\/\/www.casf.org.ar\/colegio\/wp-content\/uploads\/2020\/12\/SESIN-05-04-2018-4-282x400.jpeg 282w\" sizes=\"(max-width: 300px) 100vw, 300px\" \/>\t\t\t\t\t\t\n\t\t\t\t\t<\/div>\n\t\t<\/div>\t\t\t\t<\/a>\t\t\n<style>\n#image_1302059736 {\n  width: 20%;\n}\n<\/style>\n\t<\/div>\n\t\n<p>Jornada:<b>\u00a0La actividad administrativa consultiva en el \u00e1mbito provincial y municipal santafesino<br \/>\n<\/b>Fecha:<b>\u00a0<strong>12\/04\/2018<\/strong><br \/>\n<\/b>Expositor:<b>\u00a0Dr. Juli\u00e1n Passarella<\/b><\/p>\n\t<div class=\"img has-hover x md-x lg-x y md-y lg-y\" id=\"image_545623805\">\n\t\t<a class=\"image-lightbox lightbox-gallery\" title=\"\" href=\"https:\/\/www.casf.org.ar\/colegio\/wp-content\/uploads\/2020\/12\/FLYER-JULIAN-PASSARELLA-12-04-2018-2-280x280.jpeg\">\t\t\t\t<div data-animate=\"fadeInLeft\">\t\t<div class=\"img-inner dark\" >\n\t\t\t<img width=\"300\" height=\"425\" src=\"https:\/\/www.casf.org.ar\/colegio\/wp-content\/uploads\/2020\/12\/FLYER-JULIAN-PASSARELLA-12-04-2018-2.jpeg\" class=\"attachment-original size-original\" alt=\"\" decoding=\"async\" loading=\"lazy\" srcset=\"https:\/\/www.casf.org.ar\/colegio\/wp-content\/uploads\/2020\/12\/FLYER-JULIAN-PASSARELLA-12-04-2018-2.jpeg 300w, https:\/\/www.casf.org.ar\/colegio\/wp-content\/uploads\/2020\/12\/FLYER-JULIAN-PASSARELLA-12-04-2018-2-282x400.jpeg 282w\" sizes=\"(max-width: 300px) 100vw, 300px\" \/>\t\t\t\t\t\t\n\t\t\t\t\t<\/div>\n\t\t<\/div>\t\t\t\t<\/a>\t\t\n<style>\n#image_545623805 {\n  width: 20%;\n}\n<\/style>\n\t<\/div>\n\t\n<p>Jornada:\u00a0<span lang=\"es-ES\"><b>Los contratos de participaci\u00f3n p\u00fablico privada y la legislaci\u00f3n Argentina<\/b><\/span><br \/>\nFecha:\u00a0<strong>21\/06\/2018<\/strong><br \/>\nExpositor:\u00a0<span lang=\"es-ES\"><b>Dr. Eduardo Mertehikian<\/b><\/span><\/p>\n\n  \n    <div class=\"row large-columns-3 medium-columns- small-columns-2 row-xsmall\">\n          <div class=\"gallery-col col\" data-animate=\"fadeInLeft\">\n          <div class=\"col-inner\">\n            <a class=\"image-lightbox lightbox-gallery\" href=\"https:\/\/www.casf.org.ar\/colegio\/wp-content\/uploads\/2020\/12\/flyer-21-06-2018-3.jpeg\" title=\"\">            <div class=\"box has-hover gallery-box box-none\">\n              <div class=\"box-image\" style=\"width:65%;\">\n                <img width=\"300\" height=\"425\" src=\"https:\/\/www.casf.org.ar\/colegio\/wp-content\/uploads\/2020\/12\/flyer-21-06-2018-3.jpeg\" class=\"attachment-original size-original\" alt=\"\" decoding=\"async\" loading=\"lazy\" ids=\"988,989,990\" style=\"none\" lightbox_image_size=\"original\" col_spacing=\"xsmall\" columns=\"3\" animate=\"fadeInLeft\" image_width=\"65\" image_size=\"original\" srcset=\"https:\/\/www.casf.org.ar\/colegio\/wp-content\/uploads\/2020\/12\/flyer-21-06-2018-3.jpeg 300w, https:\/\/www.casf.org.ar\/colegio\/wp-content\/uploads\/2020\/12\/flyer-21-06-2018-3-282x400.jpeg 282w\" sizes=\"(max-width: 300px) 100vw, 300px\" \/>                                                              <\/div>\n              <div class=\"box-text text-left\" >\n                 <p><\/p>\n              <\/div>\n            <\/div>\n            <\/a>          <\/div>\n         <\/div>\n                 <div class=\"gallery-col col\" data-animate=\"fadeInLeft\">\n          <div class=\"col-inner\">\n            <a class=\"image-lightbox lightbox-gallery\" href=\"https:\/\/www.casf.org.ar\/colegio\/wp-content\/uploads\/2020\/12\/flyer-13.9.18-5.jpeg\" title=\"\">            <div class=\"box has-hover gallery-box box-none\">\n              <div class=\"box-image\" style=\"width:65%;\">\n                <img width=\"300\" height=\"425\" src=\"https:\/\/www.casf.org.ar\/colegio\/wp-content\/uploads\/2020\/12\/flyer-13.9.18-5.jpeg\" class=\"attachment-original size-original\" alt=\"\" decoding=\"async\" loading=\"lazy\" ids=\"988,989,990\" style=\"none\" lightbox_image_size=\"original\" col_spacing=\"xsmall\" columns=\"3\" animate=\"fadeInLeft\" image_width=\"65\" image_size=\"original\" srcset=\"https:\/\/www.casf.org.ar\/colegio\/wp-content\/uploads\/2020\/12\/flyer-13.9.18-5.jpeg 300w, https:\/\/www.casf.org.ar\/colegio\/wp-content\/uploads\/2020\/12\/flyer-13.9.18-5-282x400.jpeg 282w\" sizes=\"(max-width: 300px) 100vw, 300px\" \/>                                                              <\/div>\n              <div class=\"box-text text-left\" >\n                 <p><\/p>\n              <\/div>\n            <\/div>\n            <\/a>          <\/div>\n         <\/div>\n                 <div class=\"gallery-col col\" data-animate=\"fadeInLeft\">\n          <div class=\"col-inner\">\n            <a class=\"image-lightbox lightbox-gallery\" href=\"https:\/\/www.casf.org.ar\/colegio\/wp-content\/uploads\/2020\/12\/flyer-9-11-2018-1.jpeg\" title=\"\">            <div class=\"box has-hover gallery-box box-none\">\n              <div class=\"box-image\" style=\"width:65%;\">\n                <img width=\"300\" height=\"425\" src=\"https:\/\/www.casf.org.ar\/colegio\/wp-content\/uploads\/2020\/12\/flyer-9-11-2018-1.jpeg\" class=\"attachment-original size-original\" alt=\"\" decoding=\"async\" loading=\"lazy\" ids=\"988,989,990\" style=\"none\" lightbox_image_size=\"original\" col_spacing=\"xsmall\" columns=\"3\" animate=\"fadeInLeft\" image_width=\"65\" image_size=\"original\" srcset=\"https:\/\/www.casf.org.ar\/colegio\/wp-content\/uploads\/2020\/12\/flyer-9-11-2018-1.jpeg 300w, https:\/\/www.casf.org.ar\/colegio\/wp-content\/uploads\/2020\/12\/flyer-9-11-2018-1-282x400.jpeg 282w\" sizes=\"(max-width: 300px) 100vw, 300px\" \/>                                                              <\/div>\n              <div class=\"box-text text-left\" >\n                 <p><\/p>\n              <\/div>\n            <\/div>\n            <\/a>          <\/div>\n         <\/div>\n         <\/div>\n<\/div>\n<div class=\"panel entry-content\" id=\"tab_a\u00f1o-2019\">\n\n  \n    <div class=\"row large-columns-1 medium-columns- small-columns- slider row-slider slider-nav-reveal\"  data-flickity-options='{\"imagesLoaded\": true, \"groupCells\": \"100%\", \"dragThreshold\" : 5, \"cellAlign\": \"left\",\"wrapAround\": true,\"prevNextButtons\": true,\"percentPosition\": true,\"pageDots\": false, \"rightToLeft\": false, \"autoPlay\" : false}'>\n\n          <div class=\"gallery-col col\" data-animate=\"fadeInLeft\">\n          <div class=\"col-inner\">\n                        <div class=\"box has-hover gallery-box box-none\">\n              <div class=\"box-image\" style=\"width:31%;\">\n                <img width=\"212\" height=\"300\" src=\"https:\/\/www.casf.org.ar\/colegio\/wp-content\/uploads\/2020\/12\/Ivanega-flyer-con-TCMSF-212x300-1.jpeg\" class=\"attachment-medium size-medium\" alt=\"\" decoding=\"async\" loading=\"lazy\" ids=\"994,995,996,997\" style=\"none\" lightbox=\"false\" type=\"slider\" columns=\"1\" animate=\"fadeInLeft\" image_width=\"31\" \/>                                                              <\/div>\n              <div class=\"box-text text-left\" >\n                 <p><\/p>\n              <\/div>\n            <\/div>\n                      <\/div>\n         <\/div>\n                 <div class=\"gallery-col col\" data-animate=\"fadeInLeft\">\n          <div class=\"col-inner\">\n                        <div class=\"box has-hover gallery-box box-none\">\n              <div class=\"box-image\" style=\"width:31%;\">\n                <img width=\"282\" height=\"400\" src=\"https:\/\/www.casf.org.ar\/colegio\/wp-content\/uploads\/2020\/12\/Flyer-administrativo-26-09-2019_web-282x400.jpg\" class=\"attachment-medium size-medium\" alt=\"\" decoding=\"async\" loading=\"lazy\" ids=\"994,995,996,997\" style=\"none\" lightbox=\"false\" type=\"slider\" columns=\"1\" animate=\"fadeInLeft\" image_width=\"31\" srcset=\"https:\/\/www.casf.org.ar\/colegio\/wp-content\/uploads\/2020\/12\/Flyer-administrativo-26-09-2019_web-282x400.jpg 282w, https:\/\/www.casf.org.ar\/colegio\/wp-content\/uploads\/2020\/12\/Flyer-administrativo-26-09-2019_web.jpg 540w\" sizes=\"(max-width: 282px) 100vw, 282px\" \/>                                                              <\/div>\n              <div class=\"box-text text-left\" >\n                 <p><\/p>\n              <\/div>\n            <\/div>\n                      <\/div>\n         <\/div>\n                 <div class=\"gallery-col col\" data-animate=\"fadeInLeft\">\n          <div class=\"col-inner\">\n                        <div class=\"box has-hover gallery-box box-none\">\n              <div class=\"box-image\" style=\"width:31%;\">\n                <img width=\"282\" height=\"400\" src=\"https:\/\/www.casf.org.ar\/colegio\/wp-content\/uploads\/2020\/12\/Administrativo-19-09_web-282x400.jpg\" class=\"attachment-medium size-medium\" alt=\"\" decoding=\"async\" loading=\"lazy\" ids=\"994,995,996,997\" style=\"none\" lightbox=\"false\" type=\"slider\" columns=\"1\" animate=\"fadeInLeft\" image_width=\"31\" srcset=\"https:\/\/www.casf.org.ar\/colegio\/wp-content\/uploads\/2020\/12\/Administrativo-19-09_web-282x400.jpg 282w, https:\/\/www.casf.org.ar\/colegio\/wp-content\/uploads\/2020\/12\/Administrativo-19-09_web.jpg 540w\" sizes=\"(max-width: 282px) 100vw, 282px\" \/>                                                              <\/div>\n              <div class=\"box-text text-left\" >\n                 <p><\/p>\n              <\/div>\n            <\/div>\n                      <\/div>\n         <\/div>\n                 <div class=\"gallery-col col\" data-animate=\"fadeInLeft\">\n          <div class=\"col-inner\">\n                        <div class=\"box has-hover gallery-box box-none\">\n              <div class=\"box-image\" style=\"width:31%;\">\n                <img width=\"282\" height=\"400\" src=\"https:\/\/www.casf.org.ar\/colegio\/wp-content\/uploads\/2020\/12\/taller-fallos-camara-2_web-1-282x400.jpg\" class=\"attachment-medium size-medium\" alt=\"\" decoding=\"async\" loading=\"lazy\" ids=\"994,995,996,997\" style=\"none\" lightbox=\"false\" type=\"slider\" columns=\"1\" animate=\"fadeInLeft\" image_width=\"31\" srcset=\"https:\/\/www.casf.org.ar\/colegio\/wp-content\/uploads\/2020\/12\/taller-fallos-camara-2_web-1-282x400.jpg 282w, https:\/\/www.casf.org.ar\/colegio\/wp-content\/uploads\/2020\/12\/taller-fallos-camara-2_web-1.jpg 540w\" sizes=\"(max-width: 282px) 100vw, 282px\" \/>                                                              <\/div>\n              <div class=\"box-text text-left\" >\n                 <p><\/p>\n              <\/div>\n            <\/div>\n                      <\/div>\n         <\/div>\n         <\/div>\n<\/div>\n<div class=\"panel entry-content\" id=\"tab_a\u00f1o-2020\">\n\t<div class=\"img has-hover x md-x lg-x y md-y lg-y\" id=\"image_1267864153\">\n\t\t\t\t\t\t<div data-animate=\"fadeInLeft\">\t\t<div class=\"img-inner dark\" >\n\t\t\t<img width=\"440\" height=\"360\" src=\"https:\/\/www.casf.org.ar\/colegio\/wp-content\/uploads\/2020\/12\/WhatsApp-Image-2020-06-18-41.jpeg\" class=\"attachment-original size-original\" alt=\"\" decoding=\"async\" loading=\"lazy\" \/>\t\t\t\t\t\t\n\t\t\t\t\t<\/div>\n\t\t<\/div>\t\t\t\t\t\t\n<style>\n#image_1267864153 {\n  width: 30%;\n}\n<\/style>\n\t<\/div>\n\t\n<p>En el contexto de emergencia por COVID-19, el Instituto de Derecho Administrativo\u00a0 elabor\u00f3 una serie de recomendaciones, dirigido directamente a los matriculados y matriculadas.<\/p>\n<p>\u2013\u00a0<a href=\"http:\/\/c1990348.ferozo.com\/wp-content\/uploads\/2020\/12\/Informe-1-IDA.docx\">Informe 1<\/a><br \/>\n\u2013\u00a0<a href=\"http:\/\/c1990348.ferozo.com\/wp-content\/uploads\/2020\/12\/Informe-2-IDA.docx\">Informe 2<\/a><br \/>\n\u2013\u00a0<a href=\"http:\/\/c1990348.ferozo.com\/wp-content\/uploads\/2020\/12\/Informe-3-IDA.doc\">Informe 3<\/a><br \/>\n\u2013\u00a0<a href=\"http:\/\/c1990348.ferozo.com\/wp-content\/uploads\/2020\/12\/Informe-4-COVID19-Enf.-Profesional.doc\">Informe 4<\/a><br \/>\n\u2013\u00a0<a href=\"http:\/\/c1990348.ferozo.com\/wp-content\/uploads\/2020\/12\/Informe-5-decretos.docx\">Informe 5<\/a><br \/>\n\u2013\u00a0<a href=\"http:\/\/c1990348.ferozo.com\/wp-content\/uploads\/2020\/12\/Informe-6-IDA.doc\">Informe 6<\/a><br \/>\n\u2013\u00a0<a href=\"http:\/\/c1990348.ferozo.com\/wp-content\/uploads\/2020\/12\/Informe-7-IDA.doc\">Informe 7<br \/>\n<\/a>\u2013\u00a0<a href=\"http:\/\/c1990348.ferozo.com\/el-casf-reclama-al-gobernador-la-urgente-reanudacion-de-los-plazos-administrativos\/\">El CASF reclama al Gobernador la urgente reanudaci\u00f3n de los plazos administrativos<\/a><\/p>\n<\/div>\n<div class=\"panel entry-content\" id=\"tab_a\u00f1o-2021\">\n<p><a href=\"https:\/\/www.casf.org.ar\/colegio\/wp-content\/uploads\/2022\/03\/WhatsApp-Image-2021-04-13-at-15.48.10.jpeg\"><img decoding=\"async\" loading=\"lazy\" class=\"alignnone wp-image-14796\" src=\"https:\/\/www.casf.org.ar\/colegio\/wp-content\/uploads\/2022\/03\/WhatsApp-Image-2021-04-13-at-15.48.10-395x400.jpeg\" alt=\"\" width=\"324\" height=\"328\" srcset=\"https:\/\/www.casf.org.ar\/colegio\/wp-content\/uploads\/2022\/03\/WhatsApp-Image-2021-04-13-at-15.48.10-395x400.jpeg 395w, https:\/\/www.casf.org.ar\/colegio\/wp-content\/uploads\/2022\/03\/WhatsApp-Image-2021-04-13-at-15.48.10-100x100.jpeg 100w, https:\/\/www.casf.org.ar\/colegio\/wp-content\/uploads\/2022\/03\/WhatsApp-Image-2021-04-13-at-15.48.10.jpeg 440w\" sizes=\"(max-width: 324px) 100vw, 324px\" \/><\/a><\/p>\n<p><a href=\"https:\/\/www.casf.org.ar\/colegio\/wp-content\/uploads\/2022\/03\/WhatsApp-Image-2021-05-28-at-09.30.23.jpeg\"><img decoding=\"async\" loading=\"lazy\" class=\"alignnone wp-image-14797\" src=\"https:\/\/www.casf.org.ar\/colegio\/wp-content\/uploads\/2022\/03\/WhatsApp-Image-2021-05-28-at-09.30.23.jpeg\" alt=\"\" width=\"330\" height=\"258\" \/><\/a><\/p>\n<p><a href=\"https:\/\/www.casf.org.ar\/colegio\/wp-content\/uploads\/2022\/03\/WhatsApp-Image-2021-08-05-at-21.11.37-2.jpeg\"><img decoding=\"async\" loading=\"lazy\" class=\"alignnone wp-image-14799\" src=\"https:\/\/www.casf.org.ar\/colegio\/wp-content\/uploads\/2022\/03\/WhatsApp-Image-2021-08-05-at-21.11.37-2.jpeg\" alt=\"\" width=\"347\" height=\"296\" \/><\/a><a href=\"https:\/\/www.casf.org.ar\/colegio\/wp-content\/uploads\/2022\/03\/WhatsApp-Image-2021-08-03-at-10.51.21.jpeg\"><br \/>\n<img decoding=\"async\" loading=\"lazy\" class=\"alignnone size-medium wp-image-14798\" src=\"https:\/\/www.casf.org.ar\/colegio\/wp-content\/uploads\/2022\/03\/WhatsApp-Image-2021-08-03-at-10.51.21-324x400.jpeg\" alt=\"\" width=\"324\" height=\"400\" srcset=\"https:\/\/www.casf.org.ar\/colegio\/wp-content\/uploads\/2022\/03\/WhatsApp-Image-2021-08-03-at-10.51.21-324x400.jpeg 324w, https:\/\/www.casf.org.ar\/colegio\/wp-content\/uploads\/2022\/03\/WhatsApp-Image-2021-08-03-at-10.51.21.jpeg 440w\" sizes=\"(max-width: 324px) 100vw, 324px\" \/><\/a><\/p>\n<p><a href=\"https:\/\/www.casf.org.ar\/colegio\/wp-content\/uploads\/2022\/03\/WhatsApp-Image-2021-12-09-at-5.54.58-PM.jpeg\"><img decoding=\"async\" loading=\"lazy\" class=\"alignnone wp-image-14800\" src=\"https:\/\/www.casf.org.ar\/colegio\/wp-content\/uploads\/2022\/03\/WhatsApp-Image-2021-12-09-at-5.54.58-PM.jpeg\" alt=\"\" width=\"348\" height=\"311\" \/><\/a><\/p>\n<\/div><\/div><\/div>\n<\/div><\/div>\n<\/div>\n\t\t<\/div>\n\n\t\t\n<style>\n#section_1215277561 {\n  padding-top: 30px;\n  padding-bottom: 30px;\n}\n<\/style>\n\t<\/section>\n\t\n","protected":false},"excerpt":{"rendered":"","protected":false},"author":2,"featured_media":0,"parent":0,"menu_order":0,"comment_status":"closed","ping_status":"closed","template":"","meta":[],"_links":{"self":[{"href":"https:\/\/www.casf.org.ar\/colegio\/wp-json\/wp\/v2\/pages\/959"}],"collection":[{"href":"https:\/\/www.casf.org.ar\/colegio\/wp-json\/wp\/v2\/pages"}],"about":[{"href":"https:\/\/www.casf.org.ar\/colegio\/wp-json\/wp\/v2\/types\/page"}],"author":[{"embeddable":true,"href":"https:\/\/www.casf.org.ar\/colegio\/wp-json\/wp\/v2\/users\/2"}],"replies":[{"embeddable":true,"href":"https:\/\/www.casf.org.ar\/colegio\/wp-json\/wp\/v2\/comments?post=959"}],"version-history":[{"count":24,"href":"https:\/\/www.casf.org.ar\/colegio\/wp-json\/wp\/v2\/pages\/959\/revisions"}],"predecessor-version":[{"id":14802,"href":"https:\/\/www.casf.org.ar\/colegio\/wp-json\/wp\/v2\/pages\/959\/revisions\/14802"}],"wp:attachment":[{"href":"https:\/\/www.casf.org.ar\/colegio\/wp-json\/wp\/v2\/media?parent=959"}],"curies":[{"name":"wp","href":"https:\/\/api.w.org\/{rel}","templated":true}]}}