{"id":363,"date":"2020-10-20T13:28:15","date_gmt":"2020-10-20T13:28:15","guid":{"rendered":"http:\/\/c1990348.ferozo.com\/?page_id=363"},"modified":"2025-08-29T07:15:32","modified_gmt":"2025-08-29T10:15:32","slug":"biblioteca","status":"publish","type":"page","link":"https:\/\/www.casf.org.ar\/colegio\/biblioteca\/","title":{"rendered":"Biblioteca"},"content":{"rendered":"\t<section class=\"section\" id=\"section_1738800097\">\n\t\t<div class=\"bg section-bg fill bg-fill  bg-loaded\" >\n\n\t\t\t\n\t\t\t\n\t\t\t\n\n\t\t<\/div>\n\n\t\t<div class=\"section-content relative\">\n\t\t\t\n<div class=\"container section-title-container\" ><h3 class=\"section-title section-title-center\"><b><\/b><span class=\"section-title-main\" >Biblioteca<\/span><b><\/b><\/h3><\/div>\n<div class=\"row align-center\"  id=\"row-510785191\">\n\n\t<div id=\"col-415841075\" class=\"col medium-10 small-12 large-10\"  >\n\t\t\t\t<div class=\"col-inner\"  >\n\t\t\t\n\t\t\t\n<div class=\"video video-fit mb\" style=\"padding-top:50%;\"><p><div class=\"ose-youtube ose-uid-c48dcd50a2637847e1d1a48441b44048 ose-embedpress-responsive\" style=\"width:600px; height:550px; max-height:550px; max-width:100%; display:inline-block;\" data-embed-type=\"Youtube\"><iframe allowFullScreen=\"true\" title=\"Video CASF institucional\" width=\"600\" height=\"550\" src=\"https:\/\/www.youtube.com\/embed\/aV9toUza9KA?feature=oembed&color=red&rel=0&controls=1&start=&end=&fs=0&iv_load_policy=0&autoplay=0&mute=0&modestbranding=0&cc_load_policy=1&playsinline=1\" frameborder=\"0\" allow=\"accelerometer; encrypted-media;accelerometer;autoplay;clipboard-write;gyroscope;picture-in-picture clipboard-write; encrypted-media; gyroscope; picture-in-picture; web-share\" referrerpolicy=\"strict-origin-when-cross-origin\" allowfullscreen><\/iframe><\/div><\/p>\n<\/div>\n\t\t<\/div>\n\t\t\t\t\t<\/div>\n\n\t\n<\/div>\n\n\t\t<div class=\"tabbed-content\">\n\t\t\t\n\t\t\t<ul class=\"nav nav-line nav-vertical nav-uppercase nav-size-xlarge nav-left\"><li class=\"tab active has-icon\"><a href=\"#tab_biblioteca-''eduardo-couture''\"><span>Biblioteca ''Eduardo Couture''<\/span><\/a><\/li>\n<li class=\"tab has-icon\"><a href=\"#tab_reglamento-de-la-biblioteca\"><span>Reglamento de la Biblioteca<\/span><\/a><\/li>\n<li class=\"tab has-icon\"><a href=\"#tab_servicios-que-brinda-la-biblioteca-del-casf\"><span>Servicios que brinda la Biblioteca del CASF<\/span><\/a><\/li>\n<li class=\"tab has-icon\"><a href=\"#tab_solicitud-de-jurisprudencia\"><span>Solicitud de Jurisprudencia<\/span><\/a><\/li>\n<li class=\"tab has-icon\"><a href=\"#tab_biblioteca---archivos-hist\u00f3ricos-carlos-santiago-fayt\"><span>Biblioteca - Archivos Hist\u00f3ricos Carlos Santiago Fayt<\/span><\/a><\/li>\n<li class=\"tab has-icon\"><a href=\"#tab_\u00daltimas-adquisiciones\"><span>\u00daltimas adquisiciones<\/span><\/a><\/li>\n<li class=\"tab has-icon\"><a href=\"#tab_biblioteca-virtual-de-g\u00e9nero\"><span>Biblioteca Virtual de g\u00e9nero<\/span><\/a><\/li>\n<li class=\"tab has-icon\"><a href=\"#tab_revista-de-doctrina-casf-2021\"><span>Revista de Doctrina CASF 2021<\/span><\/a><\/li>\n<li class=\"tab has-icon\"><a href=\"#tab_bolet\u00edn-de-doctrina-casf-2022\"><span>Bolet\u00edn de Doctrina CASF 2022<\/span><\/a><\/li>\n<li class=\"tab has-icon\"><a href=\"#tab_bolet\u00edn-de-doctrina-casf-2023\"><span>Bolet\u00edn de Doctrina CASF 2023<\/span><\/a><\/li>\n<li class=\"tab has-icon\"><a href=\"#tab_bolet\u00edn-de-doctrina-digital-2024\"><span>Bolet\u00edn de Doctrina Digital 2024<\/span><\/a><\/li>\n<li class=\"tab has-icon\"><a href=\"#tab_bolet\u00edn-de-doctrina-digital-2025\"><span>Bolet\u00edn de Doctrina Digital 2025<\/span><\/a><\/li><\/ul><div class=\"tab-panels\"><div class=\"panel active entry-content\" id=\"tab_biblioteca-''eduardo-couture''\">\n<p><strong>Lugar<\/strong>: Colegio de Abogados de Santa Fe \u2013 3 de Febrero 2761 2do piso.<br \/>\n<strong>Contacto<\/strong>: 0342 \u2013 4592700 int. 119 \u2013 biblioteca@casf.org.ar<br \/>\n<strong>Horario<\/strong>: de lunes a viernes de 8 a 12 hs y de 16 a 20 hs.<\/p>\n<p>La biblioteca est\u00e1 abierta a todo p\u00fablico para consultas y los profesionales matriculados del Colegio pueden adem\u00e1s solicitar pr\u00e9stamos de ejemplares.<\/p>\n<\/div>\n<div class=\"panel entry-content\" id=\"tab_reglamento-de-la-biblioteca\">\n<div class=\"row align-center\"  id=\"row-910211865\">\n\n\t<div id=\"col-1417684102\" class=\"col medium-11 small-12 large-11\"  >\n\t\t\t\t<div class=\"col-inner\"  >\n\t\t\t\n\t\t\t\n<p align=\"justify\"><b>REGLAMENTO GENERAL DE LA BIBLIOTECA \u201cEDUARDO COUTURE\u201d.<\/b><\/p>\n<p align=\"justify\"><i>Art\u00edculo 1.\u00a0<\/i>Definici\u00f3n.<\/p>\n<p align=\"justify\">La Biblioteca\u00a0<i>\u201cEduardo Couture\u201d<\/i>\u00a0se encuentra emplazada en el 2do piso del edificio del Colegio de Abogados de Primera Circunscripci\u00f3n de Santa Fe, situado en la calle 3 de febrero 2761 de la Ciudad de Santa Fe de la Vera Cruz. Es un centro especializado en documentaci\u00f3n jur\u00eddica, puesto al servicio de las colegiadas y colegiados del CASF.<\/p>\n<p align=\"justify\">Cuenta, tambi\u00e9n, con la\u00a0<i>\u201cBiblioteca- Archivos hist\u00f3ricos Dr. Carlos Santiago Fayt\u201d,\u00a0<\/i>un sector especial dentro de la biblioteca que constituye un legado importante a la sociedad. del ex Ministro Decano de la Corte Suprema de Justicia de la Naci\u00f3n. Esta fue declarada de inter\u00e9s provincial y municipal por la C\u00e1mara de Diputados de la Provincia de Santa Fe y por el Honorable Concejo Municipal de la Ciudad de Santa Fe.<\/p>\n<p align=\"justify\">Todo el material disponible se encuentra disponible para consulta p\u00fablica con sistema de estanter\u00edas abiertas.<\/p>\n<p align=\"justify\"><i>Art\u00edculo 2.\u00a0<\/i>Misi\u00f3n<\/p>\n<p align=\"justify\">Facilitar el acceso a la informaci\u00f3n en sus diversos formatos y promover el uso de los servicios que brinda la biblioteca.<\/p>\n<p align=\"justify\"><i>Art\u00edculo 3.\u00a0<\/i>Visi\u00f3n<\/p>\n<p align=\"justify\">Ser una biblioteca que satisfaga las necesidades de informaci\u00f3n, brinde servicios en forma constante y actualizada, para las matriculadas y matriculados de la Instituci\u00f3n .<\/p>\n<p align=\"justify\"><i>Art\u00edculo 4.\u00a0<\/i>Colecciones.<\/p>\n<p align=\"justify\">La biblioteca cuenta con bibliograf\u00eda jur\u00eddica especializada en constante crecimiento conformada por libros en formato papel o digital, publicaciones peri\u00f3dicas y acceso a bases de datos referenciales.<\/p>\n<ol type=\"A\">\n<li>\n<p align=\"justify\">Los recursos de informaci\u00f3n se adquieren por compra, canje o donaci\u00f3n.<\/p>\n<\/li>\n<li>\n<p align=\"justify\">La adquisici\u00f3n de materiales se realizar\u00e1 en base a las peticiones y sugerencias de los institutos, comisiones y profesionales, en un todo de acuerdo al presupuesto resuelto por el Directorio del Colegio.<\/p>\n<\/li>\n<\/ol>\n<p align=\"justify\">DE LOS USUARIOS<\/p>\n<p align=\"justify\"><i>Art\u00edculo 5.\u00a0<\/i>Usuarios.<\/p>\n<ol type=\"A\">\n<li>\n<p align=\"justify\">Generales: Ciudadanas y ciudadanos que accedan a la\u00a0<i>\u201cBiblioteca- Archivos hist\u00f3ricos Dr. Carlos Santiago Fayt\u201d\u00a0<\/i>\u00fanicamente. Debiendo anunciarse previamente para la consulta de la misma en las instalaciones de la biblioteca.<\/p>\n<\/li>\n<li>\n<p align=\"justify\">Colegiado: Matriculadas y matriculados del Colegio de Abogados de la Primera Circunscripci\u00f3n de Santa Fe que deber\u00e1n acreditarse con su n\u00famero de matr\u00edcula vigente y su cuota al d\u00eda para gozar de todos los servicios de la biblioteca. En caso de mora, no podr\u00e1 solicitar un nuevo pr\u00e9stamo a domicilio. La condici\u00f3n de usuarias y usuarios de la Biblioteca, implica el conocimiento y aceptaci\u00f3n de todos los t\u00e9rminos y condiciones del presente Reglamento.<\/p>\n<\/li>\n<\/ol>\n<p align=\"justify\">DE LOS SERVICIOS.<\/p>\n<p align=\"justify\"><i>Art\u00edculo 6.<\/i>\u00a0La biblioteca cuenta con los siguientes servicios especiales:<\/p>\n<ol type=\"A\">\n<li>\n<p align=\"justify\">Biblioteca- Archivos hist\u00f3ricos Dr. Carlos Santiago Fayt. El acceso de la ciudadan\u00eda a dicho servicio debe ser anunciado previamente para mejor organizaci\u00f3n en los canales de contacto de la biblioteca.<\/p>\n<\/li>\n<li>\n<p align=\"justify\">Acceso in situ a bases de datos generales y especializadas: La consulta al sistema inform\u00e1tico lo efectuar\u00e1 el personal destacado para ello.<\/p>\n<\/li>\n<li>\n<p align=\"justify\">Formulario de solicitud de informaci\u00f3n en la p\u00e1gina web del Colegio de Abogados de Santa Fe.<\/p>\n<\/li>\n<li>\n<p align=\"justify\">Acceso al cat\u00e1logo on line desde la p\u00e1gina web del Colegio de Abogados de Santa Fe.<\/p>\n<\/li>\n<li>\n<p align=\"justify\">Pr\u00e9stamo a domicilio: Para hacer uso de tales servicios ser\u00e1 necesario presentar la credencial personal e intransferible de abogado o abogada. Para ello se tendr\u00e1 por notificada o notificado el plazo para su devoluci\u00f3n y se constituir\u00e1 en depositaria o depositario de la obra dada en pr\u00e9stamo, asumiendo las obligaciones y responsabilidades que se indican en el presente reglamento.<\/p>\n<\/li>\n<\/ol>\n<p align=\"justify\">I) Quedan excluidas del pr\u00e9stamo a domicilio: Las piezas bibliogr\u00e1ficas agotadas; las obras de colecci\u00f3n; los c\u00f3digos; los ejemplares o vol\u00famenes de publicaciones peri\u00f3dicas; Audiovisuales o soportes inform\u00e1ticos; libros de modelos y Biblioteca- Archivos hist\u00f3ricos Dr. Carlos Santiago Fayt. En la tapa de dichas obras consta la pertinente restricci\u00f3n.<\/p>\n<p align=\"justify\">II) El plazo ser\u00e1 de hasta cinco (5) d\u00edas h\u00e1biles con derecho a pr\u00f3rroga por igual plazo si esta es de consulta no frecuente, siempre que no haya pendiente otro pedido de pr\u00e9stamo sobre la obra referida.<\/p>\n<p align=\"justify\">III)El plazo ser\u00e1 de tres (3) d\u00edas h\u00e1biles, sin derecho a pr\u00f3rroga, cuando la pieza bibliogr\u00e1fica sea de consulta frecuente.<\/p>\n<p align=\"justify\">IV) Se podr\u00e1n retirar en pr\u00e9stamo hasta un m\u00e1ximo de 3 libros.<\/p>\n<p align=\"justify\">V) Cuando el material solicitado se encuentre en pr\u00e9stamo se podr\u00e1 reservar para cuando se produzca su devoluci\u00f3n. Si hubiera m\u00e1s de una reserva el orden lo determinar\u00e1 el tiempo de la solicitud. Quien reserve tendr\u00e1 48hs h\u00e1biles para retirar su reserva.<\/p>\n<p align=\"justify\">F) Servicio de fotocopiadora: Se podr\u00e1n realizar hasta quince (15) impresiones por usuario que deber\u00e1n ser abonadas en tesorer\u00eda del Casf.<\/p>\n<p align=\"justify\"><i>Art\u00edculo 7.<\/i>\u00a0La biblioteca cuenta con los siguientes servicios generales:<\/p>\n<ol type=\"A\">\n<li>\n<p align=\"justify\">Consulta en sala de lectura.<\/p>\n<\/li>\n<li>\n<p align=\"justify\">Asesoramiento bibliogr\u00e1fico por personal bibliotecario.<\/p>\n<\/li>\n<li>\n<p align=\"justify\">Acceso a red Wi -fi en sala.<\/p>\n<\/li>\n<li>\n<p align=\"justify\">Formaci\u00f3n de matriculadas y matriculados para satisfacer necesidades de informaci\u00f3n.<\/p>\n<\/li>\n<li>\n<p align=\"justify\">Libro de sugerencias: Los colegiados y las colegiadas podr\u00e1n participar en el mejoramiento de los servicios de biblioteca, mediante sugerencias, reclamos y\/o recomendaciones.<\/p>\n<\/li>\n<\/ol>\n<p align=\"justify\">DE OBLIGACIONES Y SANCIONES.<\/p>\n<p align=\"justify\"><i>Art\u00edculo 9.<\/i>\u00a0Ser\u00e1 obligaci\u00f3n de las abogadas y los abogados:<\/p>\n<ol type=\"a\">\n<li>\n<p align=\"justify\">Presentar la documentaci\u00f3n pertinente para gozar de los servicios de biblioteca.<\/p>\n<\/li>\n<li>\n<p align=\"justify\">Cuidar las obras y todo el material bibliogr\u00e1fico y documental al que se tenga acceso, evitando su mutilaci\u00f3n o deterioro.<\/p>\n<\/li>\n<li>\n<p align=\"justify\">Queda terminantemente prohibido escribir, subrayar, se\u00f1alar p\u00e1rrafos, hacer anotaciones marginales;<\/p>\n<\/li>\n<li>\n<p align=\"justify\">Devolver la obra en el plazo por el que se formaliz\u00f3 el pr\u00e9stamo;<\/p>\n<\/li>\n<li>\n<p align=\"justify\">Guardar la debida compostura en las instalaciones de la biblioteca, evitando que sus conductas puedan perturbar el ambiente de estudio;<\/p>\n<\/li>\n<li>\n<p align=\"justify\">Cuidar el mobiliario y dem\u00e1s instalaciones de la biblioteca;<\/p>\n<\/li>\n<li>\n<p align=\"justify\">Solicitar \u00fanicamente al personal de la biblioteca el material requerido;<\/p>\n<\/li>\n<li>\n<p align=\"justify\">Cumplir las normas de funcionamiento de la biblioteca.<\/p>\n<\/li>\n<\/ol>\n<p align=\"justify\"><i>Art\u00edculo 10.<\/i>\u00a0Las matriculadas y los matriculados ser\u00e1n pasibles de las siguientes sanciones:<\/p>\n<ol type=\"a\">\n<li>\n<p align=\"justify\">En caso de extrav\u00edo, deber\u00e1 reponer el material tomando a su cargo los gastos que demanden la adquisici\u00f3n de una obra id\u00e9ntica o, en su defecto, otra del mismo tema y de autor reconocido, a propuesta de la Biblioteca. Asimismo, ser\u00e1 pasible de suspensi\u00f3n para nuevos retiros de hasta treinta (30) d\u00edas y se aplicar\u00e1 una multa diaria equivalente a 0.05 jus vigente al momento de su aplicaci\u00f3n por cada d\u00eda corrido de demora en la reposici\u00f3n de la obra extraviada.<\/p>\n<\/li>\n<li>\n<p align=\"justify\">En caso de mutilaci\u00f3n o deterioro de la obra, sea durante la lectura en sala o el pr\u00e9stamo en domicilio, deber\u00e1 abonar la suma a que asciendan los gastos para su reparaci\u00f3n o reposici\u00f3n; y se aplicar\u00e1 una multa diaria equivalente a 0.05 jus vigente al momento de su aplicaci\u00f3n, por cada d\u00eda corrido de demora en la reparaci\u00f3n o reposici\u00f3n de la obra.<\/p>\n<\/li>\n<li>\n<p align=\"justify\">Para todo tipo de da\u00f1o el \/la personal de Biblioteca proceder\u00e1 a labrar un acta donde se har\u00e1 constar el da\u00f1o producido y datos personales del usuario que lo produjo. El acta ser\u00e1 firmada por el \/ la personal de biblioteca y por al autor del da\u00f1o; si el mismo se negara a firmar el acta, ser\u00e1 suscripta, en su caso por dos testigos.<\/p>\n<\/li>\n<li>\n<p align=\"justify\">En caso de mora en la devoluci\u00f3n de la obra, quedar\u00e1 autom\u00e1ticamente suspendido para la utilizaci\u00f3n de los servicios que brinda la biblioteca e inform\u00e1tica hasta la fecha de devoluci\u00f3n de la obra y se aplicar\u00e1 una multa diaria equivalente a 0.05 jus vigente al momento de su aplicaci\u00f3n, por cada d\u00eda corrido de demora en la devoluci\u00f3n de la obra.- La mora es autom\u00e1tica, y se produce por el s\u00f3lo vencimiento del plazo del pr\u00e9stamo.<\/p>\n<\/li>\n<li>\n<p align=\"justify\">El importe que se recaude en concepto de la multa prevista ut-supra, ser\u00e1 destinado para la adquisici\u00f3n de nuevas obras.<\/p>\n<\/li>\n<li>\n<p align=\"justify\">Los\/as usuarios\/as que retire de la biblioteca material bibliogr\u00e1fico, sin autorizaci\u00f3n ser\u00e1 denunciado penalmente.<\/p>\n<\/li>\n<\/ol>\n<p align=\"justify\"><i>Art\u00edculo 11.<\/i>\u00a0El presente reglamento entrar\u00e1 en vigencia y ser\u00e1 de cumplimiento obligatorio a partir de su publicaci\u00f3n en los medios utilizados por el Colegio de Abogados.<\/p>\n\t\t<\/div>\n\t\t\t\t\t<\/div>\n\n\t\n<\/div>\n<\/div>\n<div class=\"panel entry-content\" id=\"tab_servicios-que-brinda-la-biblioteca-del-casf\">\n<div class=\"row align-center\"  id=\"row-322318235\">\n\n\t<div id=\"col-1889597849\" class=\"col medium-11 small-12 large-11\"  >\n\t\t\t\t<div class=\"col-inner\"  >\n\t\t\t\n\t\t\t\n<p><strong><u>B\u00fasqueda de Doctrina, Legislaci\u00f3n y Jurisprudencia<\/u><\/strong>: a trav\u00e9s de nuestro portal web:\u00a0<a href=\"https:\/\/www.casf.org.ar\/colegio\/biblioteca\/\">B\u00fasqueda de Doctrina, Legislaci\u00f3n y Jurisprudencia<\/a><\/p>\n<p><strong>Lectura en sala:<\/strong>\u00a0el que tendr\u00e1n acceso todo el p\u00fablico en general.<\/p>\n<p><strong>Pr\u00e9stamo de libros a domicilio:<\/strong>\u00a0exclusivo para abogados matriculados. El pr\u00e9stamo es por un plazo de tres (3) d\u00edas h\u00e1biles con posibilidad de pr\u00f3rroga por tres (3) d\u00edas m\u00e1s. El pr\u00e9stamo a domicilio permitir\u00e1 al colegiado disponer de la obra requerida fuera del \u00e1mbito de la biblioteca con la responsabilidad de su reintegro en los plazos estipulados y las condiciones que fija el reglamento de la Biblioteca. Quedan exclu\u00eddas del pr\u00e9stamo a domicilio:<\/p>\n<ul>\n<li>Las obras de colecci\u00f3n.<\/li>\n<li>Los C\u00f3digos en general.<\/li>\n<li>Los ejemplares de publicaciones per\u00edodicas.<\/li>\n<li>Los libros de modelos.<\/li>\n<\/ul>\n<p><strong>B\u00fasqueda de edictos requeridos:<\/strong>\u00a0Bolet\u00edn Oficial de la Provincia de Santa Fe.<\/p>\n<p><strong><u>Consulta al sistema inform\u00e1tico:<\/u><\/strong>\u00a0Computadora habilitada con acceso directo a todas las publicaciones de Thomson Reuters (La Ley \u2013 Abeledo Perrot), Zeus online, Rubinzal online, Microjuris. Los archivos consultados podr\u00e1n ser enviados por mail o fotocopiar, y se abonar\u00e1 en este caso el costo del soporte utilizado para la fotocopia.<\/p>\n<p><strong><u>Soporte de software legal:<\/u><\/strong><\/p>\n<p><u>Informaci\u00f3n Legal (Thomson Reuters \u2013\u00a0 La Ley):<\/u><\/p>\n<p>Detalle:<\/p>\n<ol>\n<li><strong>Servicio de B\u00fasqueda \u201cFull<\/strong>\u201d doctrina, legislaci\u00f3n y jurisprudencia.<\/li>\n<li><strong>Publicaciones:<\/strong><\/li>\n<\/ol>\n<p>\u2013\u00a0 Revista de Derecho Ambiental.<br \/>\n\u2013\u00a0 Revista de Derecho Administrativo.<br \/>\n\u2013\u00a0 Revista de Derecho de Familia.<br \/>\n\u2013\u00a0 Revista de Derecho Penal y Procesal Penal.<br \/>\n\u2013\u00a0 Revista de Derecho Comercial y de las Obligaciones.<br \/>\n\u2013\u00a0 Revista de Derecho Laboral y Seguridad Social.<br \/>\n\u2013\u00a0 Revista Jurisprudencia Argentina.<br \/>\n\u2013\u00a0 Suplemento Penal y Procesal Penal.<br \/>\n\u2013\u00a0 Suplemento Constitucional.<br \/>\n\u2013\u00a0 Suplemento Ambiental.<br \/>\n\u2013\u00a0 Suplemento Administrativo.<br \/>\n\u2013\u00a0 La Ley Patagonia.<br \/>\n\u2013\u00a0 La Ley Noroeste.<br \/>\n\u2013\u00a0 La Ley Litoral.<br \/>\n\u2013\u00a0 La Ley Gran Cuyo.<br \/>\n\u2013\u00a0 La Ley C\u00f3rdoba.<br \/>\n\u2013\u00a0 La Ley Ciudad Aut\u00f3noma de Buenos Aires.<br \/>\n\u2013\u00a0 La Ley Buenos Aires.<br \/>\n\u2013 Revista de Derecho Penal y Criminolog\u00eda.<br \/>\n\u2013\u00a0 Derecho de Familia y de las Personas.<br \/>\n\u2013\u00a0 Derecho del Trabajo.<br \/>\n\u2013\u00a0 Revista C\u00f3digo Civil y Comercial.<br \/>\n\u2013 Diario La Ley.<\/p>\n<p><u>Zeus online:<\/u><\/p>\n<p><strong>\u2013\u00a0\u00a0<\/strong>Buscador Doctrina, Legislaci\u00f3n y Jurisprudencia.<br \/>\n<strong>\u2013\u00a0<\/strong>Temas de la semana.<br \/>\n\u2013\u00a0 Trabajos Doctrinarios.<br \/>\n<strong>\u2013\u00a0\u00a0<\/strong>Novedades CSJ de la Naci\u00f3n.<br \/>\n<strong>\u2013\u00a0\u00a0<\/strong>Novedades CSJ Santa Fe.<br \/>\n\u2013\u00a0 Revista Zeus.<\/p>\n<p><u>Rubinzal Online:<\/u><\/p>\n<ul>\n<li>Doctrina online, jurisprudencia, legislaci\u00f3n.<\/li>\n<li>\u00a0Videoteca (cursos de capacitaci\u00f3n).<\/li>\n<li>Publicaciones:<\/li>\n<\/ul>\n<p>-Revista Derecho Privado y Comunitario.<br \/>\n-Derecho de Da\u00f1os.<br \/>\n-Derecho Procesal.<br \/>\n-Derecho Laboral.<br \/>\n-Derecho Laboral Actualidad.<br \/>\n-Rubinzal online (Actualidad de inter\u00e9s).<br \/>\n-Indemnizaciones Laborales.<\/p>\n\t\t<\/div>\n\t\t\t\t\t<\/div>\n\n\t\n<\/div>\n<\/div>\n<div class=\"panel entry-content\" id=\"tab_solicitud-de-jurisprudencia\">\n\n<div class=\"wpcf7 no-js\" id=\"wpcf7-f1833-o1\" lang=\"es-ES\" dir=\"ltr\">\n<div class=\"screen-reader-response\"><p role=\"status\" aria-live=\"polite\" aria-atomic=\"true\"><\/p> <ul><\/ul><\/div>\n<form action=\"\/colegio\/wp-json\/wp\/v2\/pages\/363#wpcf7-f1833-o1\" method=\"post\" class=\"wpcf7-form init\" aria-label=\"Formulario de contacto\" novalidate=\"novalidate\" data-status=\"init\">\n<div style=\"display: none;\">\n<input type=\"hidden\" name=\"_wpcf7\" value=\"1833\" \/>\n<input type=\"hidden\" name=\"_wpcf7_version\" value=\"5.7.7\" \/>\n<input type=\"hidden\" name=\"_wpcf7_locale\" value=\"es_ES\" \/>\n<input type=\"hidden\" name=\"_wpcf7_unit_tag\" value=\"wpcf7-f1833-o1\" \/>\n<input type=\"hidden\" name=\"_wpcf7_container_post\" value=\"0\" \/>\n<input type=\"hidden\" name=\"_wpcf7_posted_data_hash\" value=\"\" \/>\n<input type=\"hidden\" name=\"_wpcf7_recaptcha_response\" value=\"\" \/>\n<\/div>\n<p><span class=\"wpcf7-form-control-wrap\" data-name=\"Nombreyapellido\"><input size=\"40\" class=\"wpcf7-form-control wpcf7-text wpcf7-validates-as-required\" aria-required=\"true\" aria-invalid=\"false\" placeholder=\"Nombre y Apellido\" value=\"\" type=\"text\" name=\"Nombreyapellido\" \/><\/span>\n<\/p>\n<p><span class=\"wpcf7-form-control-wrap\" data-name=\"Matricula\"><input size=\"40\" class=\"wpcf7-form-control wpcf7-text wpcf7-validates-as-required\" aria-required=\"true\" aria-invalid=\"false\" placeholder=\"Matricula\" value=\"\" type=\"text\" name=\"Matricula\" \/><\/span>\n<\/p>\n<p><span class=\"wpcf7-form-control-wrap\" data-name=\"telefono\"><input size=\"40\" class=\"wpcf7-form-control wpcf7-text wpcf7-tel wpcf7-validates-as-required wpcf7-validates-as-tel\" aria-required=\"true\" aria-invalid=\"false\" placeholder=\"Tel\u00e9fono\" value=\"\" type=\"tel\" name=\"telefono\" \/><\/span>\n<\/p>\n<p><span class=\"wpcf7-form-control-wrap\" data-name=\"email\"><input size=\"40\" class=\"wpcf7-form-control wpcf7-text wpcf7-email wpcf7-validates-as-required wpcf7-validates-as-email\" aria-required=\"true\" aria-invalid=\"false\" placeholder=\"Email\" value=\"\" type=\"email\" name=\"email\" \/><\/span>\n<\/p>\n<p><span class=\"wpcf7-form-control-wrap\" data-name=\"Pedido\"><textarea cols=\"40\" rows=\"10\" class=\"wpcf7-form-control wpcf7-textarea wpcf7-validates-as-required\" aria-required=\"true\" aria-invalid=\"false\" placeholder=\"Tu pedido\" name=\"Pedido\"><\/textarea><\/span>\n<\/p>\n<p><input class=\"wpcf7-form-control has-spinner wpcf7-submit\" type=\"submit\" value=\"Enviar\" \/>\n<\/p><div class=\"wpcf7-response-output\" aria-hidden=\"true\"><\/div>\n<\/form>\n<\/div>\n\n<\/div>\n<div class=\"panel entry-content\" id=\"tab_biblioteca---archivos-hist\u00f3ricos-carlos-santiago-fayt\">\n<div class=\"row align-center\"  id=\"row-1036825105\">\n\n\t<div id=\"col-1842300395\" class=\"col medium-11 small-12 large-11\"  >\n\t\t\t\t<div class=\"col-inner text-center\"  >\n\t\t\t\n\t\t\t\n\t<div class=\"img has-hover x md-x lg-x y md-y lg-y\" id=\"image_1800815394\">\n\t\t<a class=\"image-lightbox lightbox-gallery\" title=\"\" href=\"https:\/\/www.casf.org.ar\/colegio\/wp-content\/uploads\/2020\/12\/Foto_sector_Fayt_web.jpg\">\t\t\t\t<div data-animate=\"fadeInLeft\">\t\t<div class=\"img-inner dark\" >\n\t\t\t<img width=\"750\" height=\"750\" src=\"https:\/\/www.casf.org.ar\/colegio\/wp-content\/uploads\/2020\/12\/Foto_sector_Fayt_web.jpg\" class=\"attachment-original size-original\" alt=\"\" decoding=\"async\" loading=\"lazy\" srcset=\"https:\/\/www.casf.org.ar\/colegio\/wp-content\/uploads\/2020\/12\/Foto_sector_Fayt_web.jpg 750w, https:\/\/www.casf.org.ar\/colegio\/wp-content\/uploads\/2020\/12\/Foto_sector_Fayt_web-400x400.jpg 400w, https:\/\/www.casf.org.ar\/colegio\/wp-content\/uploads\/2020\/12\/Foto_sector_Fayt_web-280x280.jpg 280w, https:\/\/www.casf.org.ar\/colegio\/wp-content\/uploads\/2020\/12\/Foto_sector_Fayt_web-300x300.jpg 300w, https:\/\/www.casf.org.ar\/colegio\/wp-content\/uploads\/2020\/12\/Foto_sector_Fayt_web-600x600.jpg 600w, https:\/\/www.casf.org.ar\/colegio\/wp-content\/uploads\/2020\/12\/Foto_sector_Fayt_web-100x100.jpg 100w\" sizes=\"(max-width: 750px) 100vw, 750px\" \/>\t\t\t\t\t\t\n\t\t\t\t\t<\/div>\n\t\t<\/div>\t\t\t\t<\/a>\t\t\n<style>\n#image_1800815394 {\n  width: 30%;\n}\n<\/style>\n\t<\/div>\n\t\n<p><i>El<b>\u00a03 de Marzo de 2016,\u00a0<\/b><\/i><i>acto de<\/i>\u00a0Inauguraci\u00f3n de la\u00a0<i>\u201c<\/i><i><b>Biblioteca- Archivos hist\u00f3ricos Dr. Carlos Santiago Fayt<\/b><\/i><i>\u201d,\u00a0<\/i>un sector especial dentro de nuestra instituci\u00f3n que se constituye en un legado de tan importante personalidad jur\u00eddica en d\u00f3nde se puede acceder al valioso material bibliogr\u00e1fico donado por el ex Ministro Decano de la Corte Suprema de Justicia de la Naci\u00f3n.<\/p>\n<p><i>La C\u00e1mara de Diputados de la Provincia de Santa Fe\u00a0<\/i>declar\u00f3 de\u00a0<i><b>inter\u00e9s\u00a0<\/b><\/i>la secci\u00f3n que ocupa la Biblioteca personal del\u00a0<i>\u201cDr. Carlos Fayt\u201d<\/i>, en id\u00e9ntico sentido, el Honorable Concejo Municipal de Santa Fe aprob\u00f3 una declaraci\u00f3n de inter\u00e9s que lleva la firma de la Concejala Marcela Aeberhard, fundado en el valioso acervo que hoy est\u00e1 abierto a las consultas de la ciudadan\u00eda.<\/p>\n<p>Podr\u00e1 ser visitada en el segundo piso del Colegio de Abogados, sito en calle 3 de Febrero 2761, de lunes a viernes de 8 a 12 hs y de 16 a 20 hs.<\/p>\n\t\t<\/div>\n\t\t\t\t\t<\/div>\n\n\t\n<\/div>\n<\/div>\n<div class=\"panel entry-content\" id=\"tab_\u00daltimas-adquisiciones\">\n<div class=\"row\"  id=\"row-403486881\">\n\n\t<div id=\"col-335828139\" class=\"col small-12 large-12\"  >\n\t\t\t\t<div class=\"col-inner\"  >\n\t\t\t\n\t\t\t\t\t<\/div>\n\t\t\t\t\t<\/div>\n\n\t\n<p>Estas son las \u00faltimas adquisiciones:<\/p>\n<div class=\"accordion-item\"><a href=\"#\" class=\"accordion-title plain\"><button class=\"toggle\"><i class=\"icon-angle-down\"><\/i><\/button><span><strong>2017<\/strong><\/span><\/a><div class=\"accordion-inner\">\n<p style=\"text-align: center;\"><strong>A\u00f1o 2017<\/strong><\/p>\n<p>*\u00a0<strong><u>PROCESOS DE FAMILIA EN LA PROVINCIA DE SANTA FE<\/u><\/strong>\u00a0(A la luz del C\u00f3digo Civil y Comercial):\u00a0Autor: David Alberto Lisandrello. De la Colecci\u00f3n Procesos Santafecinos-Director: Alejandro Andino<\/p>\n<p>*\u00a0<strong><u>REGIMEN JURIDICO DEL CONSUMIDOR<\/u><\/strong>\u00a0(comentado):\u00a0Autor: Wajnntraub M Javier \u2013 Editorial Rubinzal Culzoni<\/p>\n<p>*\u00a0<strong><u>REFORMAS AL R\u00c9GIMEN DE RIESGOS DEL TRABAJO<\/u><\/strong>:\u00a0An\u00e1lisis de la ley 27.348 y disposiciones reglamentarias &#8211; Editorial Hammurabi<\/p>\n<p>*\u00a0<strong><u>SERIE DERECHO MEDICO 1- HISTORIA CL\u00cdNICA<\/u><\/strong>:\u00a0Autor: CarlosGhersi \u2013 Celia Weingarten \u2013 A\u00f1o 2017 \u2013 Editorial Nova Tesis<\/p>\n<p>*\u00a0<strong><u>SOCIEDADES DE FAMILIA<\/u><\/strong>:\u00a0Autor: Perazzo \u2013 A\u00f1o 2017 \u2013 Editorial Nova Tesis.-<\/p>\n<p>*\u00a0<strong><u>PROCEDIMIENTO ADMINISTRATIVO DE LA PROVINCIA DE SANTA FE<\/u><\/strong>:\u00a0An\u00e1lisis exeg\u00e9tico del Nuevo Decreto 4174\/2015. Autor: Thomas- A\u00f1o 2017 \u2013 Editorial Nova Tesis<\/p>\n<p>*\u00a0<strong><u>TRATADO DE DERECHO CIVIL Y COMERCIAL<\/u><\/strong>:\u00a0Autores: Andr\u00e9s Sanchez Herrero &#8211; Pedro Sanchez Herrero (8 Tomos) Parte general. Obligaciones. Responsabilidad Civil. Contratos (Parte General). Contratos (Parte Especial). Derechos Reales. Familia. Sucesiones. Edici\u00f3n 2016.Editorial La Ley.<\/p>\n<p>*\u00a0<strong><u>DOCTRINA Y ESTRATEGIA DEL CODIGO CIVIL Y COMERCIAL<\/u><\/strong>:\u00a0Director: Carlos Calvo Costa. 6 Tomos. Edici\u00f3n Nro: 1 Fecha de Impresi\u00f3n: Mayo 2016 \u2013 Editorial La Ley.<\/p>\n<p>*\u00a0<strong><u>RESPONSABILIDAD Y DERECHO DE DA\u00d1OS<\/u><\/strong>:\u00a0Autores: Ghersi-Weingarten- Edici\u00f3n Nro: 1 \u2013 Fecha de Impresi\u00f3n: 09\/09\/2016.- Editorial Nova Tesis.<\/p>\n<p>*\u00a0<strong><u>DEFENSA DE LOS DERECHOS DE USUARIOS DE SERVICIOS \u2013 LEY 26361<\/u><\/strong>:\u00a0Autor: Ghersi-Weingarten- Edici\u00f3n Nro: 1ra. Fecha de Impresi\u00f3n: 10\/11\/2016. Editorial Nova Tesis.<\/p>\n<p>*\u00a0<strong><u>DERECHO DE LAS FAMILIAS<\/u><\/strong>:\u00a0Autores: Adriana Krasnow Iglesias. \u2013 Edici\u00f3n Nro: 1. Fecha de Impresi\u00f3n: Mayo 2016. Editorial Nova Tesis.<\/p>\n<p>*\u00a0<strong><u>EL PROCEDIMIENTO ABREVIADO LABORAL<\/u><\/strong>:\u00a0Autor Sebasti\u00e1n Serrano. Edici\u00f3n Nro: 1 \u2013 Fecha de Impresi\u00f3n: Octubre 2016. Editorial Nova Tesis.<\/p>\n<p>*\u00a0<strong><u>PRESCRIPCI\u00d3N ADQUISITIVA<\/u><\/strong>:\u00a0Autor: Claudio Kiper \u2013 Mariano C. Otero. Edici\u00f3n Nro: 1 revisada. Fecha de Impresi\u00f3n: Febrero 2017. Editorial Rubinzal Culzoni.<\/p>\n<p>*\u00a0<strong><u>C\u00d3DIGOS PROCESAL CIVIL Y COMERCIAL<\/u><\/strong>:\u00a0Fecha de Impresi\u00f3n: Febrero 2017.Editorial Jur\u00eddica Panamericana.<\/p>\n<p>*\u00a0<strong><u>C\u00d3DIGOS PROCESAL PENAL<\/u><\/strong>:\u00a0Fecha de Impresi\u00f3n: Febrero 2017. Editorial Jur\u00eddica Panamericana.<\/p>\n<p>*\u00a0<strong><u>LEY ORGANICA DEL PODER JUDICIAL DE SANTA FE<\/u><\/strong>:\u00a0Texto Ordenado. Fecha de Impresi\u00f3n: 2016. Editorial Jur\u00eddica Panamericana.<\/p>\n<p>* <strong><u>DERECHO ADMINISTRATIVO:<\/u><\/strong>\u00a0Concordado con C\u00f3digo Civil y Comercial, legislaci\u00f3n nacional y legislaciones provinciales en dos tomos. AUTOR: Hern\u00e1n Martinez- A\u00f1o 2017 \u2013 Editorial Nova Tesis.<\/p>\n<\/div><\/div>\n<p>&nbsp;<\/p>\n<div class=\"accordion-item\"><a href=\"#\" class=\"accordion-title plain\"><button class=\"toggle\"><i class=\"icon-angle-down\"><\/i><\/button><span><strong>2018<\/strong><\/span><\/a><div class=\"accordion-inner\">\n<p style=\"text-align: center;\"><strong>A\u00f1o 2018<\/strong><\/p>\n<p style=\"text-align: left;\">*\u00a0<strong><u>TRATADO DE DERECHO DE OBLIGACIONES:<\/u><\/strong>\u00a0Autores: PIZARRO, Ram\u00f3n Daniel- VALLESPINOS, Carlos Gustavo (4 Tomos) Edici\u00f3n 2017. Editorial RubinzalCulzoni.<\/p>\n<p style=\"text-align: left;\">* <strong><u>ESTATUTOS PARTICULARES EN EL DERECHO DEL TRABAJO ARGENTINO:<\/u><\/strong>\u00a0Autores: SAPPIA, Jorge \u2013PECORA, Rosal\u00eda Adriana. Edici\u00f3n 2017 \u2013 Editorial RubinzalCulzoni.<\/p>\n<p style=\"text-align: left;\">* <strong><u>SUMMA AMBIENTAL<\/u><\/strong>:\u00a0Autor: CAFFERATTA,\u00a0 N\u00e9stor A. Edici\u00f3n 2011 (4 Tomos)\u00a0 \u2013 Editorial ABELEDO PERROT<\/p>\n<p style=\"text-align: left;\">* <strong><u>LEY GENERAL DE SOCIEDADES 19550<\/u><\/strong>\u00a0Autor: GRISPO, Jorge Daniel \u2013 Edici\u00f3n 2017- Editorial RUBINZAL CULZONI.<\/p>\n<p style=\"text-align: left;\">* <strong><u>TRATADO DE DERECHO PENAL (PARTE ESPECIAL)<\/u><\/strong>\u00a0Director: Font\u00e1n Balestra Carlos Actualizador: Ledesma Guillermo (4 tomos) Edici\u00f3n: 2013. Editorial: Thomson Reuters La Ley. Arts 76\u00ba a 160\u00ba.<\/p>\n<p style=\"text-align: left;\">* <strong><u>PROCESO PENAL JUVENIL PR\u00c1CTICA Y JURISPRUDENCIA<\/u><\/strong>\u00a0Autor: Terragni Martiniano Edici\u00f3n: 2015. Editorial: Thomson Reuters La Ley<\/p>\n<p style=\"text-align: left;\">* <strong><u>C\u00d3DIGO PROCESAL PENAL DE SANTA FE (POCKET)<\/u><\/strong>\u00a0Edici\u00f3n: 2018 Editorial Jur\u00eddica Panamericana<\/p>\n<p style=\"text-align: left;\">* <strong><u>C\u00d3DIGO PENAL DE LA NACI\u00d3N ARGENTINA COMENTADO (PARTE ESPECIAL)<\/u><\/strong>\u00a0Autor: Tazza Alejandro (3 Tomos) Edici\u00f3n: 2018. Editorial: Rubinzal Culzoni. Arts 79\u00aa a 316\u00ba<\/p>\n<p style=\"text-align: left;\">* <strong><u>C\u00d3DIGO PENAL DE LA NACI\u00d3N ARGENTINA COMENTADO, CONCORDADO, CON JURISPRUDENCIA 5\u00ba EDICI\u00d3N<\/u><\/strong>\u00a0Autor: Aboso Gustavo Eduardo. Edici\u00f3n: 2018. Editorial: B de F Arts 1\u00ba a 316\u00ba.<\/p>\n<p style=\"text-align: left;\">* <strong><u>C\u00d3DIGO ADUANERO LEY 22415<\/u><\/strong>,<strong><u>\u00a0DECRETOS REGLAMENTARIOS<\/u><\/strong>\u00a0Edici\u00f3n Al Cuidado de Marianela Chirinian 2018 Editorial Zaval\u00eda.<\/p>\n<p style=\"text-align: left;\">* <strong><u>C\u00d3DIGO PROCESAL PENAL DE LA PROVINCIA DE SANTA FE COMENTARIOS A LA REFORMA TEXTOS ACTUALIZADOS DE LAS LEYES: 12.734, 13.013, 13.014, 13.018, 13.004, 13.494 Y 13.579<\/u><\/strong>\u00a0Autores: Franceschetti Gustavo, Bufarini Mariano y otros. Edici\u00f3n: 2018. Editorial: Nova Tesis.<\/p>\n<p style=\"text-align: left;\">* <strong><u>PROCEDIMIENTO FISCAL Y ADMINISTRATIVO, LEY PENAL TRIBUTARIA (MEDIDAS ANTIEVASI\u00d3N. MEDIOS DE PAGO TASA POR ACTUACIONES ANTE TFN, REGLAMENTO DE PROCEDIMIENTOS DEL TFN. LEY 19549 Y MODIF, DR 1759\/72 (T.O.1991), PROC ADMINISTRATIVOS ESPECIALES (D.722\/96 Y MODIF) ACTUALIZADO SEG\u00daN REFORMA TRIBUTARIA<\/u><\/strong>\u00a0Separatas de Legislaci\u00f3n. Edici\u00f3n: 2018 Editorial: Errepar.<b><\/b><\/p>\n<p style=\"text-align: left;\">* <strong><u>Caducidad de la Instancia<\/u><\/strong>\u00a0Autor: Loutayf Ranea Roberto y otros. Editorial: Astrea 2\u00ba Edici\u00f3n Actualizada y ampliada Edici\u00f3n: 2014.<\/p>\n<p style=\"text-align: left;\">* <strong><u>Procedimiento Administrativo a 20 a\u00f1os de la reforma constitucional<\/u><\/strong>\u00a0Autores: Albertsen, Bibiloni, otros. Coordinador: Comadira Julio. Editorial: Astrea Edici\u00f3n:2015<\/p>\n<p style=\"text-align: left;\">* <strong><u>Derechos, Garant\u00edas y Potestades en los contratos p\u00fablicos<\/u><\/strong>\u00a0Autores: Comadira Julio (director), Bibiloni, otros.Editorial: RAP. Edici\u00f3n: 2014<\/p>\n<p style=\"text-align: left;\">* <strong><u>LEY PENAL TRIBUTARIA COMENTADA<\/u><\/strong>\u00a0Autor: Jorge Enrique Haddad. Octava Edici\u00f3n: 2018. Editorial: Abeledo Perrot.<\/p>\n<p style=\"text-align: left;\">* <strong><u>LEY DE CONCURSOS Y QUIEBRAS COMENTADA (TOMOS I Y II)<\/u><\/strong>\u00a0Autor: Francisco Junyent Bas. Cuarta Edici\u00f3n 2018. Editorial: Abeledo Perrot.<\/p>\n<p style=\"text-align: left;\">* <strong><u>TITULOS VALORES Y TITULOS CAMBIARIOS<\/u><\/strong>\u00a0Autor: Osvaldo R. G\u00f3mez Leo. Edici\u00f3n Actualizada y Ampliada. Edici\u00f3n: 2018. Editorial: Abeledo Perrot.<\/p>\n<p style=\"text-align: left;\">* <strong><u>MANUAL DE DERECHO SOCIETARIO LEY GENERAL DE SOCIEDADES<\/u><\/strong>\u00a0Autor: Segunda edici\u00f3n actualizada. Edici\u00f3n: 2016. Editorial: Abeledo Perrot.<\/p>\n<p style=\"text-align: left;\">* <strong><u>DERECHO CIVIL DE FAMILIA<\/u><\/strong>\u00a0Autor: Guillermo J. Borda. Edici\u00f3n: 2018. Editorial:\u00a0 La Ley.<\/p>\n<p style=\"text-align: left;\">* <strong><u>ADOPCI\u00d3N<\/u><\/strong>\u00a0Autor: Eduardo A. Sambrizzi. Edici\u00f3n: 2017. Editorial: La Ley.<\/p>\n<p style=\"text-align: left;\">* <strong><u>SEGUROS Y EL C\u00d3DIGO CIVIL Y COMERCIAL<\/u><\/strong>\u00a0Edici\u00f3n: 2018. Editorial: La Ley.<\/p>\n<p style=\"text-align: left;\">* <strong><u>SUPLEMENTO ESPECIAL:<\/u><\/strong><\/p>\n<p style=\"text-align: left;\">* <strong><u>COMPLIANCE ANTICORRUPCI\u00d3N Y RESPONSABILIDAD PENAL EMPRESARIA<\/u><\/strong>\u00a0Directores: Saccani Ra\u00fal, Durrieu Nicol\u00e1s. Edici\u00f3n: Sup.<\/p>\n<p style=\"text-align: left;\">* <strong><u>Colecci\u00f3n de Pr\u00e1ctica Profesional: Modelos de Escritos Derechos Reales<\/u><\/strong>, autor: Roberto Malizia, Editorial Rubinzal Culzoni, Edici\u00f3n 2018.<\/p>\n<p style=\"text-align: left;\">* <strong><u>Intercambio Telegr\u00e1fico en el contrato de Trabajo: Eficacia de las comunicaciones, configuraci\u00f3n de la injuria y notificaci\u00f3n de la extinci\u00f3n del contrato de trabajo<\/u><\/strong>, autor: Diego J. Tula, Editorial: Rubinzal Culzoni, Edici\u00f3n 2017.<\/p>\n<p style=\"text-align: left;\">* <strong><u>R\u00e9gimen Integral de Reparaci\u00f3n de los infortunios del Trabajo<\/u><\/strong>, autor: Carlos Alberto Toselli; Mauricio Adri\u00e1n Marionsini., Editorial: Alveroni Ediciones, edici\u00f3n: 2017.<\/p>\n\n  \n    <div id=\"gallery-666260058\" class=\"row large-columns-5 medium-columns-3 small-columns-2 row-xsmall row-masonry\" data-packery-options='{\"itemSelector\": \".col\", \"gutter\": 0, \"presentageWidth\" : true}'>\n\n          <div class=\"gallery-col col\" >\n          <div class=\"col-inner\">\n            <a class=\"image-lightbox lightbox-gallery\" href=\"https:\/\/www.casf.org.ar\/colegio\/wp-content\/uploads\/2020\/12\/biblioteca-mayo-nuevos-ingresos_web.jpg\" title=\"\">            <div class=\"box has-hover gallery-box box-overlay dark\">\n              <div class=\"box-image\" >\n                <img width=\"290\" height=\"400\" src=\"https:\/\/www.casf.org.ar\/colegio\/wp-content\/uploads\/2020\/12\/biblioteca-mayo-nuevos-ingresos_web-290x400.jpg\" class=\"attachment-medium size-medium\" alt=\"\" decoding=\"async\" loading=\"lazy\" ids=\"1275,1276,1277,1278,1279,1280,1281,1282,1283,1284\" type=\"masonry\" col_spacing=\"xsmall\" columns=\"5\" srcset=\"https:\/\/www.casf.org.ar\/colegio\/wp-content\/uploads\/2020\/12\/biblioteca-mayo-nuevos-ingresos_web-290x400.jpg 290w, https:\/\/www.casf.org.ar\/colegio\/wp-content\/uploads\/2020\/12\/biblioteca-mayo-nuevos-ingresos_web.jpg 540w\" sizes=\"(max-width: 290px) 100vw, 290px\" \/>                                  <div class=\"overlay fill\"\n                      style=\"background-color: rgba(0,0,0,.15)\">\n                  <\/div>\n                                                              <\/div>\n              <div class=\"box-text text-left\" >\n                 <p><\/p>\n              <\/div>\n            <\/div>\n            <\/a>          <\/div>\n         <\/div>\n                 <div class=\"gallery-col col\" >\n          <div class=\"col-inner\">\n            <a class=\"image-lightbox lightbox-gallery\" href=\"https:\/\/www.casf.org.ar\/colegio\/wp-content\/uploads\/2020\/12\/biblioteca-mayo_web.jpg\" title=\"\">            <div class=\"box has-hover gallery-box box-overlay dark\">\n              <div class=\"box-image\" >\n                <img width=\"296\" height=\"400\" src=\"https:\/\/www.casf.org.ar\/colegio\/wp-content\/uploads\/2020\/12\/biblioteca-mayo_web-296x400.jpg\" class=\"attachment-medium size-medium\" alt=\"\" decoding=\"async\" loading=\"lazy\" ids=\"1275,1276,1277,1278,1279,1280,1281,1282,1283,1284\" type=\"masonry\" col_spacing=\"xsmall\" columns=\"5\" srcset=\"https:\/\/www.casf.org.ar\/colegio\/wp-content\/uploads\/2020\/12\/biblioteca-mayo_web-296x400.jpg 296w, https:\/\/www.casf.org.ar\/colegio\/wp-content\/uploads\/2020\/12\/biblioteca-mayo_web.jpg 340w\" sizes=\"(max-width: 296px) 100vw, 296px\" \/>                                  <div class=\"overlay fill\"\n                      style=\"background-color: rgba(0,0,0,.15)\">\n                  <\/div>\n                                                              <\/div>\n              <div class=\"box-text text-left\" >\n                 <p><\/p>\n              <\/div>\n            <\/div>\n            <\/a>          <\/div>\n         <\/div>\n                 <div class=\"gallery-col col\" >\n          <div class=\"col-inner\">\n            <a class=\"image-lightbox lightbox-gallery\" href=\"https:\/\/www.casf.org.ar\/colegio\/wp-content\/uploads\/2020\/12\/biblioteca-mayo-4_web.jpg\" title=\"\">            <div class=\"box has-hover gallery-box box-overlay dark\">\n              <div class=\"box-image\" >\n                <img width=\"257\" height=\"400\" src=\"https:\/\/www.casf.org.ar\/colegio\/wp-content\/uploads\/2020\/12\/biblioteca-mayo-4_web-257x400.jpg\" class=\"attachment-medium size-medium\" alt=\"\" decoding=\"async\" loading=\"lazy\" ids=\"1275,1276,1277,1278,1279,1280,1281,1282,1283,1284\" type=\"masonry\" col_spacing=\"xsmall\" columns=\"5\" srcset=\"https:\/\/www.casf.org.ar\/colegio\/wp-content\/uploads\/2020\/12\/biblioteca-mayo-4_web-257x400.jpg 257w, https:\/\/www.casf.org.ar\/colegio\/wp-content\/uploads\/2020\/12\/biblioteca-mayo-4_web.jpg 340w\" sizes=\"(max-width: 257px) 100vw, 257px\" \/>                                  <div class=\"overlay fill\"\n                      style=\"background-color: rgba(0,0,0,.15)\">\n                  <\/div>\n                                                              <\/div>\n              <div class=\"box-text text-left\" >\n                 <p><\/p>\n              <\/div>\n            <\/div>\n            <\/a>          <\/div>\n         <\/div>\n                 <div class=\"gallery-col col\" >\n          <div class=\"col-inner\">\n            <a class=\"image-lightbox lightbox-gallery\" href=\"https:\/\/www.casf.org.ar\/colegio\/wp-content\/uploads\/2020\/12\/biblioteca-mayo-8_web.jpg\" title=\"\">            <div class=\"box has-hover gallery-box box-overlay dark\">\n              <div class=\"box-image\" >\n                <img width=\"260\" height=\"400\" src=\"https:\/\/www.casf.org.ar\/colegio\/wp-content\/uploads\/2020\/12\/biblioteca-mayo-8_web-260x400.jpg\" class=\"attachment-medium size-medium\" alt=\"\" decoding=\"async\" loading=\"lazy\" ids=\"1275,1276,1277,1278,1279,1280,1281,1282,1283,1284\" type=\"masonry\" col_spacing=\"xsmall\" columns=\"5\" srcset=\"https:\/\/www.casf.org.ar\/colegio\/wp-content\/uploads\/2020\/12\/biblioteca-mayo-8_web-260x400.jpg 260w, https:\/\/www.casf.org.ar\/colegio\/wp-content\/uploads\/2020\/12\/biblioteca-mayo-8_web.jpg 340w\" sizes=\"(max-width: 260px) 100vw, 260px\" \/>                                  <div class=\"overlay fill\"\n                      style=\"background-color: rgba(0,0,0,.15)\">\n                  <\/div>\n                                                              <\/div>\n              <div class=\"box-text text-left\" >\n                 <p><\/p>\n              <\/div>\n            <\/div>\n            <\/a>          <\/div>\n         <\/div>\n                 <div class=\"gallery-col col\" >\n          <div class=\"col-inner\">\n            <a class=\"image-lightbox lightbox-gallery\" href=\"https:\/\/www.casf.org.ar\/colegio\/wp-content\/uploads\/2020\/12\/biblioteca-mayo-7_web.jpg\" title=\"\">            <div class=\"box has-hover gallery-box box-overlay dark\">\n              <div class=\"box-image\" >\n                <img width=\"243\" height=\"400\" src=\"https:\/\/www.casf.org.ar\/colegio\/wp-content\/uploads\/2020\/12\/biblioteca-mayo-7_web-243x400.jpg\" class=\"attachment-medium size-medium\" alt=\"\" decoding=\"async\" loading=\"lazy\" ids=\"1275,1276,1277,1278,1279,1280,1281,1282,1283,1284\" type=\"masonry\" col_spacing=\"xsmall\" columns=\"5\" srcset=\"https:\/\/www.casf.org.ar\/colegio\/wp-content\/uploads\/2020\/12\/biblioteca-mayo-7_web-243x400.jpg 243w, https:\/\/www.casf.org.ar\/colegio\/wp-content\/uploads\/2020\/12\/biblioteca-mayo-7_web.jpg 340w\" sizes=\"(max-width: 243px) 100vw, 243px\" \/>                                  <div class=\"overlay fill\"\n                      style=\"background-color: rgba(0,0,0,.15)\">\n                  <\/div>\n                                                              <\/div>\n              <div class=\"box-text text-left\" >\n                 <p><\/p>\n              <\/div>\n            <\/div>\n            <\/a>          <\/div>\n         <\/div>\n                 <div class=\"gallery-col col\" >\n          <div class=\"col-inner\">\n            <a class=\"image-lightbox lightbox-gallery\" href=\"https:\/\/www.casf.org.ar\/colegio\/wp-content\/uploads\/2020\/12\/biblioteca-mayo-5_web.jpg\" title=\"\">            <div class=\"box has-hover gallery-box box-overlay dark\">\n              <div class=\"box-image\" >\n                <img width=\"273\" height=\"400\" src=\"https:\/\/www.casf.org.ar\/colegio\/wp-content\/uploads\/2020\/12\/biblioteca-mayo-5_web-273x400.jpg\" class=\"attachment-medium size-medium\" alt=\"\" decoding=\"async\" loading=\"lazy\" ids=\"1275,1276,1277,1278,1279,1280,1281,1282,1283,1284\" type=\"masonry\" col_spacing=\"xsmall\" columns=\"5\" srcset=\"https:\/\/www.casf.org.ar\/colegio\/wp-content\/uploads\/2020\/12\/biblioteca-mayo-5_web-273x400.jpg 273w, https:\/\/www.casf.org.ar\/colegio\/wp-content\/uploads\/2020\/12\/biblioteca-mayo-5_web.jpg 340w\" sizes=\"(max-width: 273px) 100vw, 273px\" \/>                                  <div class=\"overlay fill\"\n                      style=\"background-color: rgba(0,0,0,.15)\">\n                  <\/div>\n                                                              <\/div>\n              <div class=\"box-text text-left\" >\n                 <p><\/p>\n              <\/div>\n            <\/div>\n            <\/a>          <\/div>\n         <\/div>\n                 <div class=\"gallery-col col\" >\n          <div class=\"col-inner\">\n            <a class=\"image-lightbox lightbox-gallery\" href=\"https:\/\/www.casf.org.ar\/colegio\/wp-content\/uploads\/2020\/12\/biblioteca-mayo-6_web.jpg\" title=\"\">            <div class=\"box has-hover gallery-box box-overlay dark\">\n              <div class=\"box-image\" >\n                <img width=\"276\" height=\"400\" src=\"https:\/\/www.casf.org.ar\/colegio\/wp-content\/uploads\/2020\/12\/biblioteca-mayo-6_web-276x400.jpg\" class=\"attachment-medium size-medium\" alt=\"\" decoding=\"async\" loading=\"lazy\" ids=\"1275,1276,1277,1278,1279,1280,1281,1282,1283,1284\" type=\"masonry\" col_spacing=\"xsmall\" columns=\"5\" srcset=\"https:\/\/www.casf.org.ar\/colegio\/wp-content\/uploads\/2020\/12\/biblioteca-mayo-6_web-276x400.jpg 276w, https:\/\/www.casf.org.ar\/colegio\/wp-content\/uploads\/2020\/12\/biblioteca-mayo-6_web.jpg 340w\" sizes=\"(max-width: 276px) 100vw, 276px\" \/>                                  <div class=\"overlay fill\"\n                      style=\"background-color: rgba(0,0,0,.15)\">\n                  <\/div>\n                                                              <\/div>\n              <div class=\"box-text text-left\" >\n                 <p><\/p>\n              <\/div>\n            <\/div>\n            <\/a>          <\/div>\n         <\/div>\n                 <div class=\"gallery-col col\" >\n          <div class=\"col-inner\">\n            <a class=\"image-lightbox lightbox-gallery\" href=\"https:\/\/www.casf.org.ar\/colegio\/wp-content\/uploads\/2020\/12\/biblioteca-mayo-3_web.jpg\" title=\"\">            <div class=\"box has-hover gallery-box box-overlay dark\">\n              <div class=\"box-image\" >\n                <img width=\"253\" height=\"400\" src=\"https:\/\/www.casf.org.ar\/colegio\/wp-content\/uploads\/2020\/12\/biblioteca-mayo-3_web-253x400.jpg\" class=\"attachment-medium size-medium\" alt=\"\" decoding=\"async\" loading=\"lazy\" ids=\"1275,1276,1277,1278,1279,1280,1281,1282,1283,1284\" type=\"masonry\" col_spacing=\"xsmall\" columns=\"5\" srcset=\"https:\/\/www.casf.org.ar\/colegio\/wp-content\/uploads\/2020\/12\/biblioteca-mayo-3_web-253x400.jpg 253w, https:\/\/www.casf.org.ar\/colegio\/wp-content\/uploads\/2020\/12\/biblioteca-mayo-3_web.jpg 340w\" sizes=\"(max-width: 253px) 100vw, 253px\" \/>                                  <div class=\"overlay fill\"\n                      style=\"background-color: rgba(0,0,0,.15)\">\n                  <\/div>\n                                                              <\/div>\n              <div class=\"box-text text-left\" >\n                 <p><\/p>\n              <\/div>\n            <\/div>\n            <\/a>          <\/div>\n         <\/div>\n                 <div class=\"gallery-col col\" >\n          <div class=\"col-inner\">\n            <a class=\"image-lightbox lightbox-gallery\" href=\"https:\/\/www.casf.org.ar\/colegio\/wp-content\/uploads\/2020\/12\/biblioteca-mayo-2_web.jpg\" title=\"\">            <div class=\"box has-hover gallery-box box-overlay dark\">\n              <div class=\"box-image\" >\n                <img width=\"273\" height=\"400\" src=\"https:\/\/www.casf.org.ar\/colegio\/wp-content\/uploads\/2020\/12\/biblioteca-mayo-2_web-273x400.jpg\" class=\"attachment-medium size-medium\" alt=\"\" decoding=\"async\" loading=\"lazy\" ids=\"1275,1276,1277,1278,1279,1280,1281,1282,1283,1284\" type=\"masonry\" col_spacing=\"xsmall\" columns=\"5\" srcset=\"https:\/\/www.casf.org.ar\/colegio\/wp-content\/uploads\/2020\/12\/biblioteca-mayo-2_web-273x400.jpg 273w, https:\/\/www.casf.org.ar\/colegio\/wp-content\/uploads\/2020\/12\/biblioteca-mayo-2_web.jpg 340w\" sizes=\"(max-width: 273px) 100vw, 273px\" \/>                                  <div class=\"overlay fill\"\n                      style=\"background-color: rgba(0,0,0,.15)\">\n                  <\/div>\n                                                              <\/div>\n              <div class=\"box-text text-left\" >\n                 <p><\/p>\n              <\/div>\n            <\/div>\n            <\/a>          <\/div>\n         <\/div>\n                 <div class=\"gallery-col col\" >\n          <div class=\"col-inner\">\n            <a class=\"image-lightbox lightbox-gallery\" href=\"https:\/\/www.casf.org.ar\/colegio\/wp-content\/uploads\/2020\/12\/biblioteca-mayo-1_web.jpg\" title=\"\">            <div class=\"box has-hover gallery-box box-overlay dark\">\n              <div class=\"box-image\" >\n                <img width=\"258\" height=\"400\" src=\"https:\/\/www.casf.org.ar\/colegio\/wp-content\/uploads\/2020\/12\/biblioteca-mayo-1_web-258x400.jpg\" class=\"attachment-medium size-medium\" alt=\"\" decoding=\"async\" loading=\"lazy\" ids=\"1275,1276,1277,1278,1279,1280,1281,1282,1283,1284\" type=\"masonry\" col_spacing=\"xsmall\" columns=\"5\" srcset=\"https:\/\/www.casf.org.ar\/colegio\/wp-content\/uploads\/2020\/12\/biblioteca-mayo-1_web-258x400.jpg 258w, https:\/\/www.casf.org.ar\/colegio\/wp-content\/uploads\/2020\/12\/biblioteca-mayo-1_web.jpg 340w\" sizes=\"(max-width: 258px) 100vw, 258px\" \/>                                  <div class=\"overlay fill\"\n                      style=\"background-color: rgba(0,0,0,.15)\">\n                  <\/div>\n                                                              <\/div>\n              <div class=\"box-text text-left\" >\n                 <p><\/p>\n              <\/div>\n            <\/div>\n            <\/a>          <\/div>\n         <\/div>\n         <\/div>\n\n  \n    <div id=\"gallery-1840962778\" class=\"row large-columns-5 medium-columns-3 small-columns-2 row-xsmall row-masonry\" data-packery-options='{\"itemSelector\": \".col\", \"gutter\": 0, \"presentageWidth\" : true}'>\n\n          <div class=\"gallery-col col\" >\n          <div class=\"col-inner\">\n            <a class=\"image-lightbox lightbox-gallery\" href=\"https:\/\/www.casf.org.ar\/colegio\/wp-content\/uploads\/2020\/12\/biblioteca-julio-3-794x800.jpg\" title=\"\">            <div class=\"box has-hover gallery-box box-overlay dark\">\n              <div class=\"box-image\" >\n                <img width=\"397\" height=\"400\" src=\"https:\/\/www.casf.org.ar\/colegio\/wp-content\/uploads\/2020\/12\/biblioteca-julio-3-397x400.jpg\" class=\"attachment-medium size-medium\" alt=\"\" decoding=\"async\" loading=\"lazy\" ids=\"1272,1273,1274\" type=\"masonry\" col_spacing=\"xsmall\" columns=\"5\" srcset=\"https:\/\/www.casf.org.ar\/colegio\/wp-content\/uploads\/2020\/12\/biblioteca-julio-3-397x400.jpg 397w, https:\/\/www.casf.org.ar\/colegio\/wp-content\/uploads\/2020\/12\/biblioteca-julio-3-794x800.jpg 794w, https:\/\/www.casf.org.ar\/colegio\/wp-content\/uploads\/2020\/12\/biblioteca-julio-3-768x774.jpg 768w, https:\/\/www.casf.org.ar\/colegio\/wp-content\/uploads\/2020\/12\/biblioteca-julio-3-600x604.jpg 600w, https:\/\/www.casf.org.ar\/colegio\/wp-content\/uploads\/2020\/12\/biblioteca-julio-3-100x100.jpg 100w, https:\/\/www.casf.org.ar\/colegio\/wp-content\/uploads\/2020\/12\/biblioteca-julio-3.jpg 964w\" sizes=\"(max-width: 397px) 100vw, 397px\" \/>                                  <div class=\"overlay fill\"\n                      style=\"background-color: rgba(0,0,0,.15)\">\n                  <\/div>\n                                                              <\/div>\n              <div class=\"box-text text-left\" >\n                 <p><\/p>\n              <\/div>\n            <\/div>\n            <\/a>          <\/div>\n         <\/div>\n                 <div class=\"gallery-col col\" >\n          <div class=\"col-inner\">\n            <a class=\"image-lightbox lightbox-gallery\" href=\"https:\/\/www.casf.org.ar\/colegio\/wp-content\/uploads\/2020\/12\/biblioteca-julio-1.jpg\" title=\"\">            <div class=\"box has-hover gallery-box box-overlay dark\">\n              <div class=\"box-image\" >\n                <img width=\"588\" height=\"360\" src=\"https:\/\/www.casf.org.ar\/colegio\/wp-content\/uploads\/2020\/12\/biblioteca-julio-1.jpg\" class=\"attachment-medium size-medium\" alt=\"\" decoding=\"async\" loading=\"lazy\" ids=\"1272,1273,1274\" type=\"masonry\" col_spacing=\"xsmall\" columns=\"5\" \/>                                  <div class=\"overlay fill\"\n                      style=\"background-color: rgba(0,0,0,.15)\">\n                  <\/div>\n                                                              <\/div>\n              <div class=\"box-text text-left\" >\n                 <p><\/p>\n              <\/div>\n            <\/div>\n            <\/a>          <\/div>\n         <\/div>\n                 <div class=\"gallery-col col\" >\n          <div class=\"col-inner\">\n            <a class=\"image-lightbox lightbox-gallery\" href=\"https:\/\/www.casf.org.ar\/colegio\/wp-content\/uploads\/2020\/12\/biblioteca-julio-2.jpg\" title=\"\">            <div class=\"box has-hover gallery-box box-overlay dark\">\n              <div class=\"box-image\" >\n                <img width=\"311\" height=\"400\" src=\"https:\/\/www.casf.org.ar\/colegio\/wp-content\/uploads\/2020\/12\/biblioteca-julio-2-311x400.jpg\" class=\"attachment-medium size-medium\" alt=\"\" decoding=\"async\" loading=\"lazy\" ids=\"1272,1273,1274\" type=\"masonry\" col_spacing=\"xsmall\" columns=\"5\" srcset=\"https:\/\/www.casf.org.ar\/colegio\/wp-content\/uploads\/2020\/12\/biblioteca-julio-2-311x400.jpg 311w, https:\/\/www.casf.org.ar\/colegio\/wp-content\/uploads\/2020\/12\/biblioteca-julio-2.jpg 360w\" sizes=\"(max-width: 311px) 100vw, 311px\" \/>                                  <div class=\"overlay fill\"\n                      style=\"background-color: rgba(0,0,0,.15)\">\n                  <\/div>\n                                                              <\/div>\n              <div class=\"box-text text-left\" >\n                 <p><\/p>\n              <\/div>\n            <\/div>\n            <\/a>          <\/div>\n         <\/div>\n         <\/div>\n\n  \n    <div id=\"gallery-264901323\" class=\"row large-columns-5 medium-columns-3 small-columns-2 row-xsmall row-masonry\" data-packery-options='{\"itemSelector\": \".col\", \"gutter\": 0, \"presentageWidth\" : true}'>\n\n          <div class=\"gallery-col col\" >\n          <div class=\"col-inner\">\n            <a class=\"image-lightbox lightbox-gallery\" href=\"https:\/\/www.casf.org.ar\/colegio\/wp-content\/uploads\/2020\/12\/nuevo-ingreso-AGOSTO-776x800.jpg\" title=\"\">            <div class=\"box has-hover gallery-box box-overlay dark\">\n              <div class=\"box-image\" >\n                <img width=\"388\" height=\"400\" src=\"https:\/\/www.casf.org.ar\/colegio\/wp-content\/uploads\/2020\/12\/nuevo-ingreso-AGOSTO-388x400.jpg\" class=\"attachment-medium size-medium\" alt=\"\" decoding=\"async\" loading=\"lazy\" ids=\"1269,1270,1271\" type=\"masonry\" col_spacing=\"xsmall\" columns=\"5\" srcset=\"https:\/\/www.casf.org.ar\/colegio\/wp-content\/uploads\/2020\/12\/nuevo-ingreso-AGOSTO-388x400.jpg 388w, https:\/\/www.casf.org.ar\/colegio\/wp-content\/uploads\/2020\/12\/nuevo-ingreso-AGOSTO-776x800.jpg 776w, https:\/\/www.casf.org.ar\/colegio\/wp-content\/uploads\/2020\/12\/nuevo-ingreso-AGOSTO-768x792.jpg 768w, https:\/\/www.casf.org.ar\/colegio\/wp-content\/uploads\/2020\/12\/nuevo-ingreso-AGOSTO-600x619.jpg 600w, https:\/\/www.casf.org.ar\/colegio\/wp-content\/uploads\/2020\/12\/nuevo-ingreso-AGOSTO.jpg 965w\" sizes=\"(max-width: 388px) 100vw, 388px\" \/>                                  <div class=\"overlay fill\"\n                      style=\"background-color: rgba(0,0,0,.15)\">\n                  <\/div>\n                                                              <\/div>\n              <div class=\"box-text text-left\" >\n                 <p><\/p>\n              <\/div>\n            <\/div>\n            <\/a>          <\/div>\n         <\/div>\n                 <div class=\"gallery-col col\" >\n          <div class=\"col-inner\">\n            <a class=\"image-lightbox lightbox-gallery\" href=\"https:\/\/www.casf.org.ar\/colegio\/wp-content\/uploads\/2020\/12\/AGOSTO-1.jpg\" title=\"\">            <div class=\"box has-hover gallery-box box-overlay dark\">\n              <div class=\"box-image\" >\n                <img width=\"493\" height=\"360\" src=\"https:\/\/www.casf.org.ar\/colegio\/wp-content\/uploads\/2020\/12\/AGOSTO-1.jpg\" class=\"attachment-medium size-medium\" alt=\"\" decoding=\"async\" loading=\"lazy\" ids=\"1269,1270,1271\" type=\"masonry\" col_spacing=\"xsmall\" columns=\"5\" \/>                                  <div class=\"overlay fill\"\n                      style=\"background-color: rgba(0,0,0,.15)\">\n                  <\/div>\n                                                              <\/div>\n              <div class=\"box-text text-left\" >\n                 <p><\/p>\n              <\/div>\n            <\/div>\n            <\/a>          <\/div>\n         <\/div>\n                 <div class=\"gallery-col col\" >\n          <div class=\"col-inner\">\n            <a class=\"image-lightbox lightbox-gallery\" href=\"https:\/\/www.casf.org.ar\/colegio\/wp-content\/uploads\/2020\/12\/AGOSTO-2.jpg\" title=\"\">            <div class=\"box has-hover gallery-box box-overlay dark\">\n              <div class=\"box-image\" >\n                <img width=\"518\" height=\"355\" src=\"https:\/\/www.casf.org.ar\/colegio\/wp-content\/uploads\/2020\/12\/AGOSTO-2.jpg\" class=\"attachment-medium size-medium\" alt=\"\" decoding=\"async\" loading=\"lazy\" ids=\"1269,1270,1271\" type=\"masonry\" col_spacing=\"xsmall\" columns=\"5\" \/>                                  <div class=\"overlay fill\"\n                      style=\"background-color: rgba(0,0,0,.15)\">\n                  <\/div>\n                                                              <\/div>\n              <div class=\"box-text text-left\" >\n                 <p><\/p>\n              <\/div>\n            <\/div>\n            <\/a>          <\/div>\n         <\/div>\n         <\/div>\n\n  \n    <div id=\"gallery-1841033740\" class=\"row large-columns-5 medium-columns-3 small-columns-2 row-xsmall row-masonry\" data-packery-options='{\"itemSelector\": \".col\", \"gutter\": 0, \"presentageWidth\" : true}'>\n\n          <div class=\"gallery-col col\" >\n          <div class=\"col-inner\">\n            <a class=\"image-lightbox lightbox-gallery\" href=\"https:\/\/www.casf.org.ar\/colegio\/wp-content\/uploads\/2020\/12\/BIBLIOTECA-NUEVO-INGRESO-septiembre-bis_web.jpg\" title=\"\">            <div class=\"box has-hover gallery-box box-overlay dark\">\n              <div class=\"box-image\" >\n                <img width=\"366\" height=\"400\" src=\"https:\/\/www.casf.org.ar\/colegio\/wp-content\/uploads\/2020\/12\/BIBLIOTECA-NUEVO-INGRESO-septiembre-bis_web-366x400.jpg\" class=\"attachment-medium size-medium\" alt=\"\" decoding=\"async\" loading=\"lazy\" ids=\"1267,1268\" type=\"masonry\" col_spacing=\"xsmall\" columns=\"5\" srcset=\"https:\/\/www.casf.org.ar\/colegio\/wp-content\/uploads\/2020\/12\/BIBLIOTECA-NUEVO-INGRESO-septiembre-bis_web-366x400.jpg 366w, https:\/\/www.casf.org.ar\/colegio\/wp-content\/uploads\/2020\/12\/BIBLIOTECA-NUEVO-INGRESO-septiembre-bis_web.jpg 540w\" sizes=\"(max-width: 366px) 100vw, 366px\" \/>                                  <div class=\"overlay fill\"\n                      style=\"background-color: rgba(0,0,0,.15)\">\n                  <\/div>\n                                                              <\/div>\n              <div class=\"box-text text-left\" >\n                 <p><\/p>\n              <\/div>\n            <\/div>\n            <\/a>          <\/div>\n         <\/div>\n                 <div class=\"gallery-col col\" >\n          <div class=\"col-inner\">\n            <a class=\"image-lightbox lightbox-gallery\" href=\"https:\/\/www.casf.org.ar\/colegio\/wp-content\/uploads\/2020\/12\/nuevo-ingreso-septiembre-686x800.jpg\" title=\"\">            <div class=\"box has-hover gallery-box box-overlay dark\">\n              <div class=\"box-image\" >\n                <img width=\"343\" height=\"400\" src=\"https:\/\/www.casf.org.ar\/colegio\/wp-content\/uploads\/2020\/12\/nuevo-ingreso-septiembre-343x400.jpg\" class=\"attachment-medium size-medium\" alt=\"\" decoding=\"async\" loading=\"lazy\" ids=\"1267,1268\" type=\"masonry\" col_spacing=\"xsmall\" columns=\"5\" srcset=\"https:\/\/www.casf.org.ar\/colegio\/wp-content\/uploads\/2020\/12\/nuevo-ingreso-septiembre-343x400.jpg 343w, https:\/\/www.casf.org.ar\/colegio\/wp-content\/uploads\/2020\/12\/nuevo-ingreso-septiembre-686x800.jpg 686w, https:\/\/www.casf.org.ar\/colegio\/wp-content\/uploads\/2020\/12\/nuevo-ingreso-septiembre-600x700.jpg 600w, https:\/\/www.casf.org.ar\/colegio\/wp-content\/uploads\/2020\/12\/nuevo-ingreso-septiembre.jpg 720w\" sizes=\"(max-width: 343px) 100vw, 343px\" \/>                                  <div class=\"overlay fill\"\n                      style=\"background-color: rgba(0,0,0,.15)\">\n                  <\/div>\n                                                              <\/div>\n              <div class=\"box-text text-left\" >\n                 <p><\/p>\n              <\/div>\n            <\/div>\n            <\/a>          <\/div>\n         <\/div>\n         <\/div>\n\n  \n    <div id=\"gallery-1932202510\" class=\"row large-columns-5 medium-columns-3 small-columns-2 row-xsmall row-masonry\" data-packery-options='{\"itemSelector\": \".col\", \"gutter\": 0, \"presentageWidth\" : true}'>\n\n          <div class=\"gallery-col col\" >\n          <div class=\"col-inner\">\n            <a class=\"image-lightbox lightbox-gallery\" href=\"https:\/\/www.casf.org.ar\/colegio\/wp-content\/uploads\/2020\/12\/NUEVOS-INGRESOS-NOV-5-1.jpg\" title=\"\">            <div class=\"box has-hover gallery-box box-none\">\n              <div class=\"box-image\" style=\"width:96%;\">\n                <img width=\"342\" height=\"400\" src=\"https:\/\/www.casf.org.ar\/colegio\/wp-content\/uploads\/2020\/12\/NUEVOS-INGRESOS-NOV-5-1-342x400.jpg\" class=\"attachment-medium size-medium\" alt=\"\" decoding=\"async\" loading=\"lazy\" ids=\"1256,1257,1258,1259,1260\" style=\"none\" lightbox_image_size=\"original\" type=\"masonry\" col_spacing=\"xsmall\" columns=\"5\" image_width=\"96\" srcset=\"https:\/\/www.casf.org.ar\/colegio\/wp-content\/uploads\/2020\/12\/NUEVOS-INGRESOS-NOV-5-1-342x400.jpg 342w, https:\/\/www.casf.org.ar\/colegio\/wp-content\/uploads\/2020\/12\/NUEVOS-INGRESOS-NOV-5-1-683x800.jpg 683w, https:\/\/www.casf.org.ar\/colegio\/wp-content\/uploads\/2020\/12\/NUEVOS-INGRESOS-NOV-5-1-768x899.jpg 768w, https:\/\/www.casf.org.ar\/colegio\/wp-content\/uploads\/2020\/12\/NUEVOS-INGRESOS-NOV-5-1-600x702.jpg 600w, https:\/\/www.casf.org.ar\/colegio\/wp-content\/uploads\/2020\/12\/NUEVOS-INGRESOS-NOV-5-1.jpg 1289w\" sizes=\"(max-width: 342px) 100vw, 342px\" \/>                                                              <\/div>\n              <div class=\"box-text text-left\" >\n                 <p><\/p>\n              <\/div>\n            <\/div>\n            <\/a>          <\/div>\n         <\/div>\n                 <div class=\"gallery-col col\" >\n          <div class=\"col-inner\">\n            <a class=\"image-lightbox lightbox-gallery\" href=\"https:\/\/www.casf.org.ar\/colegio\/wp-content\/uploads\/2020\/12\/NUEVO-INGRESO-NOV-3.jpg\" title=\"\">            <div class=\"box has-hover gallery-box box-none\">\n              <div class=\"box-image\" style=\"width:96%;\">\n                <img width=\"300\" height=\"400\" src=\"https:\/\/www.casf.org.ar\/colegio\/wp-content\/uploads\/2020\/12\/NUEVO-INGRESO-NOV-3-300x400.jpg\" class=\"attachment-medium size-medium\" alt=\"\" decoding=\"async\" loading=\"lazy\" ids=\"1256,1257,1258,1259,1260\" style=\"none\" lightbox_image_size=\"original\" type=\"masonry\" col_spacing=\"xsmall\" columns=\"5\" image_width=\"96\" srcset=\"https:\/\/www.casf.org.ar\/colegio\/wp-content\/uploads\/2020\/12\/NUEVO-INGRESO-NOV-3-300x400.jpg 300w, https:\/\/www.casf.org.ar\/colegio\/wp-content\/uploads\/2020\/12\/NUEVO-INGRESO-NOV-3-600x800.jpg 600w, https:\/\/www.casf.org.ar\/colegio\/wp-content\/uploads\/2020\/12\/NUEVO-INGRESO-NOV-3-768x1024.jpg 768w, https:\/\/www.casf.org.ar\/colegio\/wp-content\/uploads\/2020\/12\/NUEVO-INGRESO-NOV-3.jpg 960w\" sizes=\"(max-width: 300px) 100vw, 300px\" \/>                                                              <\/div>\n              <div class=\"box-text text-left\" >\n                 <p><\/p>\n              <\/div>\n            <\/div>\n            <\/a>          <\/div>\n         <\/div>\n                 <div class=\"gallery-col col\" >\n          <div class=\"col-inner\">\n            <a class=\"image-lightbox lightbox-gallery\" href=\"https:\/\/www.casf.org.ar\/colegio\/wp-content\/uploads\/2020\/12\/NUEVO-INGRESO-NOV-1.jpg\" title=\"\">            <div class=\"box has-hover gallery-box box-none\">\n              <div class=\"box-image\" style=\"width:96%;\">\n                <img width=\"446\" height=\"400\" src=\"https:\/\/www.casf.org.ar\/colegio\/wp-content\/uploads\/2020\/12\/NUEVO-INGRESO-NOV-1-446x400.jpg\" class=\"attachment-medium size-medium\" alt=\"\" decoding=\"async\" loading=\"lazy\" ids=\"1256,1257,1258,1259,1260\" style=\"none\" lightbox_image_size=\"original\" type=\"masonry\" col_spacing=\"xsmall\" columns=\"5\" image_width=\"96\" srcset=\"https:\/\/www.casf.org.ar\/colegio\/wp-content\/uploads\/2020\/12\/NUEVO-INGRESO-NOV-1-446x400.jpg 446w, https:\/\/www.casf.org.ar\/colegio\/wp-content\/uploads\/2020\/12\/NUEVO-INGRESO-NOV-1-892x800.jpg 892w, https:\/\/www.casf.org.ar\/colegio\/wp-content\/uploads\/2020\/12\/NUEVO-INGRESO-NOV-1-768x689.jpg 768w, https:\/\/www.casf.org.ar\/colegio\/wp-content\/uploads\/2020\/12\/NUEVO-INGRESO-NOV-1-600x538.jpg 600w, https:\/\/www.casf.org.ar\/colegio\/wp-content\/uploads\/2020\/12\/NUEVO-INGRESO-NOV-1.jpg 1070w\" sizes=\"(max-width: 446px) 100vw, 446px\" \/>                                                              <\/div>\n              <div class=\"box-text text-left\" >\n                 <p><\/p>\n              <\/div>\n            <\/div>\n            <\/a>          <\/div>\n         <\/div>\n                 <div class=\"gallery-col col\" >\n          <div class=\"col-inner\">\n            <a class=\"image-lightbox lightbox-gallery\" href=\"https:\/\/www.casf.org.ar\/colegio\/wp-content\/uploads\/2020\/12\/NIEVO-INGRESO-NOV-4.jpg\" title=\"\">            <div class=\"box has-hover gallery-box box-none\">\n              <div class=\"box-image\" style=\"width:96%;\">\n                <img width=\"533\" height=\"400\" src=\"https:\/\/www.casf.org.ar\/colegio\/wp-content\/uploads\/2020\/12\/NIEVO-INGRESO-NOV-4-533x400.jpg\" class=\"attachment-medium size-medium\" alt=\"\" decoding=\"async\" loading=\"lazy\" ids=\"1256,1257,1258,1259,1260\" style=\"none\" lightbox_image_size=\"original\" type=\"masonry\" col_spacing=\"xsmall\" columns=\"5\" image_width=\"96\" srcset=\"https:\/\/www.casf.org.ar\/colegio\/wp-content\/uploads\/2020\/12\/NIEVO-INGRESO-NOV-4-533x400.jpg 533w, https:\/\/www.casf.org.ar\/colegio\/wp-content\/uploads\/2020\/12\/NIEVO-INGRESO-NOV-4-1067x800.jpg 1067w, https:\/\/www.casf.org.ar\/colegio\/wp-content\/uploads\/2020\/12\/NIEVO-INGRESO-NOV-4-768x576.jpg 768w, https:\/\/www.casf.org.ar\/colegio\/wp-content\/uploads\/2020\/12\/NIEVO-INGRESO-NOV-4-600x450.jpg 600w, https:\/\/www.casf.org.ar\/colegio\/wp-content\/uploads\/2020\/12\/NIEVO-INGRESO-NOV-4.jpg 1280w\" sizes=\"(max-width: 533px) 100vw, 533px\" \/>                                                              <\/div>\n              <div class=\"box-text text-left\" >\n                 <p><\/p>\n              <\/div>\n            <\/div>\n            <\/a>          <\/div>\n         <\/div>\n                 <div class=\"gallery-col col\" >\n          <div class=\"col-inner\">\n            <a class=\"image-lightbox lightbox-gallery\" href=\"https:\/\/www.casf.org.ar\/colegio\/wp-content\/uploads\/2020\/12\/NIEVO-INGRESO-NOV-2.jpg\" title=\"\">            <div class=\"box has-hover gallery-box box-none\">\n              <div class=\"box-image\" style=\"width:96%;\">\n                <img width=\"372\" height=\"400\" src=\"https:\/\/www.casf.org.ar\/colegio\/wp-content\/uploads\/2020\/12\/NIEVO-INGRESO-NOV-2-372x400.jpg\" class=\"attachment-medium size-medium\" alt=\"\" decoding=\"async\" loading=\"lazy\" ids=\"1256,1257,1258,1259,1260\" style=\"none\" lightbox_image_size=\"original\" type=\"masonry\" col_spacing=\"xsmall\" columns=\"5\" image_width=\"96\" srcset=\"https:\/\/www.casf.org.ar\/colegio\/wp-content\/uploads\/2020\/12\/NIEVO-INGRESO-NOV-2-372x400.jpg 372w, https:\/\/www.casf.org.ar\/colegio\/wp-content\/uploads\/2020\/12\/NIEVO-INGRESO-NOV-2-600x646.jpg 600w, https:\/\/www.casf.org.ar\/colegio\/wp-content\/uploads\/2020\/12\/NIEVO-INGRESO-NOV-2.jpg 640w\" sizes=\"(max-width: 372px) 100vw, 372px\" \/>                                                              <\/div>\n              <div class=\"box-text text-left\" >\n                 <p><\/p>\n              <\/div>\n            <\/div>\n            <\/a>          <\/div>\n         <\/div>\n         <\/div>\n<\/div><\/div>\n<p>&nbsp;<\/p>\n<div class=\"accordion-item\"><a href=\"#\" class=\"accordion-title plain\"><button class=\"toggle\"><i class=\"icon-angle-down\"><\/i><\/button><span><strong>2019 - 2020<\/strong><\/span><\/a><div class=\"accordion-inner\">\n<p style=\"text-align: center;\"><strong>2019 &#8211; 2020<\/strong><\/p>\n<p style=\"text-align: left;\">* <strong><u>LA ORALIDAD: SU INCIDENCIA EN LAS T\u00c9CNCAS DE PRODUCCI\u00d3N DE LAS PRUEBAS<\/u><\/strong> Francisco C. Cecchini. &#8211; Panamericana; 2019<\/p>\n<p style=\"text-align: left;\">* <strong><u>LA REFORMA PROCESAL LABORAL EN SANTA FE (LEY N\u00b013.840)<\/u><\/strong> Alejando A. Fiorenza. &#8211; Libreria C\u00edvica, 2019<\/p>\n<p style=\"text-align: left;\">* <strong><u>MANUAL PR\u00c1CTICO DE DERECHO SUCESORIO: MODELOS DE ESCRITOS EXPLICADOS<\/u><\/strong> Francisco A. M. Ferrer &#8211;<em> RUBINZAL- CULZONI ; 2020<\/em><\/p>\n<p style=\"text-align: left;\">* <strong><u>PROCESO SUCESORIO (CUARTA EDICION AMPLIADA Y ACTUALIZADA) TOMO I Y II<\/u><\/strong> Graciela, Medina- RUBINZAL- CULZONI ; 2017<\/p>\n<p style=\"text-align: left;\">* <strong><u>LEY 27.551 SOBRE LOCACIONES: ESTUDIO SISTEM\u00c1TICO Y EXEG\u00c9TICO<\/u><\/strong> Carlos A. Hern\u00e1ndez- RUBINZAL- CULZONI; 2020<\/p>\n<p style=\"text-align: left;\">* <strong><u>DA\u00d1OS EN LAS RELACIONES FAMILIARES<\/u><\/strong> Francisco A. M. Ferrer &#8211; RUBINZAL- CULZONI ; 2019<\/p>\n<p style=\"text-align: left;\">* <strong><u>REVISTA DE DERECHO PRIVADO Y COMUNITARIO. CUESTIONES PATRIMONIALES DEL DERECHO DE LAS FAMILIAS &#8211; I Y II\u00bb<\/u><\/strong> RUBINZAL- CULZONI; 2020 &#8211; 1 Y 2<\/p>\n<p style=\"text-align: left;\">* <strong><u>REVISTA DE DERECHO LABORAL. ACTUALIDAD<\/u><\/strong> &#8211; RUBINZAL- CULZONI ; 2020-1<\/p>\n<p style=\"text-align: left;\">* <strong><u>REVISTA DE DERECHO LABORAL. LA RELACION DE DEPENDENCIA Y LAS NUEVAS FORMAS DE TRABAJAR Y CONTRATAR &#8211; I<\/u><\/strong> &#8211; RUBINZAL- CULZONI ; 2020 &#8211; I<\/p>\n<p style=\"text-align: left;\">* <strong><u>REVISTA DE DERECHO LABORAL. REFORMAS LABORALES: DE LAS REFORMAS PRODUCIDAS A LAS REFORMAS NECESARIAS &#8211; II<\/u><\/strong> &#8211; RUBINZAL- CULZONI ; 2020- II<\/p>\n<p style=\"text-align: left;\">* <strong><u>REVISTA DE DERECHO PROCESAL. LOS PRINCIPIOS PROCESALES &#8211; I<\/u><\/strong> &#8211; RUBINZAL- CULZONI ; 2020 -I<\/p>\n<p style=\"text-align: left;\">* <strong><u>REVISTA DE DERECHO DE DA\u00d1OS.DA\u00d1OS EN EL DERECHO DE FAMILIA- II<\/u><\/strong> &#8211; RUBINZAL- CULZONI ; 2019 &#8211; 3<\/p>\n<p style=\"text-align: left;\">* <strong><u>REVISTA DE DERECHO DE DA\u00d1OS. ACCIDENTES DE TRANSITO &#8211; I Y II<\/u><\/strong>\u00a0 &#8211; RUBINZAL- CULZONI ; 2020 &#8211; 1 Y 2<\/p>\n<\/div><\/div>\n<p>&nbsp;<\/p>\n<div class=\"accordion-item\"><a href=\"#\" class=\"accordion-title plain\"><button class=\"toggle\"><i class=\"icon-angle-down\"><\/i><\/button><span><strong>2021<\/strong><\/span><\/a><div class=\"accordion-inner\">\n<p style=\"text-align: center;\"><strong>Marzo 2021<\/strong><\/p>\n<p style=\"text-align: left;\">* <strong><u>LA ORALIDAD: SU INCIDENCIA EN LAS T\u00c9CNCAS DE PRODUCCI\u00d3N DE LAS PRUEBAS.<\/u><\/strong> Francisco C. Cecchini. &#8211; Panamericana; 2019<\/p>\n<p style=\"text-align: left;\">* <strong><u>LA REFORMA PROCESAL LABORAL EN SANTA FE (LEY N\u00b013.840).<\/u><\/strong> Alejando A. Fiorenza. &#8211; Libreria Civica, 2019<\/p>\n<p style=\"text-align: left;\">* <strong><u>MANUAL PR\u00c1CTICO DE DERECHO SUCESORIO: MODELOS DE ESCRITOS EXPLICADOS.<\/u><\/strong> Francisco A. M. Ferrer &#8211; RUBINZAL- CULZONI ; 2020<\/p>\n<p style=\"text-align: left;\">* <strong><u>PROCESO SUCESORIO\u00bb (CUARTA EDICION AMPLIADA Y ACTUALIZADA) TOMO I Y II.<\/u><\/strong> Graciela, Medina- RUBINZAL- CULZONI ; 2017<\/p>\n<p style=\"text-align: left;\">* <strong><u>LEY 27.551 SOBRE LOCACIONES: ESTUDIO SISTEM\u00c1TICO Y EXEG\u00c9TICO.<\/u><\/strong> Carlos A. Hern\u00e1ndez- RUBINZAL- CULZONI ; 2020<\/p>\n<p style=\"text-align: left;\">* <strong><u>DA\u00d1OS EN LAS RELACIONES FAMILIARES.<\/u><\/strong> Francisco A. M. Ferrer &#8211; RUBINZAL- CULZONI ; 2019<\/p>\n<p style=\"text-align: left;\">* <strong><u>REVISTA DE DERECHO PRIVADO Y COMUNITARIO. CUESTIONES PATRIMONIALES DEL DERECHO DE LAS FAMILIAS &#8211; I Y II.<\/u><\/strong> &#8211; RUBINZAL- CULZONI ; 2020 &#8211; 1 Y 2<\/p>\n<p style=\"text-align: left;\">* <strong><u>REVISTA DE DERECHO LABORAL \u00abACTUALIDAD\u00bb.<\/u><\/strong> &#8211; RUBINZAL- CULZONI ; 2020-1<\/p>\n<p style=\"text-align: left;\">* <strong><u>REVISTA DE DERECHO LABORAL \u00bb LA RELACION DE DEPENDENCIA Y LAS NUEVAS FORMAS DE TRABAJAR Y CONTRATAR &#8211; I\u00bb .<\/u><\/strong> &#8211; RUBINZAL- CULZONI; 2020 -I<\/p>\n<p style=\"text-align: left;\">* <strong><u>REVISTA DE DERECHO LABORAL \u00bb REFORMAS LABORALES: DE LAS REFORMAS PRODUCIDAS A LAS REFORMAS NECESARIAS &#8211; II\u00bb.<\/u><\/strong> RUBINZAL- CULZONI; 2020- II<\/p>\n<p style=\"text-align: left;\">* <strong><u>REVISTA DE DERECHO PROCESAL \u00bb LOS PRINCIPIOS PROCESALES &#8211; I\u00bb.<\/u><\/strong> &#8211; RUBINZAL- CULZONI ; 2020 -I<\/p>\n<p style=\"text-align: left;\">* <strong><u>REVISTA DE DERECHO DE DA\u00d1OS \u00abDA\u00d1OS EN EL DERECHO DE FAMILIA- II\u00bb.<\/u><\/strong> &#8211; RUBINZAL- CULZONI ; 2019 &#8211; 3<\/p>\n<p style=\"text-align: left;\">* <strong><u>REVISTA DE DERECHO DE DA\u00d1OS \u00abACCIDENTES DE TRANSITO &#8211; I Y II \u00ab.<\/u><\/strong> &#8211; RUBINZAL- CULZONI ; 2020 &#8211; 1 Y 2<\/p>\n<p>&nbsp;<\/p>\n<p><a href=\"https:\/\/www.casf.org.ar\/colegio\/wp-content\/uploads\/2021\/09\/Ingresos-biblio-1.jpeg\"><img decoding=\"async\" loading=\"lazy\" class=\"alignnone wp-image-12929\" src=\"https:\/\/www.casf.org.ar\/colegio\/wp-content\/uploads\/2021\/09\/Ingresos-biblio-1-434x400.jpeg\" alt=\"\" width=\"180\" height=\"166\" srcset=\"https:\/\/www.casf.org.ar\/colegio\/wp-content\/uploads\/2021\/09\/Ingresos-biblio-1-434x400.jpeg 434w, https:\/\/www.casf.org.ar\/colegio\/wp-content\/uploads\/2021\/09\/Ingresos-biblio-1.jpeg 619w\" sizes=\"(max-width: 180px) 100vw, 180px\" \/><\/a> <a href=\"https:\/\/www.casf.org.ar\/colegio\/wp-content\/uploads\/2021\/09\/Ingresos-biblio-2.jpeg\"><img decoding=\"async\" loading=\"lazy\" class=\"alignnone wp-image-12930\" src=\"https:\/\/www.casf.org.ar\/colegio\/wp-content\/uploads\/2021\/09\/Ingresos-biblio-2-434x400.jpeg\" alt=\"\" width=\"180\" height=\"166\" srcset=\"https:\/\/www.casf.org.ar\/colegio\/wp-content\/uploads\/2021\/09\/Ingresos-biblio-2-434x400.jpeg 434w, https:\/\/www.casf.org.ar\/colegio\/wp-content\/uploads\/2021\/09\/Ingresos-biblio-2.jpeg 619w\" sizes=\"(max-width: 180px) 100vw, 180px\" \/><\/a> <a href=\"https:\/\/www.casf.org.ar\/colegio\/wp-content\/uploads\/2021\/09\/Ingresos-biblio-3.jpeg\"><img decoding=\"async\" loading=\"lazy\" class=\"alignnone wp-image-12931\" src=\"https:\/\/www.casf.org.ar\/colegio\/wp-content\/uploads\/2021\/09\/Ingresos-biblio-3-434x400.jpeg\" alt=\"\" width=\"180\" height=\"166\" srcset=\"https:\/\/www.casf.org.ar\/colegio\/wp-content\/uploads\/2021\/09\/Ingresos-biblio-3-434x400.jpeg 434w, https:\/\/www.casf.org.ar\/colegio\/wp-content\/uploads\/2021\/09\/Ingresos-biblio-3.jpeg 619w\" sizes=\"(max-width: 180px) 100vw, 180px\" \/><\/a> <a href=\"https:\/\/www.casf.org.ar\/colegio\/wp-content\/uploads\/2021\/09\/Ingresos-biblio-4.jpeg\"><img decoding=\"async\" loading=\"lazy\" class=\"alignnone wp-image-12932\" src=\"https:\/\/www.casf.org.ar\/colegio\/wp-content\/uploads\/2021\/09\/Ingresos-biblio-4-434x400.jpeg\" alt=\"\" width=\"180\" height=\"166\" srcset=\"https:\/\/www.casf.org.ar\/colegio\/wp-content\/uploads\/2021\/09\/Ingresos-biblio-4-434x400.jpeg 434w, https:\/\/www.casf.org.ar\/colegio\/wp-content\/uploads\/2021\/09\/Ingresos-biblio-4.jpeg 619w\" sizes=\"(max-width: 180px) 100vw, 180px\" \/><\/a> <a href=\"https:\/\/www.casf.org.ar\/colegio\/wp-content\/uploads\/2021\/09\/Ingresos-biblio-5.jpeg\"><img decoding=\"async\" loading=\"lazy\" class=\"alignnone wp-image-12933\" src=\"https:\/\/www.casf.org.ar\/colegio\/wp-content\/uploads\/2021\/09\/Ingresos-biblio-5-434x400.jpeg\" alt=\"\" width=\"180\" height=\"166\" srcset=\"https:\/\/www.casf.org.ar\/colegio\/wp-content\/uploads\/2021\/09\/Ingresos-biblio-5-434x400.jpeg 434w, https:\/\/www.casf.org.ar\/colegio\/wp-content\/uploads\/2021\/09\/Ingresos-biblio-5.jpeg 619w\" sizes=\"(max-width: 180px) 100vw, 180px\" \/><\/a> <a href=\"https:\/\/www.casf.org.ar\/colegio\/wp-content\/uploads\/2021\/09\/Ingresos-biblio-6.jpeg\"><img decoding=\"async\" loading=\"lazy\" class=\"alignnone wp-image-12934\" src=\"https:\/\/www.casf.org.ar\/colegio\/wp-content\/uploads\/2021\/09\/Ingresos-biblio-6-434x400.jpeg\" alt=\"\" width=\"180\" height=\"166\" srcset=\"https:\/\/www.casf.org.ar\/colegio\/wp-content\/uploads\/2021\/09\/Ingresos-biblio-6-434x400.jpeg 434w, https:\/\/www.casf.org.ar\/colegio\/wp-content\/uploads\/2021\/09\/Ingresos-biblio-6.jpeg 619w\" sizes=\"(max-width: 180px) 100vw, 180px\" \/><\/a> <a href=\"https:\/\/www.casf.org.ar\/colegio\/wp-content\/uploads\/2021\/09\/Ingresos-biblio-7.jpeg\"><img decoding=\"async\" loading=\"lazy\" class=\"alignnone wp-image-12935\" src=\"https:\/\/www.casf.org.ar\/colegio\/wp-content\/uploads\/2021\/09\/Ingresos-biblio-7-435x400.jpeg\" alt=\"\" width=\"180\" height=\"166\" srcset=\"https:\/\/www.casf.org.ar\/colegio\/wp-content\/uploads\/2021\/09\/Ingresos-biblio-7-435x400.jpeg 435w, https:\/\/www.casf.org.ar\/colegio\/wp-content\/uploads\/2021\/09\/Ingresos-biblio-7.jpeg 620w\" sizes=\"(max-width: 180px) 100vw, 180px\" \/><\/a> <a href=\"https:\/\/www.casf.org.ar\/colegio\/wp-content\/uploads\/2021\/09\/Ingresos-biblio-8.jpeg\"><img decoding=\"async\" loading=\"lazy\" class=\"alignnone wp-image-12936\" src=\"https:\/\/www.casf.org.ar\/colegio\/wp-content\/uploads\/2021\/09\/Ingresos-biblio-8-434x400.jpeg\" alt=\"\" width=\"180\" height=\"166\" srcset=\"https:\/\/www.casf.org.ar\/colegio\/wp-content\/uploads\/2021\/09\/Ingresos-biblio-8-434x400.jpeg 434w, https:\/\/www.casf.org.ar\/colegio\/wp-content\/uploads\/2021\/09\/Ingresos-biblio-8.jpeg 619w\" sizes=\"(max-width: 180px) 100vw, 180px\" \/><\/a> <a href=\"https:\/\/www.casf.org.ar\/colegio\/wp-content\/uploads\/2021\/09\/Ingresos-biblio-9.jpeg\"><img decoding=\"async\" loading=\"lazy\" class=\"alignnone wp-image-12937\" src=\"https:\/\/www.casf.org.ar\/colegio\/wp-content\/uploads\/2021\/09\/Ingresos-biblio-9-434x400.jpeg\" alt=\"\" width=\"180\" height=\"166\" srcset=\"https:\/\/www.casf.org.ar\/colegio\/wp-content\/uploads\/2021\/09\/Ingresos-biblio-9-434x400.jpeg 434w, https:\/\/www.casf.org.ar\/colegio\/wp-content\/uploads\/2021\/09\/Ingresos-biblio-9.jpeg 619w\" sizes=\"(max-width: 180px) 100vw, 180px\" \/><\/a><\/p>\n<p>&nbsp;<\/p>\n<p style=\"text-align: center;\"><strong>Noviembre 2021<\/strong><\/p>\n<p><a href=\"https:\/\/www.casf.org.ar\/colegio\/wp-content\/uploads\/2021\/11\/noviembre-12.jpg\"><img decoding=\"async\" loading=\"lazy\" class=\"alignnone wp-image-13737\" src=\"https:\/\/www.casf.org.ar\/colegio\/wp-content\/uploads\/2021\/11\/noviembre-12-435x400.jpg\" alt=\"\" width=\"180\" height=\"166\" srcset=\"https:\/\/www.casf.org.ar\/colegio\/wp-content\/uploads\/2021\/11\/noviembre-12-435x400.jpg 435w, https:\/\/www.casf.org.ar\/colegio\/wp-content\/uploads\/2021\/11\/noviembre-12.jpg 440w\" sizes=\"(max-width: 180px) 100vw, 180px\" \/><\/a> <a href=\"https:\/\/www.casf.org.ar\/colegio\/wp-content\/uploads\/2021\/11\/noviembre-13.jpg\"><img decoding=\"async\" loading=\"lazy\" class=\"alignnone wp-image-13738\" src=\"https:\/\/www.casf.org.ar\/colegio\/wp-content\/uploads\/2021\/11\/noviembre-13-435x400.jpg\" alt=\"\" width=\"180\" height=\"166\" srcset=\"https:\/\/www.casf.org.ar\/colegio\/wp-content\/uploads\/2021\/11\/noviembre-13-435x400.jpg 435w, https:\/\/www.casf.org.ar\/colegio\/wp-content\/uploads\/2021\/11\/noviembre-13.jpg 440w\" sizes=\"(max-width: 180px) 100vw, 180px\" \/><\/a> <a href=\"https:\/\/www.casf.org.ar\/colegio\/wp-content\/uploads\/2021\/11\/noviembre-11.jpg\"><img decoding=\"async\" loading=\"lazy\" class=\"alignnone wp-image-13739\" src=\"https:\/\/www.casf.org.ar\/colegio\/wp-content\/uploads\/2021\/11\/noviembre-11-435x400.jpg\" alt=\"\" width=\"180\" height=\"166\" srcset=\"https:\/\/www.casf.org.ar\/colegio\/wp-content\/uploads\/2021\/11\/noviembre-11-435x400.jpg 435w, https:\/\/www.casf.org.ar\/colegio\/wp-content\/uploads\/2021\/11\/noviembre-11.jpg 440w\" sizes=\"(max-width: 180px) 100vw, 180px\" \/><\/a> <a href=\"https:\/\/www.casf.org.ar\/colegio\/wp-content\/uploads\/2021\/11\/noviembre-09.jpg\"><img decoding=\"async\" loading=\"lazy\" class=\"alignnone wp-image-13740\" src=\"https:\/\/www.casf.org.ar\/colegio\/wp-content\/uploads\/2021\/11\/noviembre-09-435x400.jpg\" alt=\"\" width=\"180\" height=\"166\" srcset=\"https:\/\/www.casf.org.ar\/colegio\/wp-content\/uploads\/2021\/11\/noviembre-09-435x400.jpg 435w, https:\/\/www.casf.org.ar\/colegio\/wp-content\/uploads\/2021\/11\/noviembre-09.jpg 440w\" sizes=\"(max-width: 180px) 100vw, 180px\" \/><\/a> <a href=\"https:\/\/www.casf.org.ar\/colegio\/wp-content\/uploads\/2021\/11\/noviembre-10.jpg\"><img decoding=\"async\" loading=\"lazy\" class=\"alignnone wp-image-13741\" src=\"https:\/\/www.casf.org.ar\/colegio\/wp-content\/uploads\/2021\/11\/noviembre-10-435x400.jpg\" alt=\"\" width=\"180\" height=\"166\" srcset=\"https:\/\/www.casf.org.ar\/colegio\/wp-content\/uploads\/2021\/11\/noviembre-10-435x400.jpg 435w, https:\/\/www.casf.org.ar\/colegio\/wp-content\/uploads\/2021\/11\/noviembre-10.jpg 440w\" sizes=\"(max-width: 180px) 100vw, 180px\" \/><\/a> <a href=\"https:\/\/www.casf.org.ar\/colegio\/wp-content\/uploads\/2021\/11\/noviembre-08.jpg\"><img decoding=\"async\" loading=\"lazy\" class=\"alignnone wp-image-13742\" src=\"https:\/\/www.casf.org.ar\/colegio\/wp-content\/uploads\/2021\/11\/noviembre-08-435x400.jpg\" alt=\"\" width=\"180\" height=\"166\" srcset=\"https:\/\/www.casf.org.ar\/colegio\/wp-content\/uploads\/2021\/11\/noviembre-08-435x400.jpg 435w, https:\/\/www.casf.org.ar\/colegio\/wp-content\/uploads\/2021\/11\/noviembre-08.jpg 440w\" sizes=\"(max-width: 180px) 100vw, 180px\" \/><\/a> <a href=\"https:\/\/www.casf.org.ar\/colegio\/wp-content\/uploads\/2021\/11\/noviembre-07.jpg\"><img decoding=\"async\" loading=\"lazy\" class=\"alignnone wp-image-13743\" src=\"https:\/\/www.casf.org.ar\/colegio\/wp-content\/uploads\/2021\/11\/noviembre-07-435x400.jpg\" alt=\"\" width=\"180\" height=\"166\" srcset=\"https:\/\/www.casf.org.ar\/colegio\/wp-content\/uploads\/2021\/11\/noviembre-07-435x400.jpg 435w, https:\/\/www.casf.org.ar\/colegio\/wp-content\/uploads\/2021\/11\/noviembre-07.jpg 440w\" sizes=\"(max-width: 180px) 100vw, 180px\" \/><\/a> <a href=\"https:\/\/www.casf.org.ar\/colegio\/wp-content\/uploads\/2021\/11\/noviembre-06.jpg\"><img decoding=\"async\" loading=\"lazy\" class=\"alignnone wp-image-13744\" src=\"https:\/\/www.casf.org.ar\/colegio\/wp-content\/uploads\/2021\/11\/noviembre-06-435x400.jpg\" alt=\"\" width=\"180\" height=\"166\" srcset=\"https:\/\/www.casf.org.ar\/colegio\/wp-content\/uploads\/2021\/11\/noviembre-06-435x400.jpg 435w, https:\/\/www.casf.org.ar\/colegio\/wp-content\/uploads\/2021\/11\/noviembre-06.jpg 440w\" sizes=\"(max-width: 180px) 100vw, 180px\" \/><\/a> <a href=\"https:\/\/www.casf.org.ar\/colegio\/wp-content\/uploads\/2021\/11\/noviembre-05.jpg\"><img decoding=\"async\" loading=\"lazy\" class=\"alignnone wp-image-13745\" src=\"https:\/\/www.casf.org.ar\/colegio\/wp-content\/uploads\/2021\/11\/noviembre-05-435x400.jpg\" alt=\"\" width=\"180\" height=\"166\" srcset=\"https:\/\/www.casf.org.ar\/colegio\/wp-content\/uploads\/2021\/11\/noviembre-05-435x400.jpg 435w, https:\/\/www.casf.org.ar\/colegio\/wp-content\/uploads\/2021\/11\/noviembre-05.jpg 440w\" sizes=\"(max-width: 180px) 100vw, 180px\" \/><\/a> <a href=\"https:\/\/www.casf.org.ar\/colegio\/wp-content\/uploads\/2021\/11\/noviembre-04.jpg\"><img decoding=\"async\" loading=\"lazy\" class=\"alignnone wp-image-13746\" src=\"https:\/\/www.casf.org.ar\/colegio\/wp-content\/uploads\/2021\/11\/noviembre-04-435x400.jpg\" alt=\"\" width=\"180\" height=\"166\" srcset=\"https:\/\/www.casf.org.ar\/colegio\/wp-content\/uploads\/2021\/11\/noviembre-04-435x400.jpg 435w, https:\/\/www.casf.org.ar\/colegio\/wp-content\/uploads\/2021\/11\/noviembre-04.jpg 440w\" sizes=\"(max-width: 180px) 100vw, 180px\" \/><\/a> <a href=\"https:\/\/www.casf.org.ar\/colegio\/wp-content\/uploads\/2021\/11\/noviembre-03.jpg\"><img decoding=\"async\" loading=\"lazy\" class=\"alignnone wp-image-13747\" src=\"https:\/\/www.casf.org.ar\/colegio\/wp-content\/uploads\/2021\/11\/noviembre-03-435x400.jpg\" alt=\"\" width=\"180\" height=\"166\" srcset=\"https:\/\/www.casf.org.ar\/colegio\/wp-content\/uploads\/2021\/11\/noviembre-03-435x400.jpg 435w, https:\/\/www.casf.org.ar\/colegio\/wp-content\/uploads\/2021\/11\/noviembre-03.jpg 440w\" sizes=\"(max-width: 180px) 100vw, 180px\" \/><\/a> <a href=\"https:\/\/www.casf.org.ar\/colegio\/wp-content\/uploads\/2021\/11\/noviembre-02.jpg\"><img decoding=\"async\" loading=\"lazy\" class=\"alignnone wp-image-13748\" src=\"https:\/\/www.casf.org.ar\/colegio\/wp-content\/uploads\/2021\/11\/noviembre-02-435x400.jpg\" alt=\"\" width=\"180\" height=\"166\" srcset=\"https:\/\/www.casf.org.ar\/colegio\/wp-content\/uploads\/2021\/11\/noviembre-02-435x400.jpg 435w, https:\/\/www.casf.org.ar\/colegio\/wp-content\/uploads\/2021\/11\/noviembre-02.jpg 440w\" sizes=\"(max-width: 180px) 100vw, 180px\" \/><\/a> <a href=\"https:\/\/www.casf.org.ar\/colegio\/wp-content\/uploads\/2021\/11\/noviembre-01.jpg\"><img decoding=\"async\" loading=\"lazy\" class=\"alignnone wp-image-13749\" src=\"https:\/\/www.casf.org.ar\/colegio\/wp-content\/uploads\/2021\/11\/noviembre-01-435x400.jpg\" alt=\"\" width=\"180\" height=\"166\" srcset=\"https:\/\/www.casf.org.ar\/colegio\/wp-content\/uploads\/2021\/11\/noviembre-01-435x400.jpg 435w, https:\/\/www.casf.org.ar\/colegio\/wp-content\/uploads\/2021\/11\/noviembre-01.jpg 440w\" sizes=\"(max-width: 180px) 100vw, 180px\" \/><\/a><\/p>\n<\/div><\/div>\n<div class=\"accordion-item\"><a href=\"#\" class=\"accordion-title plain\"><button class=\"toggle\"><i class=\"icon-angle-down\"><\/i><\/button><span><strong>2022<\/strong><\/span><\/a><div class=\"accordion-inner\">\n<p style=\"text-align: center; background: white; margin: 0cm 0cm 15.6pt 0cm;\" align=\"center\"><strong><span style=\"font-size: 11.0pt; font-family: Arial; color: black;\">SEPTIEMBRE 2022<\/span><\/strong><\/p>\n<p style=\"background: white; margin: 0cm 0cm 15.6pt 0cm;\"><span style=\"font-size: 11.0pt; font-family: Arial; color: black;\">*\u00a0<strong><u><span style=\"font-family: Arial;\">LA VIOLENCIA EN LAS RELACIONES DE FAMILIA. TOMO I. <\/span><\/u><\/strong>A\u00edda Kemelmajer de Carlucci. \u2013 RUBINZAL-CULZONI; 2022<\/span><\/p>\n<p style=\"background: white; margin: 0cm 0cm 15.6pt 0cm;\"><span style=\"font-size: 11.0pt; font-family: Arial; color: black;\">*\u00a0<strong><u><span style=\"font-family: Arial;\">LA VIOLENCIA EN LAS RELACIONES DE FAMILIA. TOMO II. <\/span><\/u><\/strong>A\u00edda Kemelmajer de Carlucci. \u2013 RUBINZAL-CULZONI; 2022<\/span><\/p>\n<p style=\"background: white; margin: 0cm 0cm 15.6pt 0cm;\"><span style=\"font-size: 11.0pt; font-family: Arial; color: black;\">*\u00a0<strong><u><span style=\"font-family: Arial;\">MAPEO DE CONFLICTOS: TECNICA PARA LA EXPLORACION DE LOS CONFLICTOS\u201d.<\/span><\/u><\/strong>\u00a0Ra\u00fal Calvo Soler \u2013 GEDISA ; 2014<\/span><\/p>\n<p style=\"background: white; margin: 0cm 0cm 15.6pt 0cm;\"><span style=\"font-size: 11.0pt; font-family: Arial; color: black; background: white;\">*\u00a0<strong><u><span style=\"font-family: Arial;\">REVISTA DE DERECHO LABORAL \u201d LAS INDEMNIZACIONES LABORALES \u2013 I\u201d <\/span><\/u><\/strong>\u00a0\u2013 RUBINZAL- CULZONI; 2022-I<\/span><\/p>\n<p style=\"background: white; margin: 0cm 0cm 15.6pt 0cm;\"><span style=\"font-size: 11.0pt; font-family: Arial; color: black; background: white;\">*\u00a0<strong><u><span style=\"font-family: Arial;\">REVISTA DE DERECHO LABORAL\u201d ACTUALIDAD \u201d.<\/span><\/u><\/strong>\u00a0RUBINZAL- CULZONI; 2022- I<\/span><\/p>\n<p style=\"background: white; margin: 0cm 0cm 15.6pt 0cm;\"><span style=\"font-size: 11.0pt; font-family: Arial; color: black; background: white;\">*\u00a0<strong><u><span style=\"font-family: Arial;\">REVISTA DE DERECHO DE DA\u00d1OS \u201cDERECHOS DEL CONSUMIDOR-I\u201d.<\/span><\/u><\/strong>\u00a0\u2013 RUBINZAL- CULZONI ; 2022-1<\/span><\/p>\n<p style=\"background: white; margin: 0cm 0cm 15.6pt 0cm;\"><span style=\"font-size: 11.0pt; font-family: Arial; color: black; background: white;\">*\u00a0<strong><u><span style=\"font-family: Arial;\">REVISTA DE DERECHO PRIVADO Y COMUNITARIO \u201cPERSPECTIVA DE GENERO Y SU IMPACTO EN EL DERECHO PRIVADO\u201d<\/span><\/u><\/strong> RUBINZAL- CULZONI ; 2022\u2013 1 <\/span><\/p>\n<p style=\"background: white; margin: 0cm 0cm 15.6pt 0cm;\"><span style=\"font-size: 11.0pt; font-family: Arial; color: black; background: white;\">*\u00a0<strong><u><span style=\"font-family: Arial;\">REVISTA DE DERECHO PROCESAL\u201d EL IMPACTO DEL CODIGO CIVIL Y COMERCIAL EN EL PROCESO \u2013 I \u201c<\/span><\/u><\/strong>RUBINZAL- CULZONI ; 2022\u2013 1 <\/span><\/p>\n<p style=\"text-align: center;\"><strong>DICIEMBRE 2022<\/strong><\/p>\n<p><strong><span style=\"color: #000000;\"><span style=\"font-family: Arial, sans-serif;\"><span style=\"font-size: small;\"><u><b>*CODIGO CIVIL Y COMERCIAL DE LA NACION y LEYES ESPECIALES : COMENTADO Y ANOTADO CON PERSPECTIVA DE GENERO. TOMO I.<\/b><\/u><\/span><\/span><\/span><\/strong><u> <\/u><span style=\"color: #000000;\"><span style=\"font-family: Arial, sans-serif;\"><span style=\"font-size: small;\">Marisa Herrera y Natalia de la Torre (Dir.) ; Editores del Sur, 2022<\/span><\/span><\/span><\/p>\n<p><strong><span style=\"color: #000000;\"><span style=\"font-family: Arial, sans-serif;\"><span style=\"font-size: small;\"><u><b>*CODIGO CIVIL Y COMERCIAL DE LA NACION y LEYES ESPECIALES : COMENTADO Y ANOTADO CON PERSPECTIVA DE GENERO. TOMO II. <\/b><\/u><\/span><\/span><\/span><\/strong><span style=\"color: #000000;\"><span style=\"font-family: Arial, sans-serif;\"><span style=\"font-size: small;\">Marisa Herrera y Natalia de la Torre (Dir.) ; Editores del Sur, 2022<\/span><\/span><\/span><\/p>\n<p><strong><span style=\"color: #000000;\"><span style=\"font-family: Arial, sans-serif;\"><span style=\"font-size: small;\"><u><b>*CODIGO CIVIL Y COMERCIAL DE LA NACION y LEYES ESPECIALES : COMENTADO Y ANOTADO CON PERSPECTIVA DE GENERO. TOMO III. <\/b><\/u><\/span><\/span><\/span><\/strong><span style=\"color: #000000;\"><span style=\"font-family: Arial, sans-serif;\"><span style=\"font-size: small;\">Marisa Herrera y Natalia de la Torre (Dir.) ; Editores del Sur, 2022<\/span><\/span><\/span><\/p>\n<p><strong><span style=\"color: #000000;\"><span style=\"font-family: Arial, sans-serif;\"><span style=\"font-size: small;\"><u><b>*CODIGO CIVIL Y COMERCIAL DE LA NACION y LEYES ESPECIALES : COMENTADO Y ANOTADO CON PERSPECTIVA DE GENERO. TOMO IV. <\/b><\/u><\/span><\/span><\/span><\/strong><span style=\"color: #000000;\"><span style=\"font-family: Arial, sans-serif;\"><span style=\"font-size: small;\">Marisa Herrera y Natalia de la Torre (Dir.) ; Editores del Sur, 2022<\/span><\/span><\/span><\/p>\n<p><strong><span style=\"color: #000000;\"><span style=\"font-family: Arial, sans-serif;\"><span style=\"font-size: small;\"><u><b>*CODIGO CIVIL Y COMERCIAL DE LA NACION y LEYES ESPECIALES : COMENTADO Y ANOTADO CON PERSPECTIVA DE GENERO. TOMO V. <\/b><\/u><\/span><\/span><\/span><\/strong><span style=\"color: #000000;\"><span style=\"font-family: Arial, sans-serif;\"><span style=\"font-size: small;\">Marisa Herrera y Natalia de la Torre (Dir.) ; Editores del Sur, 2022<\/span><\/span><\/span><\/p>\n<p><strong><span style=\"color: #000000;\"><span style=\"font-family: Arial, sans-serif;\"><span style=\"font-size: small;\"><u><b>*JURISPRUDENCIA SANTAFESINA : REVISTA DE DOCTRINA Y JURISPRUDENCIA DE LA PROVINCIA DE SANTA FE. N.\u00ba 127. <\/b><\/u><\/span><\/span><\/span><\/strong><span style=\"color: #000000;\"><span style=\"font-family: Arial, sans-serif;\"><span style=\"font-size: small;\">Julio E. Chiappini (Dir.) ; Juridica Panamericana, 2022<\/span><\/span><\/span><\/p>\n<p>&nbsp;<\/p>\n<p><a href=\"https:\/\/www.casf.org.ar\/colegio\/wp-content\/uploads\/2022\/12\/IMG-20221214-WA0007_web.jpg\"><img decoding=\"async\" loading=\"lazy\" class=\"size-full wp-image-18734 alignleft\" src=\"https:\/\/www.casf.org.ar\/colegio\/wp-content\/uploads\/2022\/12\/IMG-20221214-WA0007_web.jpg\" alt=\"\" width=\"440\" height=\"248\" \/><\/a><\/p>\n<p>&nbsp;<\/p>\n<p>&nbsp;<\/p>\n<p>&nbsp;<\/p>\n<p>&nbsp;<\/p>\n<p>&nbsp;<\/p>\n<p>&nbsp;<\/p>\n<p>&nbsp;<\/p>\n<p><u><b>REVISTA DE DERECHO PROCESAL<\/b><\/u>: \u201cEl Impacto del C\u00f3digo Civil y Comercial en el proceso II\u201d. Rubinzal \u2013 Culzoni; 2022-2<\/p>\n<p><u><b>REVISTA DE DERECHO DE DA\u00d1OS<\/b><\/u>: \u201c Derechos del Consumidor II\u201d. Rubinzal \u2013 Culzoni; 20222-2<\/p>\n<p><u><b>REVISTA DE DERECHO PRIVADO Y COMUNITARIO<\/b><\/u>: \u201c Acciones posesorias y Acciones reales\u201d . Rubinzal- Culzoni; 2022-2<\/p>\n<p><a href=\"https:\/\/www.casf.org.ar\/colegio\/wp-content\/uploads\/2022\/12\/Foto-2022-12-20.jpeg\"><img decoding=\"async\" loading=\"lazy\" class=\"alignnone size-full wp-image-18747\" src=\"https:\/\/www.casf.org.ar\/colegio\/wp-content\/uploads\/2022\/12\/Foto-2022-12-20.jpeg\" alt=\"\" width=\"440\" height=\"248\" \/><\/a><\/p>\n<\/div><\/div>\n<div class=\"accordion-item\"><a href=\"#\" class=\"accordion-title plain\"><button class=\"toggle\"><i class=\"icon-angle-down\"><\/i><\/button><span><strong>Otras adquisiciones<\/strong><\/span><\/a><div class=\"accordion-inner\">\n<p>Otras obras en <a href=\"http:\/\/www.casf.org.ar\/colegio\/wp-content\/uploads\/2020\/12\/ultimos_libros_adquiridos_2017-03-27.pdf\" target=\"_blank\" rel=\"noopener noreferrer\"><u>este listado<\/u><\/a><\/p>\n<\/div><\/div>\n<p>&nbsp;<\/p>\n<\/div>\n<\/div>\n<div class=\"panel entry-content\" id=\"tab_biblioteca-virtual-de-g\u00e9nero\">\n<div data-post-id=\"12809\" class=\"insert-page insert-page-12809 \"><p><strong>BIBLIOTECA VIRTUAL CASF- INSTITUTO DE LOS DERECHOS DE LAS MUJERES, G\u00c9NERO Y DISIDENCIAS SEXUALES<\/strong><\/p>\n<p>-\u201c<a href=\"https:\/\/drive.google.com\/file\/d\/1CLJ17zOBvHtZa4DEIDlgQMIfusPZIKo5\/view?usp=sharing\">Derechos Sexuales<\/a>\u201d Autora: Valladares Tayupanta, Lola Marisol.<\/p>\n<p>-\u201c<a href=\"https:\/\/drive.google.com\/file\/d\/1EvwVON5NlI9MBNQzMxtZ-oYfCNg4UBKJ\/view?usp=sharing\">La paridad pol\u00edtica en argentina avances y desaf\u00edos<\/a>\u201d Proyecto ATENEA (Mecanismo de aceleraci\u00f3n de la participaci\u00f3n pol\u00edtica de las mujeres en Am\u00e9rica Latina).<\/p>\n<p>&#8211; \u201c<a href=\"https:\/\/drive.google.com\/file\/d\/1Ux9jurrfM-465nXaBRSNClACi73PP2SN\/view?usp=sharing\">Devenir feminista una trayectoria pol\u00edtico- intelectual<\/a>\u201d Autora: Dora Barrancos.<\/p>\n<p>-\u201c<a href=\"https:\/\/drive.google.com\/file\/d\/1AudZ1L6tyDbwTE9wT9Qh9IS_FIDxi5Fe\/view?usp=sharing\">Violencia contra mujeres privadas de libertad<\/a>\u201d Autora: Lourdes Bascary; Editorial: CLADES<\/p>\n<p>-\u201c<a href=\"https:\/\/drive.google.com\/file\/d\/1kQN7yO-2CpL8CpJWEQcqDgYY8MW4pt9-\/view?usp=sharing\">Miradas latinoamericanas a los cuidados<\/a>\u201d Coordinaci\u00f3n: Karina Batthy\u00e1ny. Editorial: Siglo veintiuno.<\/p>\n<p>-\u201c<a href=\"https:\/\/drive.google.com\/file\/d\/1Chn6KSym_azXqyWCm7EihihjOgieRNlh\/view?usp=sharing\">El g\u00e9nero en disputa &#8211; El feminismo y la subversi\u00f3n de la identidad<\/a>\u201d Judith Butler; Editorial: Paid\u00f3s.<\/p>\n<p>-\u201c<a href=\"https:\/\/drive.google.com\/file\/d\/1I0RdeOBwbYo2FNxjx_6atDQC29lsT-f1\/view?usp=sharing\">Masculinidades<\/a>\u201d; cuadernillo elaborado por la Direcci\u00f3n General de la Mujer, Subsecretaria de Promoci\u00f3n Social, Ministerio de desarrollo Humano y H\u00e1bitat.<\/p>\n<p>&#8211; \u201c<a href=\"https:\/\/drive.google.com\/file\/d\/1HtrH9lXjUX7yC91gpdpcdMpVCkRmcHDB\/view?usp=sharing\">As\u00ed aprendimos a ser hombres<\/a>\u201d; Campos Guadamuz, \u00c1lvaro.<\/p>\n<p>-\u201c<a href=\"https:\/\/drive.google.com\/file\/d\/1VHoj_Q4sQLYxq1w4FtEdNyr44E4nSiwH\/view?usp=sharing\">Activismos feministas j\u00f3venes &#8211; emergencias, actrices y luchas en Am\u00e9rica Latina<\/a>\u201d; Editorial Clacso.<\/p>\n<p>-\u201c<a href=\"https:\/\/drive.google.com\/file\/d\/1GPmrHz_YdZ3St4_JD52jlOTMbOKGGMzd\/view?usp=sharing\">Feminismos y sindicatos en Iberoam\u00e9rica<\/a>\u201d; Nora Goren y Vanesa Lorena Prieto (eds.); Editorial Clacso.<\/p>\n<p>-\u201c<a href=\"https:\/\/drive.google.com\/file\/d\/1vU7VJGJZzADEXd5UB5Gk7SwWuae9ClOX\/view?usp=sharing\">Genero, sexualidad e izquierdas latinoamericanas- el reclamo de derechos durante la Marea Rosa<\/a>\u201d Elisabeth Jay Friedman- Editorial FLACSO<\/p>\n<p>-\u201c<a href=\"https:\/\/drive.google.com\/file\/d\/1NXGTIGGMs8AHffMy4ifbNFy1-ApfjFlC\/view?usp=sharing\">Luchas alternativas para una econom\u00eda feminista emancipatoria<\/a>\u201d Patricio Dobree y Natalia Quiroga Diaz (compiladoras)<\/p>\n<p>-\u201c<a href=\"https:\/\/drive.google.com\/file\/d\/1sUZC36bpsGk65P_aclKyfkWMS2Kr0EGZ\/view?usp=sharing\">Marchas y contramarchas en la pol\u00edticas locales de g\u00e9nero- din\u00e1micas territoriales y ciudadan\u00eda de las mujeres en am\u00e9rica Latina<\/a>\u201d Ana Laura Rodriguez Gust\u00e1 (editora)<\/p>\n<p>-\u201c<a href=\"https:\/\/drive.google.com\/file\/d\/1AynPqEzIyy8_PcdFj0GZE_hQpVMi4qX5\/view?usp=sharing\">Pr\u00e1cticas jur\u00eddicas feministas<\/a>\u201d Editorial Cladem\u201d Susana Chiarotti y Mar\u00eda Gabriela Fil\u00f3n<\/p>\n<p>-\u201c<a href=\"https:\/\/drive.google.com\/file\/d\/1jBZ4pME4FRHt5tQBJtdQiTUt08c2nkHL\/view?usp=sharing\">Mujeres imputadas en contextos de violencia o vulnerabilidad- hacia una teor\u00eda del delito con enfoque de g\u00e9nero<\/a>\u201d Patricia Laurenzo Copello, Rita Laura Segato, Raquel Asensio, Julia Di Corleto, Cecilia Gonzalez<\/p>\n<p>-\u201c<a href=\"https:\/\/www.segobver.gob.mx\/genero\/docs\/Biblioteca\/El_segundo_sexo.pdf\">El segundo Sexo<\/a>\u201d Simone de Beauvoir<\/p>\n<p>-\u201c<a href=\"https:\/\/drive.google.com\/file\/d\/1C8nQzp-xXSWt_TYn8DaHMO66jHJ_5MnS\/view?usp=sharing\">Dec\u00e1logo para abordar las violencias hacia las mujeres en \u00e9pocas de aislamiento social<\/a>\u201d<\/p>\n<p>-\u201c<a href=\"https:\/\/drive.google.com\/file\/d\/1E9dLWte1wxszSVzDEY_8lNimRDgRWKfY\/view?usp=sharing\">Derechos humanos, g\u00e9nero y violencias<\/a>\u201d Universidad Nacional de C\u00f3rdoba<\/p>\n<p>-\u201c<a href=\"https:\/\/drive.google.com\/file\/d\/1BdV0-tbkZz1feop7yzXoeqlW36LXZhSC\/view?usp=sharing\">Cuando el g\u00e9nero suena cambios trae- una metodolog\u00eda para el an\u00e1lisis<\/a><br \/>\nde g\u00e9nero del fen\u00f3meno legal\u201d Alda Facio Montejo<\/p>\n<p>-\u201c<a href=\"https:\/\/drive.google.com\/file\/d\/1IGJxowa2d55FKl9o0ArlfcMhBCIQXB3M\/view?usp=sharing\">Masculinidades y desarrollo social- las relaciones de g\u00e9nero desde la perspectiva de los hombres<\/a>\u201d Eleonor Faur<\/p>\n<p>-\u201c<a href=\"https:\/\/drive.google.com\/file\/d\/1Fk3bHWLevMjo1dztuSHhsU8HTZHr65Ou\/view?usp=sharing\">Revoluci\u00f3n en punto cero- trabajo dom\u00e9stico, reproducci\u00f3n y luchas feministas<\/a>\u201d Silvia Federico<\/p>\n<p>-\u00ab<a href=\"https:\/\/drive.google.com\/file\/d\/1AVbXswbWhfWR39tpnH7HUVUNhbXYT5JN\/view?usp=sharing\">Salud feminista, soberan\u00eda de los cuerpos, poder y organizaci\u00f3n<\/a>\u201d Sabrina Bala\u00f1a, Agostina Finielli, Carla Giuliano, Andrea Paz y Carlota Ram\u00edrez<\/p>\n<p>-\u201c<a href=\"https:\/\/drive.google.com\/file\/d\/1f08bW2zX0PZD1kKazjxdbQ_gBjOFXvI6\/view?usp=sharing\">Marchas y contramarchas en las pol\u00edticas locales de g\u00e9nero- din\u00e1micas territoriales y ciudadan\u00eda de las mujeres en am\u00e9rica Latina<\/a>\u201d Ana Laura Rodriguez Gust\u00e1<\/p>\n<p>-\u201c<a href=\"https:\/\/drive.google.com\/file\/d\/1I7yk-iI7TXh8nhTYtsgiCLQV80-Wc-Eo\/view?usp=sharing\">La caja de la masculinidad- Un estudio sobre lo que significa ser hombre joven en Estados Unidos, el Reino Unido y M\u00e9xico<\/a>\u201d Brian Heilman, Gary Barker y Alexander Harrison<\/p>\n<p>-\u201c<a href=\"https:\/\/drive.google.com\/file\/d\/1IFjrEb3w0DRD9UykQt3O5a_3eeSBjUtQ\/view?usp=sharing\">Los hombres, la igualdad y las nuevas masculinidades<\/a>\u201d Ander Bergara, Josetxu Riviere y Ritxar Bacete<\/p>\n<p>-\u201c<a href=\"https:\/\/drive.google.com\/file\/d\/1_oclZ0D7EI8lIwrArKLvKLu18tjuRrbC\/view?usp=sharing\">Las tramas del tiempo, familia, g\u00e9nero, memorias, derechos y movimientos sociales<\/a>\u201d Elizabeth Jelin<\/p>\n<p>-\u201c<a href=\"https:\/\/drive.google.com\/file\/d\/1AuBeAB1NxXNnj4Hg5QabNfT3VTV65K1T\/view?usp=sharing\">La cerda punk- Ensayos desde un feminismo gordo, l\u00e9sbiko, antikapitalista &amp; antiespecista<\/a>\u201d Constanzx Alvarez Castillo<\/p>\n<p>-\u201c<a href=\"https:\/\/drive.google.com\/file\/d\/1DwppwezyJ3zG59V1PVaepRsuUgj-7gp5\/view?usp=sharing\">La concepci\u00f3n del poder desde las mujeres<\/a>\u201d &#8211; Foro de l\u00edderes mujeres pol\u00edticas de Latinoam\u00e9rica<\/p>\n<p>-\u201c<a href=\"https:\/\/drive.google.com\/file\/d\/1DbI1hmkjxYZ6LzgIxpdD2iA0VjbZR-Q2\/view?usp=sharing\">La mujer ausente- derechos humanos en el mundo<\/a>\u201d Ximena Bunster, Cynthia Enloe y Regina Rodriguez (editoras)<\/p>\n<p>-\u201c<a href=\"https:\/\/drive.google.com\/file\/d\/1ENFFSvC5bQk-m0ng7YUTDq7DVRj8aqeL\/view?usp=sharing\">Sexualidad y salud en la adolescencia- Herramientas te\u00f3ricas y practicas para ejercer nuestros derechos<\/a>\u201d Manual de capacitaci\u00f3n, Cecilia Correa, Eleonor Faur, Mar\u00eda In\u00e9s Re y Laura Pagani<\/p>\n<p>&#8211; \u201c<a href=\"https:\/\/drive.google.com\/file\/d\/1BGjA87T8Aka3PIszf5vV1UBY-UgdbwDj\/view?usp=sharing\">El coronavirus y el derecho de familia<\/a>\u201d Graciela Medina; La Ley , Lunes 30 de Marzo de 2020<\/p>\n<p>-\u201c<a href=\"https:\/\/drive.google.com\/file\/d\/1n-gnUml7B8zJEFuc5-GEmBSs3uoFytdq\/view?usp=sharing\">Feminismo popular y revoluci\u00f3n- Entre la militancia y la antropolog\u00eda<\/a>\u201d Mercedes Olivera, Editorial FLACSO<\/p>\n<p>-\u201c<a href=\"https:\/\/drive.google.com\/file\/d\/1NTBANAcfEMpKEYBSMC3-LuANTTmHWIqO\/view?usp=sharing\">Revoluci\u00f3n feminista y pol\u00edticas de lo com\u00fan frente a la extrema derecha<\/a>\u201d Mar\u00eda Eugenia R. Palop, Editorial Claco<\/p>\n<p>-\u201c<a href=\"https:\/\/drive.google.com\/file\/d\/1IHI7a5B2x2ZGU7Ws1fLeAQHCAuHn6POV\/view?usp=sharing\">Porque Soy Hombre\u2026Una Visi\u00f3n a la Nueva Masculinidad<\/a>\u201d H\u00e9ctor Pizarro<\/p>\n<p>&#8211;<a href=\"https:\/\/drive.google.com\/file\/d\/1FbfHAvu8E-3hPJ7bpeaNyJNcT-W3BguT\/view?usp=sharing\">Resumen de los aspectos m\u00e1s importantes de la sentencia de la Corte Interamericana de Derechos Humanos en el Caso Gonz\u00e1lez y otras<\/a> (\u201cCampo Algodonero\u201d) vs. M\u00e9xico, Fanny G\u00f3mez-Lugo.<\/p>\n<p>-\u201c<a href=\"https:\/\/drive.google.com\/file\/d\/1FdonReEjnmpGmt_tzwK6SmU9kCu0uZLz\/view?usp=sharing\">El desaf\u00edo de interpelarnos<\/a>\u201d Revista del colegio de abogados N\u00b0 11 (CASF), Instituto de derechos de la mujer<\/p>\n<p>-\u201c<a href=\"https:\/\/drive.google.com\/file\/d\/1CNUqMl0pFe813m4_s7T8BFo0TqUgSxI7\/view?usp=sharing\">Derechos sociales y reproductivos en el marco de los derechos humanos<\/a>\u201d Lilia Rodr\u00edguez,Fondo de Poblaci\u00f3n de Naciones Unidas<\/p>\n<p>-\u201c<a href=\"https:\/\/drive.google.com\/file\/d\/1EX6S8EhxTJPiKRtE3ESvzwD_segXdg0W\/view?usp=sharing\">La guerra contra las mujeres<\/a>\u201d Rita Laura Segato<\/p>\n<p>-\u201c<a href=\"https:\/\/drive.google.com\/file\/d\/1DyghQWnGXjH2ogUonqbluUHkmNtfYFLp\/view?usp=sharing\">Sexualidades, desigualdades y derechos- Reflexiones en torno a los derechos sexuales y reproductivos<\/a>\u201d Jos\u00e9 Manuel Mor\u00e1n Fa\u00fandes, Mar\u00eda Candelaria Sgr\u00f3 Ruata y Juan Marco Vaggione<\/p>\n<p>-\u201c<a href=\"https:\/\/drive.google.com\/file\/d\/11vaSoinGOIFwGwTiCJXCz3mx6Oi7wvHE\/view?usp=sharing\">Gu\u00eda de acci\u00f3n en caso de violencia dom\u00e9stica contra las mujeres<\/a>\u201d, Ministerio P\u00fablico Fiscal, Procuraci\u00f3n General de la Naci\u00f3n- A\u00f1o 2016<\/p>\n<p>&#8211;<a href=\"https:\/\/drive.google.com\/file\/d\/1tTcQLLtjvF26bXWxqKkZXepy90ZqgX2h\/view?usp=sharing\">Jurisprudencia e informes de \u00f3rganos internacionales sobre g\u00e9nero y acceso a la justicia, Unidad Fiscal Especializada en Violencia contra las Mujeres<\/a> (UFEM)<\/p>\n<p>&#8211;<a href=\"https:\/\/drive.google.com\/file\/d\/11M_V3CmDfy5Gg3klj56Yrtzw6s9x__Xe\/view?usp=sharing\">Jurisprudencia y doctrina sobre debida diligencia reforzada en la investigaci\u00f3n de cr\u00edmenes de g\u00e9nero, Unidad Fiscal Especializada en Violencia contra las Mujeres<\/a> (UFEM)<\/p>\n<p>&#8211; <a href=\"https:\/\/drive.google.com\/file\/d\/1I5LcN5rWymWJjx-GO9C2fpkAxXyS9i5m\/view?usp=sharing\">Jurisprudencia y doctrina sobre est\u00e1ndares internacionales de interseccionalidad en casos de violencia de g\u00e9nero, Unidad Fiscal Especializada en Violencia contra las Mujeres<\/a> (UFEM)<\/p>\n<p>&#8211; \u201c<a href=\"https:\/\/drive.google.com\/file\/d\/1uol3_68ykgKkKrYAcvr8sCWeMbpbCyC0\/view?usp=sharing\">Ciudades latinoamericanas- La cuesti\u00f3n social y la gobernanza local<\/a>\u201d, Alicia Ziccardi, Editorial Clacso<\/p>\n<\/div>\n<\/div>\n<div class=\"panel entry-content\" id=\"tab_revista-de-doctrina-casf-2021\">\n<p><iframe loading=\"lazy\" src=\"https:\/\/drive.google.com\/file\/d\/1OgF9Gct3ApqGJYPU-IdH9JtCxlOA6lg3\/preview\" width=\"70%\" height=\"650\"><\/iframe><br \/>\n<a href=\"https:\/\/drive.google.com\/file\/d\/1OgF9Gct3ApqGJYPU-IdH9JtCxlOA6lg3\/view?usp=sharing\" target=\"_self\" class=\"button primary\"  >\n    <span>Descargar Revista<\/span>\n  <\/a>\n\n<\/div>\n<div class=\"panel entry-content\" id=\"tab_bolet\u00edn-de-doctrina-casf-2022\">\n<p><iframe loading=\"lazy\" src=\"https:\/\/drive.google.com\/file\/d\/1ONlJauhgwiFodW7qD85JRe_KvTHUzH25\/preview\" width=\"70%\" height=\"650\"><\/iframe><br \/>\n<a href=\"https:\/\/drive.google.com\/file\/d\/1ONlJauhgwiFodW7qD85JRe_KvTHUzH25\/view?usp=sharing\" target=\"_self\" class=\"button primary\"  >\n    <span>Descargar Bolet\u00edn<\/span>\n  <\/a>\n\n<\/div>\n<div class=\"panel entry-content\" id=\"tab_bolet\u00edn-de-doctrina-casf-2023\">\n<p><iframe loading=\"lazy\" src=\"https:\/\/drive.google.com\/file\/d\/1wXT-FmjVXhVAtu_mev-WFxhe4jQdcohg\/preview\" width=\"70%\" height=\"650\"><\/iframe><br \/>\n<a href=\"https:\/\/drive.google.com\/file\/d\/1wXT-FmjVXhVAtu_mev-WFxhe4jQdcohg\/view?usp=sharing\" target=\"_self\" class=\"button primary\"  >\n    <span>Descargar Bolet\u00edn<\/span>\n  <\/a>\n\n<\/div>\n<div class=\"panel entry-content\" id=\"tab_bolet\u00edn-de-doctrina-digital-2024\">\n<p><iframe loading=\"lazy\" src=\"https:\/\/drive.google.com\/file\/d\/10IsgBMWHHu3j057J9I1AygI8RHftdo3i\/preview\" width=\"70%\" height=\"650\"><\/iframe><br \/>\n<a href=\"https:\/\/drive.google.com\/file\/d\/10IsgBMWHHu3j057J9I1AygI8RHftdo3i\/view?usp=sharing\" target=\"_self\" class=\"button primary\"  >\n    <span>Descargar Bolet\u00edn<\/span>\n  <\/a>\n\n<\/div>\n<div class=\"panel entry-content\" id=\"tab_bolet\u00edn-de-doctrina-digital-2025\">\n<p><iframe loading=\"lazy\" src=\"https:\/\/drive.google.com\/file\/d\/16jzFrJPYmdKWTW1yAtUD6lhj7b_GxNcX\/preview\" width=\"70%\" height=\"650\" data-mce-fragment=\"1\"><\/iframe><br \/>\n<a href=\"https:\/\/drive.google.com\/file\/d\/16jzFrJPYmdKWTW1yAtUD6lhj7b_GxNcX\/view?usp=sharing\" target=\"_self\" class=\"button primary\"  >\n    <span>Descargar Bolet\u00edn<\/span>\n  <\/a>\n\n<\/div><\/div><\/div>\n<div class=\"row align-center\"  id=\"row-1329216793\">\n\n\t<div id=\"col-994094905\" class=\"col medium-10 small-12 large-10\"  >\n\t\t\t\t<div class=\"col-inner text-center\"  >\n\t\t\t\n\t\t\t\n\t<div id=\"gap-1821856750\" class=\"gap-element clearfix\" style=\"display:block; height:auto;\">\n\t\t\n<style>\n#gap-1821856750 {\n  padding-top: 40px;\n}\n<\/style>\n\t<\/div>\n\t\n\t<div id=\"text-721263654\" class=\"text\">\n\t\t\n<h2>Listado de Libros<\/h2>\n\t\t\n<style>\n#text-721263654 {\n  text-align: center;\n}\n<\/style>\n\t<\/div>\n\t\n<p><iframe loading=\"lazy\" src=\"https:\/\/www.casf.org.ar\/colegio\/listado_libros\/inventariolist.php\" width=\"100%\" height=\"1000\" frameborder=\"0\" scrolling=\"yes\" allowfullscreen=\"allowfullscreen\"><\/iframe><\/p>\n\t\t<\/div>\n\t\t\t\t\t<\/div>\n\n\t\n<\/div>\n\t\t<\/div>\n\n\t\t\n<style>\n#section_1738800097 {\n  padding-top: 30px;\n  padding-bottom: 30px;\n}\n<\/style>\n\t<\/section>\n\t\n","protected":false},"excerpt":{"rendered":"","protected":false},"author":2,"featured_media":0,"parent":0,"menu_order":0,"comment_status":"closed","ping_status":"closed","template":"","meta":[],"_links":{"self":[{"href":"https:\/\/www.casf.org.ar\/colegio\/wp-json\/wp\/v2\/pages\/363"}],"collection":[{"href":"https:\/\/www.casf.org.ar\/colegio\/wp-json\/wp\/v2\/pages"}],"about":[{"href":"https:\/\/www.casf.org.ar\/colegio\/wp-json\/wp\/v2\/types\/page"}],"author":[{"embeddable":true,"href":"https:\/\/www.casf.org.ar\/colegio\/wp-json\/wp\/v2\/users\/2"}],"replies":[{"embeddable":true,"href":"https:\/\/www.casf.org.ar\/colegio\/wp-json\/wp\/v2\/comments?post=363"}],"version-history":[{"count":84,"href":"https:\/\/www.casf.org.ar\/colegio\/wp-json\/wp\/v2\/pages\/363\/revisions"}],"predecessor-version":[{"id":25928,"href":"https:\/\/www.casf.org.ar\/colegio\/wp-json\/wp\/v2\/pages\/363\/revisions\/25928"}],"wp:attachment":[{"href":"https:\/\/www.casf.org.ar\/colegio\/wp-json\/wp\/v2\/media?parent=363"}],"curies":[{"name":"wp","href":"https:\/\/api.w.org\/{rel}","templated":true}]}}