{"id":346,"date":"2020-10-20T13:26:02","date_gmt":"2020-10-20T13:26:02","guid":{"rendered":"http:\/\/c1990348.ferozo.com\/?page_id=346"},"modified":"2026-03-06T07:58:02","modified_gmt":"2026-03-06T10:58:02","slug":"comisiones","status":"publish","type":"page","link":"https:\/\/www.casf.org.ar\/colegio\/comisiones\/","title":{"rendered":"Comisiones"},"content":{"rendered":"\t<section class=\"section\" id=\"section_818154026\">\n\t\t<div class=\"bg section-bg fill bg-fill  bg-loaded\" >\n\n\t\t\t\n\t\t\t\n\t\t\t\n\n\t\t<\/div>\n\n\t\t<div class=\"section-content relative\">\n\t\t\t\n<div class=\"container section-title-container\" ><h3 class=\"section-title section-title-center\"><b><\/b><span class=\"section-title-main\" >Comisiones<\/span><b><\/b><\/h3><\/div>\n<div class=\"accordion\" rel=\"\">\n<div class=\"accordion-item\"><a href=\"#\" class=\"accordion-title plain\"><button class=\"toggle\"><i class=\"icon-angle-down\"><\/i><\/button><span>Abogac\u00eda J\u00f3ven<\/span><\/a><div class=\"accordion-inner\">\n<p><strong>Comisi\u00f3n de Abogac\u00eda J\u00f3ven<br \/>\n<\/strong><strong>Autoridades<br \/>\nPresidencia:<\/strong> Dr. Mat\u00edas Farneda<br \/>\n<strong>Secretar\u00eda:<\/strong> Dra. Luciana Paz<br \/>\n<strong>D\u00eda de Reuni\u00f3n<br \/>\n<\/strong>jueves, 19 h Sal\u00f3n Belgrano<br \/>\n<strong>Contacto<\/strong><strong>Tel:<br \/>\n<\/strong><strong>Correo:\u00a0<\/strong>mcecilia.ludi@gmail.com \/ ncarmonafrickel@gmail.com<br \/>\n<strong>Pod\u00e9s seguirnos en:<\/strong><a href=\"https:\/\/www.facebook.com\/jovenesabogados.santafe\" target=\"_blank\" rel=\"noopener noreferrer\">facebook.com\/jovenesabogadossantafe<\/a>twitter.com\/jovenesabogstafe1jovenesabogstafe@gmail.com<br \/>\n<strong><a href=\"http:\/\/www.casf.org.ar\/colegio\/comision-de-jovenes-abogados\/\">Ver actividades y material de la Comisi\u00f3n<\/a><\/strong><\/p>\n<\/div><\/div>\n<div class=\"accordion-item\"><a href=\"#\" class=\"accordion-title plain\"><button class=\"toggle\"><i class=\"icon-angle-down\"><\/i><\/button><span>Gremial<\/span><\/a><div class=\"accordion-inner\">\n<p><strong>Comisi\u00f3n Gremial<br \/>\n<\/strong><strong>Autoridades<br \/>\n<\/strong><strong>Presidencia:<\/strong> Dr. Ignacio Otrino<br \/>\n<strong>Secretar\u00eda:<\/strong> Dra. Cristina Fernandez<br \/>\n<strong>D\u00eda de Reuni\u00f3n <\/strong>mi\u00e9rcoles de cada 15 d\u00edas, 18:30 horas &#8211; Anexo \u2013 CASF, Sal\u00f3n Alberdi<br \/>\n<strong>Contacto<\/strong><strong>Tel:<\/strong> (342 ) 5156477<br \/>\n<strong>Correo:<\/strong> comisiongremial24@gmail.com<\/p>\n<p><a href=\"https:\/\/www.casf.org.ar\/colegio\/comision-gremial\/\">Ver actividades y material de la Comisi\u00f3n<\/a><\/p>\n<\/div><\/div>\n<div class=\"accordion-item\"><a href=\"#\" class=\"accordion-title plain\"><button class=\"toggle\"><i class=\"icon-angle-down\"><\/i><\/button><span>Cultura<\/span><\/a><div class=\"accordion-inner\">\n<p><strong>Comisi\u00f3n de Cultura, Biblioteca y Festejos<br \/>\n<\/strong><strong>Autoridades<br \/>\n<\/strong><strong>Presidencia:<\/strong> Dr. Jos\u00e9 Luis Olivera Rivas<br \/>\n<strong>Secretar\u00eda:<\/strong> Dra. Mar\u00eda Julieta Veaute<br \/>\n<strong>D\u00eda de Reuni\u00f3n<br \/>\n<\/strong>Mi\u00e9rcoles cada 15 d\u00edas, a las 19 horas<br \/>\n<strong>Contacto<\/strong><strong>Tel:<\/strong> (342) 6126437 \/ (342) 4499980<br \/>\n<strong>Correo: <\/strong>&#8212;<\/p>\n<\/div><\/div>\n<div class=\"accordion-item\"><a href=\"#\" class=\"accordion-title plain\"><button class=\"toggle\"><i class=\"icon-angle-down\"><\/i><\/button><span>Derecho M\u00e9dico y Bio\u00e9tica<\/span><\/a><div class=\"accordion-inner\">\n<p><strong>Comisi\u00f3n de Derecho M\u00e9dico y Bio\u00e9tica<br \/>\n<\/strong><strong>Autoridades<br \/>\n<\/strong><strong>Presidente:\u00a0<\/strong>Dr. Marcelo Germ\u00e1n Gelcich<br \/>\n<strong>Secretaria:<\/strong>\u00a0Dra. J\u00e9ssica Pujato<br \/>\n<strong>D\u00eda de Reuni\u00f3n<\/strong>1er. martes de cada mes, 8 hs.<br \/>\n<strong>Contacto<\/strong><strong>Tel:<\/strong>\u00a0(0342) \u2013 156356328<br \/>\n<strong>Correo:<\/strong>\u00a0mgelcich@gmail.com \/ jesicapujato@hotmail.com<strong><br \/>\n<a href=\"http:\/\/www.casf.org.ar\/colegio\/comision-de-derecho-medico-y-bioetica\/\">Ver actividades y material de la Comisi\u00f3n<\/a><\/strong><\/p>\n<\/div><\/div>\n<div class=\"accordion-item\"><a href=\"#\" class=\"accordion-title plain\"><button class=\"toggle\"><i class=\"icon-angle-down\"><\/i><\/button><span>Foro de Pr\u00e1ctica Profesional<\/span><\/a><div class=\"accordion-inner\">\n<p><strong>Foro de Pr\u00e1ctica Profesional<br \/>\n<\/strong><strong>Autoridades<br \/>\n<\/strong><strong>Presidente:<\/strong> Dr. Juan Manuel Riera<br \/>\n<strong>Secretario:<\/strong> Dr. Diego Nicol\u00e1s Rossi<br \/>\n<strong>D\u00eda de Reuni\u00f3n:<\/strong>. mi\u00e9rcoles 19h<br \/>\n<strong>Contacto<\/strong><strong>Tel:<\/strong> (0342) 5406499 \/ (342) 6105229<br \/>\n<strong>Correo:<\/strong> diego.n.rossi@gmail.com<br \/>\n<strong><a href=\"http:\/\/www.casf.org.ar\/colegio\/foro-de-practica-profesional\/\">Ver actividades y material del Foro<\/a><\/strong><\/p>\n<\/div><\/div>\n<div class=\"accordion-item\"><a href=\"#\" class=\"accordion-title plain\"><button class=\"toggle\"><i class=\"icon-angle-down\"><\/i><\/button><span>Seguridad<\/span><\/a><div class=\"accordion-inner\">\n<p><strong>Comisi\u00f3n Seguridad<br \/>\n<\/strong><strong>Autoridades<br \/>\n<\/strong><strong>Presidente:<\/strong>\u00a0Dr. Claudio Ainbinder<br \/>\n<strong>Secretaria:<\/strong>\u00a0Dra. Silvia Vulpetti<br \/>\n<strong>D\u00eda de Reuni\u00f3n<\/strong>1er. mi\u00e9rcoles de cada mes, 20:30 horas.<br \/>\n<strong>Contacto<\/strong><strong>Tel:<\/strong>\u00a0(0342) 4534229.<br \/>\n<strong>Correo:<\/strong>\u00a0claudioainbinder@hotmail.com<\/p>\n<\/div><\/div>\n<div class=\"accordion-item\"><a href=\"#\" class=\"accordion-title plain\"><button class=\"toggle\"><i class=\"icon-angle-down\"><\/i><\/button><span>Derechos Humanos de la Vejez<\/span><\/a><div class=\"accordion-inner\">\n<p><strong>Comisi\u00f3n de Derechos Humanos de la Vejez<br \/>\n<\/strong><strong>Autoridades<br \/>\nCoordinadora Titular:<\/strong>\u00a0Dra. J\u00e9sica Ram\u00edrez<br \/>\n<strong>Coordinadora Suplente:<\/strong>\u00a0Dra. Noelia Barrios<br \/>\n<strong>Secretaria:<\/strong>\u00a0Dra. Elisabet A. Vidal<br \/>\n<strong>D\u00eda de Reuni\u00f3n <\/strong>1er. mi\u00e9rcoles de cada mes, 10 a 11 horas.<br \/>\n<strong>Contacto<\/strong><strong>Tel:<\/strong> (342) 5148549<strong><br \/>\n<\/strong><strong>Correo:<\/strong><\/p>\n<\/div><\/div>\n<div class=\"accordion-item\"><a href=\"#\" class=\"accordion-title plain\"><button class=\"toggle\"><i class=\"icon-angle-down\"><\/i><\/button><span>Abogados del Estado<\/span><\/a><div class=\"accordion-inner\">\n<p><strong>Comisi\u00f3n de Abogados del Estado<br \/>\n<\/strong><strong>Autoridades<br \/>\n<\/strong><strong>Presidente:<\/strong>\u00a0Dr. Leandro Nicol\u00e1s Alberto<br \/>\n<strong>Secretaria:\u00a0<\/strong>Dra. Mara Daniela Grau Castillo<br \/>\n<strong>D\u00eda de Reuni\u00f3n<\/strong>El primer lunes del mes, a las 19 hs<br \/>\n<strong>Contacto<\/strong><strong>Tel:<\/strong>\u00a0(0342) 4630473 \/ 154674364.<br \/>\n<strong>Correo:\u00a0<\/strong>leandro.n.alberto@gmail.com \/ maradgrau@gmail.com<\/p>\n<\/div><\/div>\n<div class=\"accordion-item\"><a href=\"#\" class=\"accordion-title plain\"><button class=\"toggle\"><i class=\"icon-angle-down\"><\/i><\/button><span>Abogac\u00eda Colaborativa<\/span><\/a><div class=\"accordion-inner\">\n<p><strong>Comisi\u00f3n de Abogac\u00eda Colaborativa<br \/>\n<\/strong><strong>Autoridades<br \/>\n<\/strong><strong>Presidencia:<\/strong> Dra. Claudia Viviana Paris<br \/>\n<strong>Secretar\u00edo:<\/strong>\u00a0Dr. Lisandro Antonio Genero<br \/>\n<strong>D\u00eda de Reuni\u00f3n:<\/strong> 2do y 4to jueves de cada mes, 15 horas<br \/>\n<strong>Contacto<\/strong><strong>Tel:\u00a0<\/strong>(0342)<br \/>\n<strong>Correo:\u00a0<\/strong>abogaciacolaborativa@gmail.com<\/p>\n<\/div><\/div>\n<div class=\"accordion-item\"><a href=\"#\" class=\"accordion-title plain\"><button class=\"toggle\"><i class=\"icon-angle-down\"><\/i><\/button><span>Predio Social, Cultural y Deportivo<\/span><\/a><div class=\"accordion-inner\">\n<p><strong>Comisi\u00f3n del Predio Social, Cultural y Deportivo<br \/>\n<\/strong><strong>Autoridades<br \/>\n<\/strong><strong>Presidente:<\/strong>\u00a0Dr. Mariano Vigan\u00f3<br \/>\n<strong>Secretario:<\/strong>\u00a0Dr. Juan Ignacio Mondino<br \/>\n<strong>D\u00eda de Reuni\u00f3n: <\/strong>Primer viernes cada 15 d\u00edas, 10 horas.<br \/>\n<strong>Contacto<\/strong><strong>Tel:<\/strong>\u00a0(0342) \u2013 154210403<br \/>\n<strong>Correo:\u00a0<\/strong>vigano40@hotmail.com \/ juanimx8@gmail.com<\/p>\n<\/div><\/div>\n<div class=\"accordion-item\"><a href=\"#\" class=\"accordion-title plain\"><button class=\"toggle\"><i class=\"icon-angle-down\"><\/i><\/button><span>Derecho Ind\u00edgena Latinoamericano e Interjuricidad<\/span><\/a><div class=\"accordion-inner\">\n<p><strong>Comisi\u00f3n de Derecho Ind\u00edgena Latinoamericano e Interjuricidad<\/strong><\/p>\n<p><strong>Autoridades<br \/>\n<\/strong><strong>Presidente: <\/strong>Dr Adan Costa Rotela <strong><br \/>\n<\/strong><strong>Secretaria: &#8212;<\/strong><strong><br \/>\n<\/strong><strong>D\u00eda de Reuni\u00f3n: <\/strong>jueves cada 15 d\u00edas, 19hs<strong><br \/>\n<\/strong><b><strong>Contacto:<br \/>\n<\/strong><\/b><strong>Tel:<\/strong> (342) 4289720<strong><br \/>\n<\/strong><strong>Correo:<br \/>\n<a href=\"https:\/\/www.casf.org.ar\/colegio\/comision-de-derecho-indigena-latinoamericano-e-interjuricidad\/\">Ver actividades y material de la comisi\u00f3n<\/a><br \/>\n<\/strong><\/p>\n<\/div><\/div>\n<div class=\"accordion-item\"><a href=\"#\" class=\"accordion-title plain\"><button class=\"toggle\"><i class=\"icon-angle-down\"><\/i><\/button><span>Derecho de Consumidores y Usuarios<\/span><\/a><div class=\"accordion-inner\">\n<p><strong>Comisi\u00f3n de Derecho de Consumidores y Usuarios<br \/>\n<\/strong><strong>Autoridades<br \/>\n<\/strong><strong>Presidencia: <\/strong>Dr. Alejandro Mar\u00eda Otte<br \/>\n<strong>Secretaria: <\/strong>Dr. Pedro Dacunda<strong><br \/>\n<\/strong><strong>D\u00eda de Reuni\u00f3n<br \/>\n<\/strong>3er jueves de cada mes, 18:30 h, sala coworking<br \/>\n<strong>Contacto<\/strong><strong>Tel:<\/strong> (342) 5021181 \/ (342) 4622810 \/ (342) 5492516<br \/>\n<strong>Correo:<\/strong> comisionduc.casf@gmail.com<\/p>\n<\/div><\/div>\n<\/div>\n\t\t<\/div>\n\n\t\t\n<style>\n#section_818154026 {\n  padding-top: 30px;\n  padding-bottom: 30px;\n}\n<\/style>\n\t<\/section>\n\t\n","protected":false},"excerpt":{"rendered":"","protected":false},"author":2,"featured_media":0,"parent":0,"menu_order":0,"comment_status":"closed","ping_status":"closed","template":"","meta":[],"_links":{"self":[{"href":"https:\/\/www.casf.org.ar\/colegio\/wp-json\/wp\/v2\/pages\/346"}],"collection":[{"href":"https:\/\/www.casf.org.ar\/colegio\/wp-json\/wp\/v2\/pages"}],"about":[{"href":"https:\/\/www.casf.org.ar\/colegio\/wp-json\/wp\/v2\/types\/page"}],"author":[{"embeddable":true,"href":"https:\/\/www.casf.org.ar\/colegio\/wp-json\/wp\/v2\/users\/2"}],"replies":[{"embeddable":true,"href":"https:\/\/www.casf.org.ar\/colegio\/wp-json\/wp\/v2\/comments?post=346"}],"version-history":[{"count":58,"href":"https:\/\/www.casf.org.ar\/colegio\/wp-json\/wp\/v2\/pages\/346\/revisions"}],"predecessor-version":[{"id":29071,"href":"https:\/\/www.casf.org.ar\/colegio\/wp-json\/wp\/v2\/pages\/346\/revisions\/29071"}],"wp:attachment":[{"href":"https:\/\/www.casf.org.ar\/colegio\/wp-json\/wp\/v2\/media?parent=346"}],"curies":[{"name":"wp","href":"https:\/\/api.w.org\/{rel}","templated":true}]}}