{"id":1381,"date":"2021-01-28T14:33:46","date_gmt":"2021-01-28T14:33:46","guid":{"rendered":"http:\/\/c1990348.ferozo.com\/?page_id=1381"},"modified":"2021-08-05T15:15:31","modified_gmt":"2021-08-05T15:15:31","slug":"guia-profesional-para-matriculados-das-en-tiempos-de-cuarentena","status":"publish","type":"page","link":"https:\/\/www.casf.org.ar\/colegio\/guia-profesional-para-matriculados-das-en-tiempos-de-cuarentena\/","title":{"rendered":"Gu\u00eda profesional para matriculados\/das en tiempos de cuarentena"},"content":{"rendered":"\t<section class=\"section\" id=\"section_1565022149\">\n\t\t<div class=\"bg section-bg fill bg-fill  bg-loaded\" >\n\n\t\t\t\n\t\t\t\n\t\t\t\n\n\t\t<\/div>\n\n\t\t<div class=\"section-content relative\">\n\t\t\t\n<div class=\"container section-title-container\" ><h3 class=\"section-title section-title-center\"><b><\/b><span class=\"section-title-main\" >GU\u00cdA PROFESIONAL PARA MATRICULADOS\/AS EN TIEMPOS DE CUARENTENA<\/span><b><\/b><\/h3><\/div>\n<div class=\"row align-center\"  id=\"row-2050798973\">\n\n\t<div id=\"col-1117362564\" class=\"col medium-6 small-12 large-6\"  >\n\t\t\t\t<div class=\"col-inner text-center\"  >\n\t\t\t\n\t\t\t\n\t<div class=\"img has-hover x md-x lg-x y md-y lg-y\" id=\"image_779972071\">\n\t\t\t\t\t\t\t\t<div class=\"img-inner dark\" >\n\t\t\t<img width=\"540\" height=\"275\" src=\"https:\/\/www.casf.org.ar\/colegio\/wp-content\/uploads\/2021\/01\/banner-guia-tiempos-cuarentena-2020-04-02_web1.jpg\" class=\"attachment-original size-original\" alt=\"\" decoding=\"async\" loading=\"lazy\" \/>\t\t\t\t\t\t\n\t\t\t\t\t<\/div>\n\t\t\t\t\t\t\t\t\n<style>\n#image_779972071 {\n  width: 100%;\n}\n<\/style>\n\t<\/div>\n\t\n\t\t<\/div>\n\t\t\t\t\t<\/div>\n\n\t\n\n\t<div id=\"col-1131564523\" class=\"col medium-10 small-12 large-10\"  >\n\t\t\t\t<div class=\"col-inner\"  >\n\t\t\t\n\t\t\t\n<p><strong>En este contexto de emergencia, compartimos con Uds. una serie de documentos y recomendaciones elaborados por nuestros Institutos y Comisiones a los fines de acercarles informaci\u00f3n \u00fatil, agrupadas seg\u00fan especialidad.<\/strong><\/p>\n\t\t<\/div>\n\t\t\t\t\t<\/div>\n\n\t\n<\/div>\n<div class=\"row align-center\"  id=\"row-2064957894\">\n\n\t<div id=\"col-1049334324\" class=\"col small-12 large-12\"  >\n\t\t\t\t<div class=\"col-inner\"  >\n\t\t\t\n\t\t\t\n\n\t\t<div class=\"tabbed-content\">\n\t\t\t\n\t\t\t<ul class=\"nav nav-line nav-vertical nav-uppercase nav-size-large nav-left\"><li class=\"tab active has-icon\"><a href=\"#tab_seguridad-social\"><span>Seguridad Social<\/span><\/a><\/li>\n<li class=\"tab has-icon\"><a href=\"#tab_derecho-ambiental\"><span>Derecho Ambiental<\/span><\/a><\/li>\n<li class=\"tab has-icon\"><a href=\"#tab_derecho-de-familia\"><span>Derecho de Familia<\/span><\/a><\/li>\n<li class=\"tab has-icon\"><a href=\"#tab_derecho-m\u00e9dico-y-bio\u00e9tica\"><span>Derecho M\u00e9dico y Bio\u00e9tica<\/span><\/a><\/li>\n<li class=\"tab has-icon\"><a href=\"#tab_derecho-procesal-civil-y-comercial\"><span>Derecho Procesal Civil y Comercial<\/span><\/a><\/li>\n<li class=\"tab has-icon\"><a href=\"#tab_derechos-humanos\"><span>Derechos Humanos<\/span><\/a><\/li>\n<li class=\"tab has-icon\"><a href=\"#tab_derecho-administrativo\"><span>Derecho Administrativo<\/span><\/a><\/li>\n<li class=\"tab has-icon\"><a href=\"#tab_derechos-de-la-mujer\"><span>Derechos de la Mujer<\/span><\/a><\/li>\n<li class=\"tab has-icon\"><a href=\"#tab_inform\u00e1tica-y-nuevas-tecnolog\u00edas\"><span>Inform\u00e1tica y Nuevas Tecnolog\u00edas<\/span><\/a><\/li>\n<li class=\"tab has-icon\"><a href=\"#tab_regi\u00f3n-centro\"><span>Regi\u00f3n Centro<\/span><\/a><\/li>\n<li class=\"tab has-icon\"><a href=\"#tab_derecho-constitucional\"><span>Derecho Constitucional<\/span><\/a><\/li>\n<li class=\"tab has-icon\"><a href=\"#tab_derecho-del-deporte\"><span>Derecho del Deporte<\/span><\/a><\/li>\n<li class=\"tab has-icon\"><a href=\"#tab_comisi\u00f3n-de-j\u00f3venes-abogados\"><span>Comisi\u00f3n de J\u00f3venes Abogados<\/span><\/a><\/li>\n<li class=\"tab has-icon\"><a href=\"#tab_comisi\u00f3n-de-derecho-inform\u00e1tico\"><span>Comisi\u00f3n de Derecho Inform\u00e1tico<\/span><\/a><\/li><\/ul><div class=\"tab-panels\"><div class=\"panel active entry-content\" id=\"tab_seguridad-social\">\n<p align=\"center\"><u><b>RECOMENDACIONES Y ASESORAMIENTO EN MATERIA DE SEGURIDAD SOCIAL<\/b><\/u><\/p>\n<p align=\"center\"><u><b>COLEGIO DE ABOGADOS DE SANTA FE.-<\/b><\/u><\/p>\n<p><u><strong>A)<\/strong>\u00a0CRONOGRAMA PARA LA PREINSCRIPCION A EFECTOS DE LA PERCEPCION DEL IFE (INGRESO FAMILIAR DE EMERGENCIA)<\/u>:<\/p>\n<p>DIA: DNI TERMINADO EN :<\/p>\n<p>27\/03\/2020: 0 Y 1.-<br \/>28\/03\/2020: 2 Y 3.-<br \/>29\/03\/2020: 4 Y 5.-<br \/>30\/03\/2020: 6 Y 7.-<br \/>31\/03\/2020: 8 Y 9.-<\/p>\n<p align=\"justify\">*El titular o su grupo familiar no deben: Tener ingresos provenientes de un trabajo en relaci\u00f3n de dependencia en el sector p\u00fablico y privado, ser monotributista categor\u00eda C, o superior o aut\u00f3nomo, no cobrar desempleo, ni jubilaciones ni pensiones o retiros contributivos o no contributivos nacionales, provinciales o municipales. No percibir planes sociales, salarios sociales complementarios como \u201cHacemos Futuro\u201d, \u201cPotenciar Trabajo\u201d u otro programa social nacional, provincial o municipal. El IFE es compatible con el cobro de la AUH y la Asignaci\u00f3n por Embarazo En \u00e9stos supuestos, no es necesario realizar ning\u00fan tr\u00e1mite de preinscripci\u00f3n.-<\/p>\n<p align=\"justify\">Tambi\u00e9n pueden percibir este Ingreso quienes se desempe\u00f1an como trabajadores\/as casas particulares (SDM).-<\/p>\n<p align=\"justify\">* En relaci\u00f3n a la cuenta bancaria que se deber\u00e1 denunciar, a\u00fan no hay novedades como se implementar\u00e1 para quienes no la poseen. Seguramente el pr\u00f3ximo 27 de marzo, se clarificar\u00e1 tal situaci\u00f3n.-<\/p>\n<p align=\"justify\">* Todo est\u00e1 expresamente explicado en p\u00e1gina web de ANSeS.-<\/p>\n<p align=\"justify\"><strong>B)<\/strong>\u00a0En relaci\u00f3n a las Altas de beneficios previsionales del mes de Marzo y Abril 2020: se coment\u00f3 que cada banco implementar\u00e1 la forma de pago; que podr\u00eda ser con envi\u00f3 de tarjeta.<\/p>\n<p align=\"justify\">Tambi\u00e9n dicha percepci\u00f3n podr\u00eda hacerse por correo argentino.-<\/p>\n<p align=\"justify\">Se brind\u00f3 informaci\u00f3n respecto al 0800 del Nuevo Banco de Santa Fe. SA. El mismo es 0800 444 6273, para que cada uno pueda llamar y as\u00ed despejar todas las dudas.-<\/p>\n<p align=\"justify\"><strong>C)<\/strong>\u00a0Respecto a BAJAS DE BENEFICIOS DE INVALIDEZ POR PARTE DE ANSES, a\u00fan no estando firme el dictamen de Comisi\u00f3n M\u00e9dica; se dispuso hacer un listado de cada uno de los casos testigos para luego hacer el correspondiente reclamo. Dicho listado est\u00e1 siendo confeccionado por la Dra. Veronica Barcarolo.-<\/p>\n<p align=\"justify\"><strong>D)<\/strong>\u00a0En relaci\u00f3n a las inquietudes planteadas por los haberes de alta mes de abril 2020 en la Caja de Jubilaciones y Pensiones de la provincia de Santa Fe, de las opiniones recabadas entre los integrantes de nuestro Instituto, se concluy\u00f3 que si se cerraron las inclusiones de beneficio antes del d\u00eda 18 de marzo de 2020 y el Expte. est\u00e1 en liquidaciones, es porque va a ser incluido en la planilla de cobro. El Banco Pcia. a\u00fan no puede informar, pues no hay normativa.-<\/p>\n<p align=\"justify\">Tambi\u00e9n se manifest\u00f3 que se puede comunicar v\u00eda whatsapp con la Caja de Jubilaciones y Pensiones de la Pcia de Santa Fe, para plantear todas las inquietudes, respecto al cobro del beneficio.-<\/p>\n<p align=\"justify\"><strong>E)<\/strong>\u00a0Tambi\u00e9n a trav\u00e9s de una de las integrantes del Instituto, se ha puesto en conocimiento que a trav\u00e9s de la se\u00f1al Satelital 5RTV, el gobierno de la provincia de Santa Fe, realizar\u00e1 una serie de anuncios en relaci\u00f3n a la econom\u00eda santafesina.-<\/p>\n<p align=\"justify\"><strong>F)<\/strong>\u00a0Respecto a los beneficios previsionales municipales, se comunic\u00f3 que se abonar\u00e1n el d\u00eda 08 de abril de 2020, incluy\u00e9ndose los beneficios firmados por la Junta Administradora hasta el 16 de marzo de 2020.- En relaci\u00f3n a la forma de pago, se deber\u00e1 estar atento a lo que se disponga por las entidades bancarias.- Se ha informado un whassap de la caja municipal para las consultas respectivas: 342 5366500.-<a name=\"_GoBack\"><\/a><\/p>\n<p align=\"justify\"><strong>G)<\/strong>\u00a0En relaci\u00f3n a la charla que este Instituto ten\u00eda programado realizar el d\u00eda 07 de Abril de 2020, con la exposici\u00f3n del Dr. Federico Despoulis Netri, se ha decidido adherir a la actividad programada por el instituto del Colegio de Abogados de la ciudad de Rosario, que contar\u00e1 con la disertaci\u00f3n de dicho profesional a trav\u00e9s de redes sociales el d\u00eda 27 de marzo de 2020.-<\/p>\n<p align=\"justify\">A medida que se vayan suscitando otras informaciones y recomendaciones, iremos informando a esta coordinaci\u00f3n de Institutos y Comisiones, para que se las publique desde nuestro Colegio.-<\/p>\n<p align=\"justify\"><strong>Material disponible:<\/strong><\/p>\n<p align=\"justify\"><a href=\"http:\/\/c1990348.ferozo.com\/wp-content\/uploads\/2021\/07\/GUIA-PREV-SERVICIO-DOMESTICO.pdf.zip\" target=\"_blank\" rel=\"noopener\">R\u00e9gimen especial de seguridad social para empleados del servicio dom\u00e9stico \u2013 Ley No 25.239 \u2013<\/a><\/p>\n<\/div>\n<div class=\"panel entry-content\" id=\"tab_derecho-ambiental\">\n<p align=\"center\"><u>Gu\u00eda Pr\u00e1ctica- Instituto de Derecho Ambiental<\/u><\/p>\n<p align=\"justify\">En este contexto de aislamiento preventivo y obligatorio, el Instituto de Derecho Ambiental del Colegio de Abogados \u2013al igual que los dem\u00e1s Institutos y Comisiones- se ha visto obligado a suspender sus actividades programadas.<\/p>\n<p align=\"justify\">Sin embargo, sus integrantes han continuado trabajando en forma remota y coinciden en que en esta situaci\u00f3n de emergencia a la que hoy asistimos es necesario tener en cuenta dos cuestiones de suma importancia: el agua y la gesti\u00f3n de los residuos.<\/p>\n<p align=\"justify\">-AGUA PARA FRENAR EL CORONAVIRUS: La OMS ha hecho especial hincapi\u00e9 a trav\u00e9s de innumerables medios de comunicaci\u00f3n, en la necesidad de lavarse las manos con agua y jab\u00f3n para contener el avance del COVID-19. Las redes sociales se inundaron de videos de personas mostrando c\u00f3mo deb\u00eda realizarse el lavado. En muchos de \u00e9stos videos observamos que, si bien se realizaba un lavado eficaz a los fines de eliminar el virus, se comet\u00eda el error de dejar correr el agua durante los 20 segundos que dura el mismo.<\/p>\n<p align=\"justify\">Dejar la canilla abierta durante esta simple operaci\u00f3n hace que se pierdan entre 5 y 10 litros de agua. En el contexto arriba referido, y en consonancia con el lema adoptado por la ONU este a\u00f1o para el D\u00eda Mundial del Agua \u201cAgua y Cambio Clim\u00e1tico\u201d, no podemos perder de vista que el ahorro de agua es esencial para palear el cambio clim\u00e1tico.<\/p>\n<p align=\"justify\">Sobre el particular, la ONU ha dicho \u201cEste a\u00f1o se centra en el binomio agua y el cambio clim\u00e1tico, y c\u00f3mo los dos est\u00e1n inextricablemente vinculados. La campa\u00f1a muestra c\u00f3mo el uso que hagamos del agua puede ayudar a reducir las inundaciones, las sequ\u00edas, la escasez y la contaminaci\u00f3n, as\u00ed como a combatir el cambio clim\u00e1tico. Al adaptarnos paulatinamente a los efectos que el cambio clim\u00e1tico puede ocasionar sobre el agua, protegeremos la salud y salvaremos vidas. (\u2026)\u201d<\/p>\n<p align=\"justify\">Este 22 de marzo fue un d\u00eda para recordar la importancia del agua y crear conciencia acerca de la necesidad de su cuidado y gesti\u00f3n, en una realidad donde la escasez es m\u00e1s com\u00fan de lo que parece y son m\u00e1s de 2.200 millones las personas que viven sin acceso a agua potable. Desde el Instituto de Derecho Ambiental orientamos siempre nuestras actividades para colaborar con el cumplimiento de los ODS planteados en la Agenda 2030, y en particular con el 6ODS \u201cAgua limpia y saneamiento\u201d.<\/p>\n<p align=\"justify\">-GESTI\u00d3N DE RESIDUOS: La ONU se ha referido especialmente al cuidado con el que los servicios de recolecci\u00f3n deben manipular los desechos m\u00e9dicos tales como guantes, barbijos y otros objetos, para evitar un efecto rebote.<\/p>\n<p align=\"justify\">A nivel dom\u00e9stico, tambi\u00e9n es necesario tener ciertos recaudos y desinfectar las bolsas de residuos y el contenedor. Para esto, basta con unas pocas gotas de lavandina.<\/p>\n<p align=\"justify\">Con estas simples indicaciones, estamos colaborando al control del coronavirus, mientras nos quedamos en casa.<\/p>\n<p align=\"justify\"><u>INSTITUTO DE DERECHO AMBIENTAL- CASF<\/u><\/p>\n<p align=\"justify\"><strong>Material Disponible:<\/strong><\/p>\n<p><a href=\"http:\/\/c1990348.ferozo.com\/wp-content\/uploads\/2021\/07\/Doctrina-ambiental-31-03-Coronavirus.docx.pdf\" target=\"_blank\" rel=\"noopener\">Doctrina-ambiental-31-03-Coronavirus.<\/a><\/p>\n<p><a href=\"https:\/\/blogs.iadb.org\/sostenibilidad\/es\/cual-es-el-vinculo-entre-covid-19-y-las-emergencias-ecologicas-y-climaticas\/\" target=\"_blank\" rel=\"noopener\">\u00bfCu\u00e1l es el v\u00ednculo entre COVID-19 y las emergencias ecol\u00f3gica y clim\u00e1tica?<\/a><\/p>\n<p><a href=\"https:\/\/publications.iadb.org\/publications\/spanish\/document\/C%C3%B3mo_llegar_a_cero_emisiones_netas_Lecciones_de_Am%C3%A9rica_Latina_y_el_Caribe.pdf\" target=\"_blank\" rel=\"noopener\">C\u00d3MO LLEGAR A CERO EMISIONES NETAS<\/a><\/p>\n<p><a href=\"http:\/\/c1990348.ferozo.com\/wp-content\/uploads\/2021\/07\/GUIA-PRACTICA-3-AMBIENTAL.pdf\">Fallo CIDDHH Comunidades Ind\u00edgenas contra el Estado argentino 02\/04\/2020 GUIA PRACTICA 3 AMBIENTAL<\/a><\/p>\n<\/div>\n<div class=\"panel entry-content\" id=\"tab_derecho-de-familia\">\n\t<div class=\"ux-menu stack stack-col justify-start ux-menu--divider-solid\">\n\t\t\n\t<div class=\"ux-menu-link flex menu-item\">\n\t\t<a class=\"ux-menu-link__link flex\" href=\"https:\/\/www.casf.org.ar\/colegio\/http:\/\/c1990348.ferozo.com\/wp-content\/uploads\/2021\/08\/Dictamen1.docx\"  >\n\t\t\t\t\t\t<span class=\"ux-menu-link__text\">\n\t\t\t\tDictamen 1\t\t\t<\/span>\n\t\t<\/a>\n\t<\/div>\n\t\n\t<div class=\"ux-menu-link flex menu-item\">\n\t\t<a class=\"ux-menu-link__link flex\" href=\"https:\/\/www.casf.org.ar\/colegio\"  >\n\t\t\t\t\t\t<span class=\"ux-menu-link__text\">\n\t\t\t\tMenu link\t\t\t<\/span>\n\t\t<\/a>\n\t<\/div>\n\t\n\t<div class=\"ux-menu-link flex menu-item\">\n\t\t<a class=\"ux-menu-link__link flex\" href=\"https:\/\/www.casf.org.ar\/colegio\/http:\/\/c1990348.ferozo.com\/wp-content\/uploads\/2021\/08\/Dictamen-2.docx\"  >\n\t\t\t\t\t\t<span class=\"ux-menu-link__text\">\n\t\t\t\tDictamen 2\t\t\t<\/span>\n\t\t<\/a>\n\t<\/div>\n\t\n\t<\/div>\n\t\n<\/div>\n<div class=\"panel entry-content\" id=\"tab_derecho-m\u00e9dico-y-bio\u00e9tica\">\n<div class=\"accordion\" rel=\"\">\n<div class=\"accordion-item\"><a href=\"#\" class=\"accordion-title plain\"><button class=\"toggle\"><i class=\"icon-angle-down\"><\/i><\/button><span>Dictamen 1<\/span><\/a><div class=\"accordion-inner\">\n<p><strong>El DNU 260\/19 establece:<\/strong><\/p>\n<p>ART\u00cdCULO 21.- TRATO DIGNO. VIGENCIA DE DERECHOS: Las medidas sanitarias que se dispongan en el marco del<br \/>presente decreto deber\u00e1n ser lo menos restrictivas posible y con base en criterios cient\u00edficamente aceptables. Las<br \/>personas afectadas por dichas medidas tendr\u00e1n asegurados sus derechos, en particular:<br \/>I \u2013 el derecho a estar permanentemente informado sobre su estado de salud;<br \/>II \u2013 el derecho a la atenci\u00f3n sin discriminaci\u00f3n;<br \/>III \u2013 el derecho al trato digno.<\/p>\n<p>Cabe se\u00f1alar que dichos derechos son modalizados por las autoridades sanitarias y de seguridad, pero nunca pueden ser suprimidos ni desconocidos.<\/p>\n<p>Finalmente, convocamos a la solidaridad santafesina con esta propuesta:<\/p>\n<p><strong>PROPUESTA PARA COLABORAR CON LA EMERGENCIA<\/strong><\/p>\n<p>La carta del Director del Hospital J.M.Cullen, Dr. Juan Pablo Poletti a sus pares, titulada \u201cTe Necesito\u201d concluye con un sentido \u201cno me dejes solo\u201d.<\/p>\n<p>Consideramos, si bien esta carta est\u00e1 dirigida a sus pares, que la sociedad tampoco debe dejarlos solos.<\/p>\n<p>Por ello y ante tantos que quieren colaborar, proponemos que cada uno de ellos elabore seis litros de jab\u00f3n l\u00edquido con destino a dicho hospital, que lo consume en cantidades industriales, con un costo que no supera los $100 y de muy sencilla realizaci\u00f3n.<\/p>\n<p>Materiales: 1 pan de jab\u00f3n blanco de lavar la ropa (El m\u00e1s eficaz para combatir microorganismos) o cantidad equivalente de tocador<\/p>\n<p>2 cucharadas soperas de Bicarbonato de Sodio (Desengrasante)<\/p>\n<p>6 litros de agua de la canilla<\/p>\n<p>Botellas de pl\u00e1stico o bidones de boca ancha para embazarlos<\/p>\n<p>Proceso: Rallar el jab\u00f3n.<\/p>\n<p>Calentar 4 litros de agua hasta que hierva,<\/p>\n<p>Agregar el jab\u00f3n rallado agitando con un cuchar\u00f3n hasta su disoluci\u00f3n total.<\/p>\n<p>Apagar la llama y agregar las dos cucharadas soperas del Bicarbonato de Sodio revolviendo para facilitar su disoluci\u00f3n.<\/p>\n<p>Agregar los dos litros de agua para completar los 6 revolviendo para mezclar bien.<\/p>\n<p>Dejar reposar hasta\u00a0 el d\u00eda siguiente.<\/p>\n<p>Se van a encontrar con una masa muy densa. NO ASUSTARSE!!!<\/p>\n<p>Cortarla con una cuchara de madera o similar.<\/p>\n<p>Trasvasar con un cuchar\u00f3n a los recipientes de boca ancha utilizando como embudo una botella de gaseosa grande a la que se le corta la base.<\/p>\n<p>Cualquier consulta (es muy f\u00e1cil) dirigirse a este email:\u00a0<a href=\"mailto:rocasabianca@yahoo.com.ar\"><u>rocasabianca@yahoo.com.ar<\/u><\/a><\/p>\n<p>Los que decidan incluirse en este proyecto deben dirigirnos sus email y sus domicilios a nuestros email que figuran al pie de la p\u00e1gina.<\/p>\n<p>Oportunamente les informaremos cuando el hospital los pasar\u00e1 a retirar.<\/p>\n<p>Si juntamos 100 personas habremos colaborado de manera notable con 600 litros de jab\u00f3n l\u00edquido, el m\u00e1s poderoso desinfectante para el coronavirus.<\/p>\n<p>Gracias.<\/p>\n<p>Laura Casabianca,\u00a0<a href=\"mailto:lauritacasabianca@hotmail.com\"><u>lauritacasabianca@hotmail.com<\/u><\/a><\/p>\n<p>Liliana Perig (Jefa lab. Central Hosp. Cullen),\u00a0<a href=\"mailto:lperig@hotmail.com\"><u>lperig@hotmail.com<\/u><\/a><\/p>\n<p>Roberto Casabianca,\u00a0<a href=\"mailto:rocasabianca@yahoo.com.ar\"><u>rocasabianca@yahoo.com.ar<\/u><\/a><\/p>\n<\/div><\/div>\n<div class=\"accordion-item\"><a href=\"#\" class=\"accordion-title plain\"><button class=\"toggle\"><i class=\"icon-angle-down\"><\/i><\/button><span>Jornada Cuidado Paliativos<\/span><\/a><div class=\"accordion-inner\">\n<p>El CASF, a trav\u00e9s de su Comisi\u00f3n de Derecho M\u00e9dico y Bio\u00e9tica, llev\u00f3 a cabo con \u00e9xito la Jornada sobre Cuidados Paliativos y Derechos del Paciente, donde fueron expositores la Dra. Pilar de Antueno, Magister en Bio\u00e9tica (UCA Bs.As.) y el Dr. Benigno Blanco Rodr\u00edguez, Secretario de Estado de Gobierno en Espa\u00f1a en el per\u00edodo 1996\/2004<br \/>Compartimos material normativo y bibliogr\u00e1fico de inter\u00e9s.<\/p>\n<p><a href=\"https:\/\/drive.google.com\/file\/d\/1zKbySvUY4UulUdr518QMIPygKfqhXDwa\/view?usp=sharing\">Ley 13166<\/a><\/p>\n<p><a href=\"https:\/\/drive.google.com\/file\/d\/1yCws8v2CgXMSUb6f4K5EKS8vz73MfDYv\/view?usp=sharing\">REGLAMENTACION DE LA LEY SOBRE CUIDADOS PALIATIVOS PARA PACIENTES CON ENFERMEDADES TERMINALES.<\/a><\/p>\n<p><a href=\"https:\/\/drive.google.com\/file\/d\/1MQ4P4TjUTUvZeiSSvFC-7VeFNOVbTgTq\/view?usp=sharing\">Decr_1089-2012_Regl_ley_26529<\/a><\/p>\n<p><a href=\"https:\/\/drive.google.com\/file\/d\/1_3WYoNyXjXDYtsJkXgMdWXPUyUY489KZ\/view?usp=sharing\">Ley 26742<\/a><\/p>\n<p><a href=\"https:\/\/drive.google.com\/file\/d\/1SpfRvQ50r5D0J7VVzfSyTaRm5-9XA_Ug\/view?usp=sharing\">CUIDADOS PALIATIVOS \u2013 Sanci\u00f3n Senado 15\/10\/2020<\/a><\/p>\n<\/div><\/div>\n<\/div>\n<\/div>\n<div class=\"panel entry-content\" id=\"tab_derecho-procesal-civil-y-comercial\">\n\t<div class=\"ux-menu stack stack-col justify-start ux-menu--divider-solid\">\n\t\t\n\t<div class=\"ux-menu-link flex menu-item\">\n\t\t<a class=\"ux-menu-link__link flex\" href=\"https:\/\/www.casf.org.ar\/colegio\/http:\/\/c1990348.ferozo.com\/wp-content\/uploads\/2021\/08\/inst.-procesal-ARTICULO-DAN\u0303OS-DERIVADOS-DEL-CORONAVIRUS-MJ-DOC-15255-AR.pdf\"  >\n\t\t\t<i class=\"ux-menu-link__icon text-center icon-angle-right\" ><\/i>\t\t\t<span class=\"ux-menu-link__text\">\n\t\t\t\tARTICULO DAN\u0303OS DERIVADOS DEL CORONAVIRUS\t\t\t<\/span>\n\t\t<\/a>\n\t<\/div>\n\t\n\t<\/div>\n\t\n<\/div>\n<div class=\"panel entry-content\" id=\"tab_derechos-humanos\">\n<p>Canales de comunicaci\u00f3n con la Municipalidad<br \/>Denuncias por personas en situaci\u00f3n de calle<\/p>\n<p>0800-777-5000<br \/>Redes sociales: santafecapitalok<br \/>informes@santafeciudad.gov.ar<br \/>Chat web de la p\u00e1gina<\/p>\n<p>\u2014\u2014\u2014\u2014\u2014\u2014\u2014\u2014\u2014\u2014\u2014\u2014\u2014\u2014\u2014\u2014\u2014\u2014\u2014\u2014\u2014\u2014\u2014\u2014\u2014\u2014\u2014\u2014\u2014\u2014\u2014\u2014\u2014\u2014\u2014\u2014\u2014-<\/p>\n<p>Canales de comunicaci\u00f3n con la Secretar\u00eda de DDHH y Diversidad de la Provincia de Santa Fe<\/p>\n<p>Por consultas o denuncias<\/p>\n<p>342 5357756<br \/>342 6157372<br \/>342 6106596<br \/><a href=\"mailto:secretariaddhh@santafe.gov.ar\"><u>secretariaddhh@santafe.gov.ar<\/u><\/a><\/p>\n<p>\u2014\u2014\u2014\u2014\u2014\u2014\u2014\u2014\u2014\u2014\u2014\u2014\u2014\u2014\u2014\u2014\u2014\u2014\u2014\u2014\u2014\u2014\u2014\u2014\u2014\u2014\u2014\u2014\u2014\u2014\u2014\u2014\u2014\u2014\u2014\u2014\u2014-<\/p>\n<p>Canales de comunicaci\u00f3n con la Defensor\u00eda del Pueblo<\/p>\n<p>Atenci\u00f3n al p\u00fablico. De 8 a 18 horas.<\/p>\n<p>342 5369298<br \/><a href=\"mailto:infosf@defensoriasantafe.gob.ar\"><u>infosf@defensoriasantafe.gob.ar<\/u><\/a><\/p>\n<p>Centro de Asistencia a la V\u00edctima. De 8 a 18 horas.<\/p>\n<p>342 5221935<br \/><a href=\"mailto:cavsfe@defensoriasantafe.gob.ar\"><u>cavsfe@defensoriasantafe.gob.ar<\/u><\/a><\/p>\n<p>Defensor\u00eda de Ni\u00f1os, Ni\u00f1as y Adolescentes. De 8 a 18 horas.<\/p>\n<p>342 4494569<br \/><a href=\"mailto:santafe@defensorianna.gov.ar\"><u>santafe@defensorianna.gov.ar<br \/><\/u><\/a><a href=\"mailto:secretaria@defensorianna.gov.ar\"><u>secretaria@defensorianna.gov.ar<\/u><\/a><\/p>\n<p>\u2014\u2014\u2014\u2014\u2014\u2014\u2014\u2014\u2014\u2014\u2014\u2014\u2014\u2014\u2014\u2014\u2014\u2014\u2014\u2014\u2014\u2014\u2014\u2014\u2014\u2014\u2014\u2014\u2014\u2014\u2014\u2014\u2014\u2014\u2014\u2014\u2014-<\/p>\n<p>Registro Nacional de las Personas<\/p>\n<p align=\"justify\">Se habilit\u00f3 una credencial virtual (DNI en tu Celular) para ciudadanos y ciudadanas mayores de 18 a\u00f1os que necesiten su DNI en forma urgente por los siguientes motivos:<\/p>\n<p><b>\u2013 Extrav\u00edo, sustracci\u00f3n o ilegibilidad del DNI f\u00edsico emitido<br \/>\u2013 DNI tarjeta tramitado y pendiente de entrega<\/b><\/p>\n<p>Las solicitudes deben enviarse a\u00a0<a href=\"https:\/\/www.argentina.gob.ar\/interior\/consultas@renaper.gob.ar\">consultas@renaper.gob.ar<\/a>\u00a0incluyendo:<\/p>\n<p><b>\u2013 Motivo que acredite la urgencia<br \/>\u2013 Nombre y apellido completo<br \/>\u2013 N\u00famero de DNI<br \/>\u2013 N\u00famero de Tel\u00e9fono Celular<\/b>\u00a0<i>(completo con c\u00f3digo de \u00e1rea)<\/i><\/p>\n<p>En el caso de que la solicitud sea aprobada, se enviar\u00e1 un c\u00f3digo de activaci\u00f3n y el instructivo de descarga.<\/p>\n<p>Esta credencial virtual tendr\u00e1 una vigencia de 30 d\u00edas luego de finalizar la cuarentena.<\/p>\n<p align=\"justify\">Otro dato a tener en cuenta es que\u00a0<b>la fecha de vencimiento de los DNI SE PRORROGA por el t\u00e9rmino de hasta 30 d\u00edas corridos luego de la finalizaci\u00f3n de la cuarentena.<\/b><\/p>\n<p align=\"justify\"><b>\u2014\u2014\u2014\u2014\u2014\u2014\u2014\u2014\u2014\u2014\u2014\u2014\u2014\u2014\u2014\u2014\u2014\u2014\u2014\u2014\u2014\u2014\u2014\u2014\u2014\u2014\u2014\u2014\u2014\u2014\u2014\u2014\u2014\u2014\u2014-<\/b><\/p>\n<p align=\"justify\"><b>Ministerio de Desarrollo Social \u2013 Secretar\u00eda Nacional de Ni\u00f1ez, Adolescencia y Familia<\/b><\/p>\n<p align=\"justify\">L\u00ednea de atenci\u00f3n gratuita para\u00a0<b>ni\u00f1os, ni\u00f1as y adolescentes.<\/b><\/p>\n<p align=\"justify\">Si sufren abuso, maltrato, si necesitan hablar con alguien o si desean conocer sus derechos comunicarse al:<\/p>\n<p align=\"justify\">0342 155145520<br \/>0341 153217392<\/p>\n<p><b>Detenciones por prohibici\u00f3n de circular. Algunas consideraciones. Decreto 297\/2020<\/b><\/p>\n<p align=\"justify\">Cuando se constate la existencia de infracci\u00f3n al cumplimiento del \u201caislamiento social, preventivo y obligatorio\u201d o a otras normas dispuestas para la protecci\u00f3n de la salud p\u00fablica en el marco de la emergencia sanitaria, se proceder\u00e1 de inmediato a hacer cesar la conducta infractora y se dar\u00e1 actuaci\u00f3n a la autoridad competente (Art. 4).<\/p>\n<p align=\"justify\">El Poder Ejecutivo encomienda al Ministerio de Seguridad la DETENCI\u00d3N de los veh\u00edculos que circulen en infracci\u00f3n a lo dispuesto y la RETENCI\u00d3N de los mismos de manera preventiva y por el tiempo que resulte necesario.<\/p>\n<p align=\"justify\">El art\u00edculo 6 establece quienes son los y las que est\u00e1n exceptuados\/as del cumplimiento del \u201caislamiento social, preventivo y obligatorio\u201d y de la prohibici\u00f3n de circular. Son las personas afectadas a las actividades y servicios declarados esenciales en la emergencia. Los desplazamientos deben vincularse al cumplimiento estricto de su actividad. El art\u00edculo en cuesti\u00f3n enumera una a una las excepciones, que no transcribimos para ser breves.<\/p>\n<p align=\"justify\">La pena para el\/la que viole las medidas adoptadas por las autoridades competentes para impedir la introducci\u00f3n o propagaci\u00f3n de una pandemia es de 6 meses a 2 a\u00f1os de prisi\u00f3n. Tal como lo dispone el art\u00edculo 205 del C\u00f3digo Penal. Para el\/la que resistiere o desobedeciere a un\/a funcionario\/a p\u00fablico\/a en ejercicio leg\u00edtimo de sus funciones -o a la persona que le preste asistencia a su requerimiento o por estar obligada legalmente- se prev\u00e9 la pena de prisi\u00f3n de 15 d\u00edas a 1 a\u00f1o, seg\u00fan el art\u00edculo 239 del mismo cuerpo legal.<\/p>\n<p align=\"justify\">En la Provincia de Santa Fe, la investigaci\u00f3n de estos delitos se est\u00e1 llevando adelante por un equipo de Fiscales asignados especialmente para estos fines.<\/p>\n<p align=\"justify\">Es importante tener en cuenta que seg\u00fan lo dispone nuestro C\u00f3digo Procesal Penal Provincial, la polic\u00eda est\u00e1 facultada para aprehender a quien sorprenda en flagrancia en la comisi\u00f3n de un delito de acci\u00f3n p\u00fablica (art. 212 CPPSF) y\u00a0<b>DEBE DAR AVISO SIN DILACI\u00d3N<\/b>\u00a0al Ministerio P\u00fablico Fiscal para que decida el cese de la aprehensi\u00f3n o la detenci\u00f3n, seg\u00fan corresponda.<\/p>\n<p align=\"justify\">El control de la detenci\u00f3n lo realiza el Servicio P\u00fablico de la Defensa Penal, que tiene una guardia las 24 horas y es contactada por la polic\u00eda.<\/p>\n<p align=\"justify\">Ni los controles de aislamiento, ni\u00a0<b>ninguna situaci\u00f3n habilitan hechos de violencia institucional<\/b>\u00a0por parte de las fuerzas de seguridad. Todos los derechos y garant\u00edas siguen vigentes.<\/p>\n<p align=\"justify\">Nos permitimos recordar que la violencia institucional se vincula con pr\u00e1cticas estructurales de violaci\u00f3n de derechos por parte de funcionarios\/as pertenecientes a fuerzas de seguridad, fuerzas armadas, servicios penitenciarios y efectores de salud en contextos de restricci\u00f3n de autonom\u00eda y\/o libertad (detenci\u00f3n, encierro, custodia, guarda, internaci\u00f3n, etc.). Estas pr\u00e1cticas deben denunciarse a la Secretar\u00eda de DDHH y Diversidad de la Provincia de Santa Fe.<\/p>\n\t<div class=\"ux-menu stack stack-col justify-start ux-menu--divider-solid\">\n\t\t\n\t<div class=\"ux-menu-link flex menu-item\">\n\t\t<a class=\"ux-menu-link__link flex\" href=\"https:\/\/drive.google.com\/file\/d\/1rOpSuPKVut5efRg8Rcn-RUmC7rSwoa5E\/view\"  >\n\t\t\t<i class=\"ux-menu-link__icon text-center icon-angle-right\" ><\/i>\t\t\t<span class=\"ux-menu-link__text\">\n\t\t\t\tAn\u00e1lisis normativa dictada durante la emergencia sanitaria\t\t\t<\/span>\n\t\t<\/a>\n\t<\/div>\n\t\n\t<\/div>\n\t\n<\/div>\n<div class=\"panel entry-content\" id=\"tab_derecho-administrativo\">\n\t<div class=\"ux-menu stack stack-col justify-start ux-menu--divider-solid\">\n\t\t\n\t<div class=\"ux-menu-link flex menu-item\">\n\t\t<a class=\"ux-menu-link__link flex\" href=\"https:\/\/www.casf.org.ar\/colegio\/http:\/\/c1990348.ferozo.com\/wp-content\/uploads\/2021\/08\/D-1.docx\"  >\n\t\t\t<i class=\"ux-menu-link__icon text-center icon-angle-right\" ><\/i>\t\t\t<span class=\"ux-menu-link__text\">\n\t\t\t\tDictamen 1\t\t\t<\/span>\n\t\t<\/a>\n\t<\/div>\n\t\n\t<div class=\"ux-menu-link flex menu-item\">\n\t\t<a class=\"ux-menu-link__link flex\" href=\"https:\/\/www.casf.org.ar\/colegio\/http:\/\/c1990348.ferozo.com\/wp-content\/uploads\/2021\/08\/D-2.docx\"  >\n\t\t\t<i class=\"ux-menu-link__icon text-center icon-angle-right\" ><\/i>\t\t\t<span class=\"ux-menu-link__text\">\n\t\t\t\tDictamen 2\t\t\t<\/span>\n\t\t<\/a>\n\t<\/div>\n\t\n\t<div class=\"ux-menu-link flex menu-item\">\n\t\t<a class=\"ux-menu-link__link flex\" href=\"https:\/\/www.casf.org.ar\/colegio\/http:\/\/c1990348.ferozo.com\/wp-content\/uploads\/2021\/08\/D-3.docx\"  >\n\t\t\t<i class=\"ux-menu-link__icon text-center icon-angle-right\" ><\/i>\t\t\t<span class=\"ux-menu-link__text\">\n\t\t\t\tDictamen 3\t\t\t<\/span>\n\t\t<\/a>\n\t<\/div>\n\t\n\t<div class=\"ux-menu-link flex menu-item\">\n\t\t<a class=\"ux-menu-link__link flex\" href=\"https:\/\/www.casf.org.ar\/colegio\/http:\/\/c1990348.ferozo.com\/wp-content\/uploads\/2021\/08\/D-4.docx\"  >\n\t\t\t<i class=\"ux-menu-link__icon text-center icon-angle-right\" ><\/i>\t\t\t<span class=\"ux-menu-link__text\">\n\t\t\t\tDictamen 4\t\t\t<\/span>\n\t\t<\/a>\n\t<\/div>\n\t\n\t<div class=\"ux-menu-link flex menu-item\">\n\t\t<a class=\"ux-menu-link__link flex\" href=\"https:\/\/www.casf.org.ar\/colegio\/http:\/\/c1990348.ferozo.com\/wp-content\/uploads\/2021\/08\/D-5.docx\"  >\n\t\t\t<i class=\"ux-menu-link__icon text-center icon-angle-right\" ><\/i>\t\t\t<span class=\"ux-menu-link__text\">\n\t\t\t\tDictamen 5\t\t\t<\/span>\n\t\t<\/a>\n\t<\/div>\n\t\n\t<div class=\"ux-menu-link flex menu-item\">\n\t\t<a class=\"ux-menu-link__link flex\" href=\"https:\/\/www.casf.org.ar\/colegio\/http:\/\/c1990348.ferozo.com\/wp-content\/uploads\/2021\/08\/D-5B.docx\"  >\n\t\t\t<i class=\"ux-menu-link__icon text-center icon-angle-right\" ><\/i>\t\t\t<span class=\"ux-menu-link__text\">\n\t\t\t\tDictamen 5 Bis\t\t\t<\/span>\n\t\t<\/a>\n\t<\/div>\n\t\n\t<div class=\"ux-menu-link flex menu-item\">\n\t\t<a class=\"ux-menu-link__link flex\" href=\"https:\/\/www.casf.org.ar\/colegio\/http:\/\/c1990348.ferozo.com\/wp-content\/uploads\/2021\/08\/D-6.docx\"  >\n\t\t\t<i class=\"ux-menu-link__icon text-center icon-angle-right\" ><\/i>\t\t\t<span class=\"ux-menu-link__text\">\n\t\t\t\tDictamen 6\t\t\t<\/span>\n\t\t<\/a>\n\t<\/div>\n\t\n\t<div class=\"ux-menu-link flex menu-item\">\n\t\t<a class=\"ux-menu-link__link flex\" href=\"https:\/\/www.casf.org.ar\/colegio\/http:\/\/c1990348.ferozo.com\/wp-content\/uploads\/2021\/08\/D-7.docx\"  >\n\t\t\t<i class=\"ux-menu-link__icon text-center icon-angle-right\" ><\/i>\t\t\t<span class=\"ux-menu-link__text\">\n\t\t\t\tDictamen 7\t\t\t<\/span>\n\t\t<\/a>\n\t<\/div>\n\t\n\t<div class=\"ux-menu-link flex menu-item\">\n\t\t<a class=\"ux-menu-link__link flex\" href=\"https:\/\/drive.google.com\/file\/d\/1F6y6llbtLRaQGO2EOKAOx5vsN2GTIPn6\/view?usp=sharing\"  >\n\t\t\t<i class=\"ux-menu-link__icon text-center icon-angle-right\" ><\/i>\t\t\t<span class=\"ux-menu-link__text\">\n\t\t\t\tFallo Garello \u2013 por caducidad y feria \u2013 aplicable a Covid\t\t\t<\/span>\n\t\t<\/a>\n\t<\/div>\n\t\n\t<\/div>\n\t\n<\/div>\n<div class=\"panel entry-content\" id=\"tab_derechos-de-la-mujer\">\n\t<div class=\"ux-menu stack stack-col justify-start ux-menu--divider-solid\">\n\t\t\n\t<div class=\"ux-menu-link flex menu-item\">\n\t\t<a class=\"ux-menu-link__link flex\" href=\"https:\/\/www.casf.org.ar\/colegio\/http:\/\/c1990348.ferozo.com\/wp-content\/uploads\/2021\/08\/m1.pdf\"  >\n\t\t\t<i class=\"ux-menu-link__icon text-center icon-angle-right\" ><\/i>\t\t\t<span class=\"ux-menu-link__text\">\n\t\t\t\tDeber de asistencia a ni\u00f1as, a ni\u00f1os y a adolescentes \u2013 formulario progenitores separados\t\t\t<\/span>\n\t\t<\/a>\n\t<\/div>\n\t\n\t<div class=\"ux-menu-link flex menu-item\">\n\t\t<a class=\"ux-menu-link__link flex\" href=\"https:\/\/www.casf.org.ar\/colegio\/http:\/\/c1990348.ferozo.com\/wp-content\/uploads\/2021\/08\/m2.pdf\"  >\n\t\t\t<i class=\"ux-menu-link__icon text-center icon-angle-right\" ><\/i>\t\t\t<span class=\"ux-menu-link__text\">\n\t\t\t\tINSTRUCC. PARTICULAR N\u00b0 3-2020 (MANTENIMIENTO CAUTELARES EN FAVOR)\t\t\t<\/span>\n\t\t<\/a>\n\t<\/div>\n\t\n\t<div class=\"ux-menu-link flex menu-item\">\n\t\t<a class=\"ux-menu-link__link flex\" href=\"https:\/\/www.casf.org.ar\/colegio\/http:\/\/c1990348.ferozo.com\/wp-content\/uploads\/2021\/08\/m3.pdf\"  >\n\t\t\t<i class=\"ux-menu-link__icon text-center icon-angle-right\" ><\/i>\t\t\t<span class=\"ux-menu-link__text\">\n\t\t\t\tProcedimiento BARBIJO ROJO\t\t\t<\/span>\n\t\t<\/a>\n\t<\/div>\n\t\n\t<\/div>\n\t\n<\/div>\n<div class=\"panel entry-content\" id=\"tab_inform\u00e1tica-y-nuevas-tecnolog\u00edas\">\n<p align=\"justify\"><u><b>CONSEJOS PR\u00c1CTICOS PARA LA ACTUACI\u00d3N DE ABOGADOS\/AS EN TIEMPOS DE PANDEMIA<\/b><\/u><\/p>\n<p align=\"justify\"><i><b>COVID 19 (Comisi\u00f3n de Derecho Inform\u00e1tico- Colegio de abogados de Santa Fe)<\/b><\/i><\/p>\n<p align=\"justify\">En raz\u00f3n de las medidas de aislamiento\/ cuarentena general y obligatoria, adoptadas por el Gobierno Nacional (DNU 297\/2020), y normativa dictada por el poder judicial en el \u00e1mbito provincial y nacional, los\/as abogados\/as nos vemos impedidos de circular (salvo casos excepcionales y regulados normativamente) y de tener contacto \u201cen forma presencial\u201d con clientes, colegas, autoridades y\/o personal judicial. En raz\u00f3n de ello, se brindan cierta informaci\u00f3n de utilidad.<\/p>\n<p align=\"justify\"><u><b>GESTIONES JUR\u00cdDICAS EN EL AMBITO PRIVADO<\/b><\/u><\/p>\n<p align=\"justify\"><i><u><b>ASESORAMIENTO VIRTUAL<\/b><\/u><\/i>: mediante home-office, se debe emplear el asesoramiento jur\u00eddico no presencial, por medios telef\u00f3nicos, a trav\u00e9s de videollamadas por whastapp, o videoconferencia en programa ZOOM, hangouts y\/o cualquier otro medio de comunicaci\u00f3n tecnol\u00f3gica distancia an\u00e1logo.<\/p>\n<p align=\"justify\">Respecto de los pagos, adem\u00e1s de transferencias por home-banking, resulta de mucha utilidad la utilizaci\u00f3n de \u201cMercado Pago\u201d.<\/p>\n<p align=\"justify\">Al final de este escrito se indican los enlaces a videos explicativos para el uso de los medios antes se\u00f1alados.<\/p>\n<p align=\"justify\"><u><b>ACUERDOS VIRTUALES. CASOS URGENTES Y EXCEPCIONALES. CONSTATACI\u00d3N NOTARIAL.<\/b><\/u><\/p>\n<p align=\"justify\">En el caso de que se necesite celebrar un acuerdo entre privados, se puede realizar en forma virtual a viva voz a trav\u00e9s de los medios precitados (y plasmado en escrito digital), requiriendo la presencia tambi\u00e9n virtual de un escribano p\u00fablico qui\u00e9n se encuentra facultado para conferir fe p\u00fablica de lo que observa y escucha. Se puede sugerir que el escribano tambi\u00e9n grabe el acuerdo verbal en un dispositivo electr\u00f3nico, y archive una copia digital del mismo para transcribir en el acta.<\/p>\n<p align=\"justify\">El requerimiento al escribano se deber\u00eda hacer en forma presencial por una sola de las partes, ya que tiene que estar suscripto en forma ol\u00f3grafa previamente a la celebraci\u00f3n de la audiencia virtual.<\/p>\n<p align=\"justify\">Se deja asentado en el acuerdo virtual, que culminada la cuarentena y\/o aislamiento obligatorio, los intervinientes (partes del acuerdo), se obligan a firmar en forma ol\u00f3grafa el instrumento privado que contiene el acuerdo, anex\u00e1ndose la copia impresa del testimonio del acta de constataci\u00f3n notarial.<\/p>\n<p align=\"justify\">De esta forma se evita la concentraci\u00f3n f\u00edsica de distintas personas, se gana tiempo para la<\/p>\n<p align=\"justify\">celebraci\u00f3n del acuerdo y se confiere una mayor fuerza probatoria al acuerdo celebrado, para el caso que finalizada la cuarentena y\/o aislamiento obligatorio, el acuerdo no se cumpla o sea desconocido.<\/p>\n<p align=\"justify\">Nota. El consejo Federal del Notariado Argentino considera que si bien no se est\u00e1 establecido expresamente como excepci\u00f3n la circulaci\u00f3n de escribanos en el DNU 297\/2020, se desprende en forma impl\u00edcita de la excepci\u00f3n del art. 6, inc. 6, la posibilidad de circular solo en casos de fuerzas mayor, lo que cada notario deber\u00e1 evaluar atento al caso enconcreto y bajo su responsabilidad. Cfr. Massiccioni ,Silvia Maela. Rubinzal Online. Cita RC D 1494\/2020.<\/p>\n<p align=\"justify\"><u><b>GESTIONES ANTE EL PODER JUDICIAL<\/b><\/u><\/p>\n<p align=\"justify\"><b>ORDENES DE PAGO<\/b>: Coordinar a trav\u00e9s de los medios de comunicaci\u00f3n precitados con<\/p>\n<p align=\"justify\">la autoridad judicial y\/o empleados judiciales designados en guardias m\u00ednimas, seg\u00fan acordada\u00a0(cfr. Acta Acuerdo CSJSF n\u00b0 10 del 19\/03\/2020, y el nuevo esquema de guardias<\/p>\n<p align=\"justify\">m\u00ednimas de la justicia de santa fe de fecha 27\/03\/2020), el libramiento de los pagos de fondos depositados en cuenta judicial ( sea en concepto de capital, cuotas alimentarias, honorarios profesionales, etc.), en forma directa por las autoridades judiciales mediante transferencias bancarias en el sistema provisto al poder judicial por el Nuevo Banco de Santa Fe, a la cuentas bancarias indicadas por los representantes letrados en el expediente.<\/p>\n<p align=\"justify\">Esto gesti\u00f3n de pagos se puede realizar sin necesidad de concurrir al juzgado, ni al banco, y los funcionarios judiciales designados en guardias m\u00ednimas, lo pueden realizar sin inconvenientes mediante el sistema inform\u00e1tico de su PC oficial cuando conste con toda la informaci\u00f3n requerida a tal efecto.<\/p>\n<p align=\"justify\"><u><b>AUDIENCIAS PENALES Y EN OTRAS MATERIAS. INGRESOS DE ESCRITOS EN FORMA DIGITAL<\/b><\/u>.<\/p>\n<p align=\"justify\"><b>URGENTES Y EXEPCIONALES.<\/b>\u00a0Coordinar con los magistrados y\/o funcionarios judiciales designados para guardias m\u00ednimas durante el per\u00edodo de aislamiento obligatorio, la realizaci\u00f3n de audiencias y\/o presentaci\u00f3n de escritos digitales escaneados (con firma y sello del profesional), a trav\u00e9s de los medios tecnol\u00f3gicos indicados.<\/p>\n<p align=\"justify\">A tal fin se considera de suma importancia que el poder judicial brinde un listado de tel\u00e9fonos y direcciones de mail de los magistrados y funcionarios designados en las guardias m\u00ednimas.<\/p>\n<p align=\"justify\">Atento a la situaci\u00f3n excepcional y la gravedad de la situaci\u00f3n de justiciables y abogados de La matr\u00edcula, consideramos se deber\u00edan aplicar en la medida de su compatibilidad, los principios de simplificaci\u00f3n, informalizaci\u00f3n, y celeridad que rigen en el procedimiento penal, en los otros fueros civil, laboral, extracontractual y familia. (Alimentos, honorarios profesionales, indemnizaciones) que urgen realizar.<\/p>\n<p align=\"justify\"><b>C\u00f3mo usar ZOOM para video conferencias:<\/b><\/p>\n<p align=\"justify\"><a href=\"https:\/\/www.youtube.com\/watch?v=OTvlLlAJooY\">https:\/\/www.youtube.com\/watch?v=OTvlLlAJooY<\/a><\/p>\n<p align=\"justify\"><b>Hangouts \u2013 Videoconferencia gratuita de Google.<\/b><\/p>\n<p align=\"justify\"><a href=\"https:\/\/www.youtube.com\/watch?v=wKvOidL7cGc\">https:\/\/www.youtube.com\/watch?v=wKvOidL7cGc<\/a><\/p>\n<p align=\"justify\"><b>C\u00f3mo usar hangouts desde el tel\u00e9fono:<\/b><\/p>\n<p align=\"justify\"><a href=\"https:\/\/www.youtube.com\/watch?v=Gu7QAEMZgQo\">https:\/\/www.youtube.com\/watch?v=Gu7QAEMZgQo<\/a><\/p>\n<p align=\"justify\"><b>C\u00f3mo usar hangouts desde gmail:<\/b><\/p>\n<p align=\"justify\"><a href=\"https:\/\/www.youtube.com\/watch?v=upyAudNR8Cs\">https:\/\/www.youtube.com\/watch?v=upyAudNR8Cs<\/a><\/p>\n<p align=\"justify\"><b>MERCADOPAGO<\/b><\/p>\n<p align=\"justify\">Cobrar con mercadopago<\/p>\n<p align=\"justify\"><a href=\"https:\/\/www.youtube.com\/watch?v=CGgEf8ITgp4MERCADOPAGO\">https:\/\/www.youtube.com\/watch?v=CGgEf8ITgp4MERCADOPAGO<\/a><\/p>\n<p align=\"justify\"><b>Retirar plata:<\/b><\/p>\n<p align=\"justify\"><a href=\"https:\/\/www.youtube.com\/watch?v=sQWDK4TvghI\">https:\/\/www.youtube.com\/watch?v=sQWDK4TvghI<\/a><\/p>\n<p align=\"justify\"><b>Comisi\u00f3n de Derecho Inform\u00e1tico del Colegio de Abogados de Santa Fe.<\/b><\/p>\n<\/div>\n<div class=\"panel entry-content\" id=\"tab_regi\u00f3n-centro\">\n<p align=\"justify\">En este contexto de aislamiento preventivo y obligatorio, el Instituto de Derecho de la Integraci\u00f3n MERCOSUR y Regi\u00f3n Centro del Colegio de Abogados \u2013al igual que los dem\u00e1s Institutos y Comisiones- se ha visto obligado a suspender sus actividades programadas, Sin embargo, sus integrantes han continuado trabajando en forma remota y coinciden en que en esta situaci\u00f3n de emergencia .<\/p>\n<p><b>Recomendamos noticias de MERCOSUR:<\/b><\/p>\n<p><b>PARLASUL promover estrategias conjuntas para enfrentar a pandemia de COVID-19 MERCOSUR-<\/b><b>(<\/b>25 de marzo de 2020,)<\/p>\n<p><a href=\"https:\/\/www.parlamentomercosur.org\/innovaportal\/v\/17844\/1\/parlasur\/parlasur-promueve-estrategias-conjuntas-para-enfrentar-la-pan\">https:\/\/www.parlamentomercosur.org\/innovaportal\/v\/17844\/1\/parlasur\/parlasur-promueve-estrategias-conjuntas-para-enfrentar-la-pan<\/a><\/p>\n<p><b>Corte Suprema de Justicia de la Naci\u00f3n AR y CIDH<\/b><\/p>\n<p>Fallo de la Corte Suprema de Justicia de la Naci\u00f3n \u00a0\u00a0<a href=\"https:\/\/www.cij.gov.ar\/lib\/web\/viewer.html?file=\/http:\/\/www.cij.gov.ar\/d\/doc-21444.pdf\">https:\/\/www.cij.gov.ar\/lib\/web\/viewer.html?file=%2Fhttp:\/\/www.cij.gov.ar\/d\/doc-21444.pdf<\/a><\/p>\n<p><u>PAGINAS UTILES DE LA MATERIA:<\/u><\/p>\n<p><a href=\"https:\/\/www.mercosur.int\/\">https:\/\/www.mercosur.int\/<\/a><\/p>\n<p><a href=\"http:\/\/www.comunidadandina.org\/\">http:\/\/www.comunidadandina.org\/<\/a><\/p>\n<p><a href=\"http:\/\/www.regioncentro.gob.ar\/\">www.regioncentro.gob.ar\/<\/a><\/p>\n<p>INSTITUTO DERECHO DE LA INTEGRACI\u00d3N\u00a0 MERCOSUR y REGI\u00d3N CENTRO DEL CASF-<\/p>\n<\/div>\n<div class=\"panel entry-content\" id=\"tab_derecho-constitucional\">\n\t<div class=\"ux-menu stack stack-col justify-start ux-menu--divider-solid\">\n\t\t\n\t<div class=\"ux-menu-link flex menu-item\">\n\t\t<a class=\"ux-menu-link__link flex\" href=\"https:\/\/www.casf.org.ar\/colegio\/http:\/\/c1990348.ferozo.com\/wp-content\/uploads\/2021\/08\/p1.docx\"  >\n\t\t\t<i class=\"ux-menu-link__icon text-center icon-angle-right\" ><\/i>\t\t\t<span class=\"ux-menu-link__text\">\n\t\t\t\tGUIA PROFESIONAL 1 CONSTITUCIONAL\t\t\t<\/span>\n\t\t<\/a>\n\t<\/div>\n\t\n\t<div class=\"ux-menu-link flex menu-item\">\n\t\t<a class=\"ux-menu-link__link flex\" href=\"https:\/\/www.casf.org.ar\/colegio\/http:\/\/c1990348.ferozo.com\/wp-content\/uploads\/2021\/08\/p2.docx\"  >\n\t\t\t<i class=\"ux-menu-link__icon text-center icon-angle-right\" ><\/i>\t\t\t<span class=\"ux-menu-link__text\">\n\t\t\t\tGUIA PROFESIONAL 2 CONSTITUCIONAL\t\t\t<\/span>\n\t\t<\/a>\n\t<\/div>\n\t\n\t<div class=\"ux-menu-link flex menu-item\">\n\t\t<a class=\"ux-menu-link__link flex\" href=\"https:\/\/www.casf.org.ar\/colegio\/http:\/\/c1990348.ferozo.com\/wp-content\/uploads\/2021\/08\/p3.docx\"  >\n\t\t\t<i class=\"ux-menu-link__icon text-center icon-angle-right\" ><\/i>\t\t\t<span class=\"ux-menu-link__text\">\n\t\t\t\tGUIA PROFESIONAL 3 CONSTITUCIONAL\t\t\t<\/span>\n\t\t<\/a>\n\t<\/div>\n\t\n\t<\/div>\n\t\n<\/div>\n<div class=\"panel entry-content\" id=\"tab_derecho-del-deporte\">\n\t<div class=\"ux-menu stack stack-col justify-start ux-menu--divider-solid\">\n\t\t\n\t<div class=\"ux-menu-link flex menu-item\">\n\t\t<a class=\"ux-menu-link__link flex\" href=\"https:\/\/drive.google.com\/file\/d\/1TLuHAHJtkgEcQ_SSHoKmRmy4fe9Jr92J\/view?usp=sharing\"  >\n\t\t\t<i class=\"ux-menu-link__icon text-center icon-angle-right\" ><\/i>\t\t\t<span class=\"ux-menu-link__text\">\n\t\t\t\tEntrenamiento para realizar en casa\t\t\t<\/span>\n\t\t<\/a>\n\t<\/div>\n\t\n\t<\/div>\n\t\n<\/div>\n<div class=\"panel entry-content\" id=\"tab_comisi\u00f3n-de-j\u00f3venes-abogados\">\n\t<div class=\"ux-menu stack stack-col justify-start ux-menu--divider-solid\">\n\t\t\n\t<div class=\"ux-menu-link flex menu-item\">\n\t\t<a class=\"ux-menu-link__link flex\" href=\"https:\/\/drive.google.com\/file\/d\/1jY76cXZWITZe4lRcmWGiongxhEpmhH03\/view?usp=sharing\"  >\n\t\t\t<i class=\"ux-menu-link__icon text-center icon-angle-right\" ><\/i>\t\t\t<span class=\"ux-menu-link__text\">\n\t\t\t\tTra\u0301mites habilitados y modalidades de trabajo de distintos organismos en tiempos de ASPO\t\t\t<\/span>\n\t\t<\/a>\n\t<\/div>\n\t\n\t<div class=\"ux-menu-link flex menu-item\">\n\t\t<a class=\"ux-menu-link__link flex\" href=\"https:\/\/drive.google.com\/file\/d\/12O2TZ4e1k9jQ5pDA30kk6t9hk5skNnC-\/view?usp=sharing\"  >\n\t\t\t<i class=\"ux-menu-link__icon text-center icon-angle-right\" ><\/i>\t\t\t<span class=\"ux-menu-link__text\">\n\t\t\t\tAccidentes de Trabajo \u2013 Juan Francisco Tinivella \u2013  Taller sobre LRT 24\/11\/2020\t\t\t<\/span>\n\t\t<\/a>\n\t<\/div>\n\t\n\t<\/div>\n\t\n<\/div>\n<div class=\"panel entry-content\" id=\"tab_comisi\u00f3n-de-derecho-inform\u00e1tico\">\n\t<div class=\"ux-menu stack stack-col justify-start ux-menu--divider-solid\">\n\t\t\n\t<div class=\"ux-menu-link flex menu-item\">\n\t\t<a class=\"ux-menu-link__link flex\" href=\"https:\/\/www.casf.org.ar\/colegio\/http:\/\/c1990348.ferozo.com\/wp-content\/uploads\/2021\/08\/inf.docx\"  >\n\t\t\t<i class=\"ux-menu-link__icon text-center icon-angle-right\" ><\/i>\t\t\t<span class=\"ux-menu-link__text\">\n\t\t\t\tInformaci\u00f3n\t\t\t<\/span>\n\t\t<\/a>\n\t<\/div>\n\t\n\t<\/div>\n\t\n<\/div><\/div><\/div>\n\t\t<\/div>\n\t\t\t\t\t<\/div>\n\n\t\n<\/div>\n\t\t<\/div>\n\n\t\t\n<style>\n#section_1565022149 {\n  padding-top: 0px;\n  padding-bottom: 0px;\n}\n<\/style>\n\t<\/section>\n\t\n","protected":false},"excerpt":{"rendered":"","protected":false},"author":2,"featured_media":0,"parent":0,"menu_order":0,"comment_status":"closed","ping_status":"closed","template":"","meta":[],"_links":{"self":[{"href":"https:\/\/www.casf.org.ar\/colegio\/wp-json\/wp\/v2\/pages\/1381"}],"collection":[{"href":"https:\/\/www.casf.org.ar\/colegio\/wp-json\/wp\/v2\/pages"}],"about":[{"href":"https:\/\/www.casf.org.ar\/colegio\/wp-json\/wp\/v2\/types\/page"}],"author":[{"embeddable":true,"href":"https:\/\/www.casf.org.ar\/colegio\/wp-json\/wp\/v2\/users\/2"}],"replies":[{"embeddable":true,"href":"https:\/\/www.casf.org.ar\/colegio\/wp-json\/wp\/v2\/comments?post=1381"}],"version-history":[{"count":33,"href":"https:\/\/www.casf.org.ar\/colegio\/wp-json\/wp\/v2\/pages\/1381\/revisions"}],"predecessor-version":[{"id":1897,"href":"https:\/\/www.casf.org.ar\/colegio\/wp-json\/wp\/v2\/pages\/1381\/revisions\/1897"}],"wp:attachment":[{"href":"https:\/\/www.casf.org.ar\/colegio\/wp-json\/wp\/v2\/media?parent=1381"}],"curies":[{"name":"wp","href":"https:\/\/api.w.org\/{rel}","templated":true}]}}