{"id":1189,"date":"2020-12-30T13:14:11","date_gmt":"2020-12-30T13:14:11","guid":{"rendered":"http:\/\/c1990348.ferozo.com\/?page_id=1189"},"modified":"2023-09-26T08:05:33","modified_gmt":"2023-09-26T11:05:33","slug":"comision-de-derecho-medico-y-bioetica","status":"publish","type":"page","link":"https:\/\/www.casf.org.ar\/colegio\/comision-de-derecho-medico-y-bioetica\/","title":{"rendered":"Comisi\u00f3n de Derecho M\u00e9dico y Bio\u00e9tica"},"content":{"rendered":"\t<section class=\"section\" id=\"section_356128908\">\n\t\t<div class=\"bg section-bg fill bg-fill  bg-loaded\" >\n\n\t\t\t\n\t\t\t\n\t\t\t\n\n\t\t<\/div>\n\n\t\t<div class=\"section-content relative\">\n\t\t\t\n<div class=\"container section-title-container\" ><h3 class=\"section-title section-title-center\"><b><\/b><span class=\"section-title-main\" >COMISI\u00d3N DE DERECHO M\u00c9DICO Y BIO\u00c9TICA<\/span><b><\/b><\/h3><\/div>\n<div class=\"accordion\" rel=\"1\">\n<div class=\"accordion-item\"><a href=\"#\" class=\"accordion-title plain\"><button class=\"toggle\"><i class=\"icon-angle-down\"><\/i><\/button><span>Actividades de la Comisi\u00f3n | Material de apoyo a charlas \/ jornadas<\/span><\/a><div class=\"accordion-inner\">\n\n\t\t<div class=\"tabbed-content\">\n\t\t\t\n\t\t\t<ul class=\"nav nav-tabs nav-uppercase nav-size-large nav-left\"><li class=\"tab active has-icon\"><a href=\"#tab_a\u00f1o-2020\"><span>A\u00f1o 2020<\/span><\/a><\/li>\n<li class=\"tab has-icon\"><a href=\"#tab_a\u00f1o-2017\"><span>A\u00f1o 2017<\/span><\/a><\/li><\/ul><div class=\"tab-panels\"><div class=\"panel active entry-content\" id=\"tab_a\u00f1o-2020\">\n<p>Dictamen:\u00a0<strong>Informe sobre el Proyecto de Aborto<\/strong><br \/>Fecha:\u00a0<strong>10\/12\/2020<\/strong><\/p>\n<p><a href=\"https:\/\/drive.google.com\/file\/d\/1cJFDnCC9oYrvyLv-c3gKf0lAN12rEUn3\/view?usp=sharing\">Informe COMISION DERECHO ME\u0301DICO Y BIOE\u0301TICA sobre el Proyecto de Aborto<\/a><\/p>\n<p>Jornada:\u00a0<strong>Cuidados Paliativos y Derecho del Paciente<\/strong><br \/>Fecha:\u00a0<strong>01\/10\/2020<\/strong><br \/>Expositores:\u00a0<strong>Dra. Pilar de Antueno y Dr. Benigno Blanco Rodr\u00edguez<\/strong><\/p>\n<p><a href=\"https:\/\/drive.google.com\/file\/d\/1zKbySvUY4UulUdr518QMIPygKfqhXDwa\/view?usp=sharing\">Ley 13166<\/a><\/p>\n<p><a href=\"https:\/\/drive.google.com\/file\/d\/1yCws8v2CgXMSUb6f4K5EKS8vz73MfDYv\/view?usp=sharing\">REGLAMENTACION DE LA LEY SOBRE CUIDADOS PALIATIVOS PARA PACIENTES CON ENFERMEDADES TERMINALES.<\/a><\/p>\n<p><a href=\"https:\/\/drive.google.com\/file\/d\/1MQ4P4TjUTUvZeiSSvFC-7VeFNOVbTgTq\/view?usp=sharing\">Decr_1089-2012_Regl_ley_26529<\/a><\/p>\n<p><a href=\"https:\/\/drive.google.com\/file\/d\/1_3WYoNyXjXDYtsJkXgMdWXPUyUY489KZ\/view?usp=sharing\">Ley 26742<\/a><\/p>\n<p><a href=\"https:\/\/drive.google.com\/file\/d\/1SpfRvQ50r5D0J7VVzfSyTaRm5-9XA_Ug\/view?usp=sharing\">CUIDADOS PALIATIVOS \u2013 Sanci\u00f3n Senado 15\/10\/2020<\/a><\/p>\n<\/div>\n<div class=\"panel entry-content\" id=\"tab_a\u00f1o-2017\">\n<p>Jornada:\u00a0<strong>Consentimiento Informado<\/strong><br \/>Fecha:\u00a0<strong>22\/09\/2017<\/strong><br \/>Expositores:\u00a0<strong>Dr. Luis De Pro y Dr. Nicol\u00e1s Lafferriere<\/strong><\/p>\n<\/div><\/div><\/div>\n<\/div><\/div>\n<\/div>\n\t\t<\/div>\n\n\t\t\n<style>\n#section_356128908 {\n  padding-top: 30px;\n  padding-bottom: 30px;\n}\n<\/style>\n\t<\/section>\n\t\n","protected":false},"excerpt":{"rendered":"","protected":false},"author":2,"featured_media":0,"parent":0,"menu_order":0,"comment_status":"closed","ping_status":"closed","template":"","meta":[],"_links":{"self":[{"href":"https:\/\/www.casf.org.ar\/colegio\/wp-json\/wp\/v2\/pages\/1189"}],"collection":[{"href":"https:\/\/www.casf.org.ar\/colegio\/wp-json\/wp\/v2\/pages"}],"about":[{"href":"https:\/\/www.casf.org.ar\/colegio\/wp-json\/wp\/v2\/types\/page"}],"author":[{"embeddable":true,"href":"https:\/\/www.casf.org.ar\/colegio\/wp-json\/wp\/v2\/users\/2"}],"replies":[{"embeddable":true,"href":"https:\/\/www.casf.org.ar\/colegio\/wp-json\/wp\/v2\/comments?post=1189"}],"version-history":[{"count":6,"href":"https:\/\/www.casf.org.ar\/colegio\/wp-json\/wp\/v2\/pages\/1189\/revisions"}],"predecessor-version":[{"id":1196,"href":"https:\/\/www.casf.org.ar\/colegio\/wp-json\/wp\/v2\/pages\/1189\/revisions\/1196"}],"wp:attachment":[{"href":"https:\/\/www.casf.org.ar\/colegio\/wp-json\/wp\/v2\/media?parent=1189"}],"curies":[{"name":"wp","href":"https:\/\/api.w.org\/{rel}","templated":true}]}}