{"id":1134,"date":"2020-12-30T12:33:55","date_gmt":"2020-12-30T12:33:55","guid":{"rendered":"http:\/\/c1990348.ferozo.com\/?page_id=1134"},"modified":"2022-05-12T10:09:14","modified_gmt":"2022-05-12T13:09:14","slug":"instituto-de-derecho-ambiental","status":"publish","type":"page","link":"https:\/\/www.casf.org.ar\/colegio\/instituto-de-derecho-ambiental\/","title":{"rendered":"Instituto de Derecho Ambiental"},"content":{"rendered":"\t<section class=\"section\" id=\"section_1894081761\">\n\t\t<div class=\"bg section-bg fill bg-fill  bg-loaded\" >\n\n\t\t\t\n\t\t\t\n\t\t\t\n\n\t\t<\/div>\n\n\t\t<div class=\"section-content relative\">\n\t\t\t\n<div class=\"container section-title-container\" ><h3 class=\"section-title section-title-center\"><b><\/b><span class=\"section-title-main\" >Instituto de Derecho Ambiental<\/span><b><\/b><\/h3><\/div>\n<div class=\"accordion\" rel=\"1\">\n<div class=\"accordion-item\"><a href=\"#\" class=\"accordion-title plain\"><button class=\"toggle\"><i class=\"icon-angle-down\"><\/i><\/button><span>Notas, textos, declaraciones<\/span><\/a><div class=\"accordion-inner\">\n\n  \n    <div class=\"row large-columns-3 medium-columns-1 small-columns-1 slider row-slider slider-nav-reveal slider-nav-push\"  data-flickity-options='{\"imagesLoaded\": true, \"groupCells\": \"100%\", \"dragThreshold\" : 5, \"cellAlign\": \"left\",\"wrapAround\": true,\"prevNextButtons\": true,\"percentPosition\": true,\"pageDots\": false, \"rightToLeft\": false, \"autoPlay\" : false}'>\n\n  \t\t<div class=\"col post-item\" >\n\t\t\t<div class=\"col-inner\">\n\t\t\t<a href=\"https:\/\/www.casf.org.ar\/colegio\/2022\/04\/20\/dia-mundial-de-la-tierra\/\" class=\"plain\">\n\t\t\t\t<div class=\"box box-normal box-text-bottom box-blog-post has-hover\">\n          \t\t\t\t\t<div class=\"box-text text-center\" >\n\t\t\t\t\t<div class=\"box-text-inner blog-post-inner\">\n\n\t\t\t\t\t\n\t\t\t\t\t\t\t\t\t\t<h5 class=\"post-title is-large \">D\u00eda Internacional de la Madre Tierra<\/h5>\n\t\t\t\t\t<div class=\"post-meta is-small op-8\">20 abril, 2022<\/div>\t\t\t\t\t<div class=\"is-divider\"><\/div>\n\t\t\t\t\t\t\t\t\t\t<p class=\"from_the_blog_excerpt \">Publicado 20 abril 2022 D\u00eda Mundial de la Tierra 22 de abril 2022 Cada 22 [...]\t\t\t\t\t<\/p>\n\t\t\t\t\t                    \n\t\t\t\t\t\t\t\t\t\t\t<button href=\"https:\/\/www.casf.org.ar\/colegio\/2022\/04\/20\/dia-mundial-de-la-tierra\/\" class=\"button  is-outline is-small mb-0\">\n\t\t\t\t\t\t\tLeer m\u00e1s\t\t\t\t\t\t<\/button>\n\t\t\t\t\t\n\t\t\t\t\t\n\t\t\t\t\t<\/div>\n\t\t\t\t\t<\/div>\n\t\t\t\t\t\t\t\t\t<\/div>\n\t\t\t\t<\/a>\n\t\t\t<\/div>\n\t\t<\/div>\n<\/div>\n<\/div><\/div>\n<div class=\"accordion-item\"><a href=\"#\" class=\"accordion-title plain\"><button class=\"toggle\"><i class=\"icon-angle-down\"><\/i><\/button><span>Actividades del Instituto | Material de apoyo a charlas \/ jornadas<\/span><\/a><div class=\"accordion-inner\">\n\n\t\t<div class=\"tabbed-content\">\n\t\t\t\n\t\t\t<ul class=\"nav nav-tabs nav-uppercase nav-size-large nav-left\"><li class=\"tab active has-icon\"><a href=\"#tab_a\u00f1o-2017\"><span>A\u00f1o 2017<\/span><\/a><\/li>\n<li class=\"tab has-icon\"><a href=\"#tab_a\u00f1o-2018\"><span>A\u00f1o 2018<\/span><\/a><\/li>\n<li class=\"tab has-icon\"><a href=\"#tab_a\u00f1o-2019\"><span>A\u00f1o 2019<\/span><\/a><\/li>\n<li class=\"tab has-icon\"><a href=\"#tab_a\u00f1o-2022\"><span>A\u00f1o 2022<\/span><\/a><\/li><\/ul><div class=\"tab-panels\"><div class=\"panel active entry-content\" id=\"tab_a\u00f1o-2017\">\n<p>Charla \u2013 Jornada:\u00a0<strong>Proyecto de Ley de Agua de la Provincia de Santa Fe<\/strong>\u00a0(en conmemoraci\u00f3n por el\u00a0D\u00eda Internacional del Agua)<strong><br \/>\n<\/strong>Fecha:<strong>\u00a022\/03\/2017<br \/>\n<\/strong>Expositor:<strong>\u00a0Dra. Fabiana Malatesta<\/strong><\/p>\n<p>Charla \u2013 Jornada:\u00a0II Jornadas Interdisciplinarias:\u00a0<strong>Derechos Humanos del Migrante Clim\u00e1tico Ambiental \u00bfC\u00f3mo garantizarlo?<br \/>\n<\/strong>Fecha:\u00a0<strong>06\/06\/2017<\/strong><br \/>\nExpositores:\u00a0<strong>Dr. Juan Pablo Guti\u00e9rrez; Dra. Mar\u00eda In\u00e9s Gagliardi y Dra. Mar\u00eda Jos\u00e9 Veglia<\/strong><\/p>\n<p>Charla \u2013 Jornada:\u00a0<strong>Arquitectura sustentable frente al cambio clim\u00e1tico, desaf\u00edo respecto al ambiente y los derechos humanos<\/strong><br \/>\nFecha:\u00a0<strong>09\/10\/2017<\/strong><br \/>\nExpositores:\u00a0<strong>Dra. y Arq. Claudia Moray; Dra. Mar\u00eda Agustina Pessolani; Dr. Mat\u00edas Rodolfo Pacce; Dr. Juan Pablo Guti\u00e9rrez<\/strong><\/p>\n<\/div>\n<div class=\"panel entry-content\" id=\"tab_a\u00f1o-2018\">\n<p><span lang=\"es-ES\">Charla \u2013 Jornada:\u00a0<b>Energ\u00edas renovables para una nueva matriz energ\u00e9tica<br \/>\n<\/b>Fecha:\u00a0<b><strong>05\/06\/2018<\/strong><br \/>\n<\/b>Expositores:<b>\u00a0<\/b><strong><b>Dra. Mar\u00eda Agustina Pessolani<\/b>\u00a0y la<b>\u00a0Arq. Maria In\u00e9s Gihirardotti<\/b><\/strong><\/span><\/p>\n<p><span lang=\"es-ES\">Charla \u2013 Jornada:\u00a0III Jornadas Interdisciplinarias de Derechos Humanos y Derecho Ambiental<b><br \/>\nLos objetivos del desarrollo humano y los objetivos del desarrollo sostenible ambiental<br \/>\n<\/b>Fecha:\u00a0<b><strong>19\/06\/2018<\/strong><br \/>\n<\/b>Expositores:<b>\u00a0Dres<\/b><strong>. Gisela Caminos, Mar\u00eda Jos\u00e9 Veglia, Luciano Gatti y el arq. Jos\u00e9 Luis Arias<\/strong><\/span><\/p>\n<\/div>\n<div class=\"panel entry-content\" id=\"tab_a\u00f1o-2019\">\n<p>Charla \u2013 Debate:\u00a0<strong>D\u00eda Mundial del Agua<\/strong><br \/>\nFecha:\u00a0<strong>26\/03\/2019<\/strong><br \/>\nExpositores:\u00a0<b>Lic. Germ\u00e1n Nessier,\u00a0<\/b>\u00a0<b>Dra. Ing. \u00a0Marta del Carmen Paris,\u00a0<\/b><span lang=\"pt-BR\"><b>Dras. Mar\u00eda Agustina Pessolani y Mar\u00eda Jos\u00e9 Veglia<\/b><\/span><\/p>\n\t<div class=\"img has-hover x md-x lg-x y md-y lg-y\" id=\"image_1381677994\">\n\t\t<a class=\"image-lightbox lightbox-gallery\" title=\"\" href=\"\">\t\t\t\t<div data-animate=\"fadeInLeft\">\t\t<div class=\"img-inner dark\" >\n\t\t\t\t\t\t\t\t\t\n\t\t\t\t\t<\/div>\n\t\t<\/div>\t\t\t\t<\/a>\t\t\n<style>\n#image_1381677994 {\n  width: 30%;\n}\n<\/style>\n\t<\/div>\n\t\n<\/div>\n<div class=\"panel entry-content\" id=\"tab_a\u00f1o-2022\">\n<p>Fecha: <strong>13\/04\/2022<\/strong><\/p>\n<p><a href=\"https:\/\/docs.google.com\/presentation\/d\/1zsz5izhcpg-QjBn3GH7lJAaIIgQfjJ-5\/edit?usp=sharing&amp;\nouid=111753433600996144860&amp;rtpof=true&amp;sd=true\" target=\"_blank\" rel=\"noopener\">SISTEMA LAGUNA SETUBAL O GUADALUPE<\/a><\/p>\n<\/div><\/div><\/div>\n<\/div><\/div>\n<\/div>\n\t\t<\/div>\n\n\t\t\n<style>\n#section_1894081761 {\n  padding-top: 30px;\n  padding-bottom: 30px;\n}\n<\/style>\n\t<\/section>\n\t\n","protected":false},"excerpt":{"rendered":"","protected":false},"author":2,"featured_media":0,"parent":0,"menu_order":0,"comment_status":"closed","ping_status":"closed","template":"","meta":[],"_links":{"self":[{"href":"https:\/\/www.casf.org.ar\/colegio\/wp-json\/wp\/v2\/pages\/1134"}],"collection":[{"href":"https:\/\/www.casf.org.ar\/colegio\/wp-json\/wp\/v2\/pages"}],"about":[{"href":"https:\/\/www.casf.org.ar\/colegio\/wp-json\/wp\/v2\/types\/page"}],"author":[{"embeddable":true,"href":"https:\/\/www.casf.org.ar\/colegio\/wp-json\/wp\/v2\/users\/2"}],"replies":[{"embeddable":true,"href":"https:\/\/www.casf.org.ar\/colegio\/wp-json\/wp\/v2\/comments?post=1134"}],"version-history":[{"count":10,"href":"https:\/\/www.casf.org.ar\/colegio\/wp-json\/wp\/v2\/pages\/1134\/revisions"}],"predecessor-version":[{"id":15712,"href":"https:\/\/www.casf.org.ar\/colegio\/wp-json\/wp\/v2\/pages\/1134\/revisions\/15712"}],"wp:attachment":[{"href":"https:\/\/www.casf.org.ar\/colegio\/wp-json\/wp\/v2\/media?parent=1134"}],"curies":[{"name":"wp","href":"https:\/\/api.w.org\/{rel}","templated":true}]}}