{"id":1086,"date":"2020-12-30T11:45:27","date_gmt":"2020-12-30T11:45:27","guid":{"rendered":"http:\/\/c1990348.ferozo.com\/?page_id=1086"},"modified":"2022-08-19T08:27:33","modified_gmt":"2022-08-19T11:27:33","slug":"instituto-de-derecho-civil","status":"publish","type":"page","link":"https:\/\/www.casf.org.ar\/colegio\/instituto-de-derecho-civil\/","title":{"rendered":"Instituto de Derecho Civil"},"content":{"rendered":"\t<section class=\"section\" id=\"section_1221708932\">\n\t\t<div class=\"bg section-bg fill bg-fill  bg-loaded\" >\n\n\t\t\t\n\t\t\t\n\t\t\t\n\n\t\t<\/div>\n\n\t\t<div class=\"section-content relative\">\n\t\t\t\n<div class=\"container section-title-container\" ><h3 class=\"section-title section-title-center\"><b><\/b><span class=\"section-title-main\" >INSTITUTO DE DERECHO CIVIL<\/span><b><\/b><\/h3><\/div>\n<div class=\"accordion\" rel=\"1\">\n<div class=\"accordion-item\"><a href=\"#\" class=\"accordion-title plain\"><button class=\"toggle\"><i class=\"icon-angle-down\"><\/i><\/button><span>Actividades del Instituto | Material de apoyo a charlas \/ jornadas<\/span><\/a><div class=\"accordion-inner\">\n\n\t\t<div class=\"tabbed-content\">\n\t\t\t\n\t\t\t<ul class=\"nav nav-tabs nav-uppercase nav-size-large nav-left\"><li class=\"tab active has-icon\"><a href=\"#tab_a\u00f1o-2017\"><span>A\u00f1o 2017<\/span><\/a><\/li>\n<li class=\"tab has-icon\"><a href=\"#tab_a\u00f1o-2022\"><span>A\u00f1o 2022<\/span><\/a><\/li><\/ul><div class=\"tab-panels\"><div class=\"panel active entry-content\" id=\"tab_a\u00f1o-2017\">\n<p>Jornada:\u00a0<strong>Fideicomiso inmobiliario \/ Derecho Real de Superficie<\/strong><br \/>\nFecha:\u00a0<strong>18\/08\/2017<\/strong><br \/>\nExpositor:\u00a0<strong>Dr. Enrique Luis Abatti<\/strong><\/p>\n<p>Jornada:<strong>\u00a0Homenaje al Profesor Dr. Luis Moisset de Espan\u00e9s<br \/>\n<\/strong>Fecha:<strong>\u00a010\/11\/2017<br \/>\n<\/strong>Expositores:<strong>\u00a0Dres. Edgardo I. Saux, Julio Altamira Gigena, Luis Niel Puig, Enrique M. Pita y Luis Daguerre<br \/>\n<\/strong><\/p>\n<p>Jornada:\u00a0<strong>Conjuntos Inmobiliarios: Cuestiones litigiosas ante la sanci\u00f3n del nuevo C\u00f3digo Civil y Comercial<\/strong><br \/>\nFecha:\u00a0<strong>29\/11\/2017<\/strong><br \/>\nExpositor:\u00a0<strong>Dr. Nelson Cossari<\/strong><\/p>\n<\/div>\n<div class=\"panel entry-content\" id=\"tab_a\u00f1o-2022\">\n<p>Dictamen: <strong>Suspensi\u00f3n del c\u00f3mputo de los plazos registrales. Criterios de calificaci\u00f3n del Registrador del modo de contar los mismos.<br \/>\n<\/strong><a href=\"https:\/\/www.casf.org.ar\/colegio\/wp-content\/uploads\/2022\/05\/INFORME-AL-COLEGIO-POR-SUSPENSION-PLAZOS-REGISTRALES.pdf\" target=\"_blank\" rel=\"noopener\"><i class=\"fa fa-download\"><\/i> Descargar<\/a><\/p>\n<div>Jornada:<strong> Vivienda. Afectaci\u00f3n, desafectaci\u00f3n, \u00a0Subrogaci\u00f3n Real. Casos Judiciales. &#8211;<\/strong><br \/>\nFecha: <strong>28\/03\/2022<\/strong><br \/>\nExpositor: <strong>Abog. Leandro Nicol\u00e1s Griotti<\/strong><i>\u00a0 <\/i><\/div>\n<div><\/div>\n<div>Jornada: <strong>Redacci\u00f3n Contractual<\/strong> &#8211; Organizada con el Instituto de Derecho Comercial<br \/>\nFecha: <strong>26\/04\/2022<br \/>\n<\/strong>Expositor:<strong> Dr. Mariano Esper<br \/>\n<\/strong><\/div>\n<div><\/div>\n<div>Jornada:<strong> Estudio de T\u00edtulos , An\u00e1lisis Te\u00f3ricos Practico &#8211; Herramientas para la profesi\u00f3n<\/strong><br \/>\nFecha: <strong>11\/05\/2022<br \/>\n<\/strong>Expositor: <strong>Ecno. Juan Carlos Dallaglio &#8211; Titular 252<br \/>\n<\/strong><\/div>\n<\/div><\/div><\/div>\n<\/div><\/div>\n<\/div>\n\t\t<\/div>\n\n\t\t\n<style>\n#section_1221708932 {\n  padding-top: 30px;\n  padding-bottom: 30px;\n}\n<\/style>\n\t<\/section>\n\t\n","protected":false},"excerpt":{"rendered":"","protected":false},"author":2,"featured_media":0,"parent":0,"menu_order":0,"comment_status":"closed","ping_status":"closed","template":"","meta":[],"_links":{"self":[{"href":"https:\/\/www.casf.org.ar\/colegio\/wp-json\/wp\/v2\/pages\/1086"}],"collection":[{"href":"https:\/\/www.casf.org.ar\/colegio\/wp-json\/wp\/v2\/pages"}],"about":[{"href":"https:\/\/www.casf.org.ar\/colegio\/wp-json\/wp\/v2\/types\/page"}],"author":[{"embeddable":true,"href":"https:\/\/www.casf.org.ar\/colegio\/wp-json\/wp\/v2\/users\/2"}],"replies":[{"embeddable":true,"href":"https:\/\/www.casf.org.ar\/colegio\/wp-json\/wp\/v2\/comments?post=1086"}],"version-history":[{"count":11,"href":"https:\/\/www.casf.org.ar\/colegio\/wp-json\/wp\/v2\/pages\/1086\/revisions"}],"predecessor-version":[{"id":17125,"href":"https:\/\/www.casf.org.ar\/colegio\/wp-json\/wp\/v2\/pages\/1086\/revisions\/17125"}],"wp:attachment":[{"href":"https:\/\/www.casf.org.ar\/colegio\/wp-json\/wp\/v2\/media?parent=1086"}],"curies":[{"name":"wp","href":"https:\/\/api.w.org\/{rel}","templated":true}]}}