{"id":1068,"date":"2020-12-29T15:23:07","date_gmt":"2020-12-29T15:23:07","guid":{"rendered":"http:\/\/c1990348.ferozo.com\/?page_id=1068"},"modified":"2020-12-29T15:26:09","modified_gmt":"2020-12-29T15:26:09","slug":"instituto-de-derecho-de-la-integracion-y-mercosur","status":"publish","type":"page","link":"https:\/\/www.casf.org.ar\/colegio\/instituto-de-derecho-de-la-integracion-y-mercosur\/","title":{"rendered":"Instituto de Derecho de la Integraci\u00f3n y Mercosur"},"content":{"rendered":"\t<section class=\"section\" id=\"section_264380194\">\n\t\t<div class=\"bg section-bg fill bg-fill  bg-loaded\" >\n\n\t\t\t\n\t\t\t\n\t\t\t\n\n\t\t<\/div>\n\n\t\t<div class=\"section-content relative\">\n\t\t\t\n<div class=\"container section-title-container\" ><h3 class=\"section-title section-title-center\"><b><\/b><span class=\"section-title-main\" >INSTITUTO DE DERECHO DE LA INTEGRACI\u00d3N Y MERCOSUR<\/span><b><\/b><\/h3><\/div>\n<div class=\"accordion\" rel=\"1\">\n<div class=\"accordion-item\"><a href=\"#\" class=\"accordion-title plain\"><button class=\"toggle\"><i class=\"icon-angle-down\"><\/i><\/button><span>Actividades del Instituto | Material de apoyo a charlas \/ jornadas<\/span><\/a><div class=\"accordion-inner\">\n\n\t\t<div class=\"tabbed-content\">\n\t\t\t\n\t\t\t<ul class=\"nav nav-tabs nav-uppercase nav-size-large nav-left\"><li class=\"tab active has-icon\"><a href=\"#tab_a\u00f1o-2017\"><span>A\u00f1o 2017<\/span><\/a><\/li><\/ul><div class=\"tab-panels\"><div class=\"panel active entry-content\" id=\"tab_a\u00f1o-2017\">\n<p>Participaci\u00f3n:\u00a0<strong>Jornada Implementaci\u00f3n del Observatorio Profesional. Tema: Planificaci\u00f3n Estrat\u00e9gica y Alcances de la Infraestructura de Datos Especiales (IDE)<\/strong><br \/>Fecha:\u00a0<strong>25 y 26 de abril<\/strong><br \/>Lugar:\u00a0<strong>Victoria \u2013 Entre R\u00edos<\/strong><br \/>Expositores:\u00a0<strong>Ing. Agr. Elda Albornoz, Lic. Laura Bevilaqua y Agrim. Sergio Cimbaro<\/strong><\/p>\n<p>\u00a0<\/p>\n<p>Participaci\u00f3n:\u00a0<strong>XII Jornadas Institucionales de la Regi\u00f3n Centro<\/strong><br \/>Fecha:\u00a0<strong>17 y 18 de septiembre<\/strong><br \/>Lugar:\u00a0<strong>Santa Fe<\/strong><\/p>\n<p>Participaci\u00f3n:\u00a0<strong>Jornada Mercosur para Jueces y Abogados<\/strong><br \/>Fecha:\u00a0<strong>20 de septiembre<\/strong><br \/>Lugar:\u00a0<strong>Ciudad Aut\u00f3noma de Buenos Aires<\/strong><br \/>Expositor Destacado:\u00a0<strong>Magistrado C\u00e9sar Salazar Grande<\/strong><\/p>\n<\/div><\/div><\/div>\n<\/div><\/div>\n<\/div>\n\t\t<\/div>\n\n\t\t\n<style>\n#section_264380194 {\n  padding-top: 30px;\n  padding-bottom: 30px;\n}\n<\/style>\n\t<\/section>\n\t\n","protected":false},"excerpt":{"rendered":"","protected":false},"author":2,"featured_media":0,"parent":0,"menu_order":0,"comment_status":"closed","ping_status":"closed","template":"","meta":[],"_links":{"self":[{"href":"https:\/\/www.casf.org.ar\/colegio\/wp-json\/wp\/v2\/pages\/1068"}],"collection":[{"href":"https:\/\/www.casf.org.ar\/colegio\/wp-json\/wp\/v2\/pages"}],"about":[{"href":"https:\/\/www.casf.org.ar\/colegio\/wp-json\/wp\/v2\/types\/page"}],"author":[{"embeddable":true,"href":"https:\/\/www.casf.org.ar\/colegio\/wp-json\/wp\/v2\/users\/2"}],"replies":[{"embeddable":true,"href":"https:\/\/www.casf.org.ar\/colegio\/wp-json\/wp\/v2\/comments?post=1068"}],"version-history":[{"count":5,"href":"https:\/\/www.casf.org.ar\/colegio\/wp-json\/wp\/v2\/pages\/1068\/revisions"}],"predecessor-version":[{"id":1074,"href":"https:\/\/www.casf.org.ar\/colegio\/wp-json\/wp\/v2\/pages\/1068\/revisions\/1074"}],"wp:attachment":[{"href":"https:\/\/www.casf.org.ar\/colegio\/wp-json\/wp\/v2\/media?parent=1068"}],"curies":[{"name":"wp","href":"https:\/\/api.w.org\/{rel}","templated":true}]}}