{"id":1026,"date":"2020-12-29T14:49:08","date_gmt":"2020-12-29T14:49:08","guid":{"rendered":"http:\/\/c1990348.ferozo.com\/?page_id=1026"},"modified":"2020-12-29T14:56:58","modified_gmt":"2020-12-29T14:56:58","slug":"instituto-de-derecho-laboral","status":"publish","type":"page","link":"https:\/\/www.casf.org.ar\/colegio\/instituto-de-derecho-laboral\/","title":{"rendered":"Instituto de Derecho Laboral"},"content":{"rendered":"\t<section class=\"section\" id=\"section_2004101921\">\n\t\t<div class=\"bg section-bg fill bg-fill  bg-loaded\" >\n\n\t\t\t\n\t\t\t\n\t\t\t\n\n\t\t<\/div>\n\n\t\t<div class=\"section-content relative\">\n\t\t\t\n<div class=\"container section-title-container\" ><h3 class=\"section-title section-title-center\"><b><\/b><span class=\"section-title-main\" >INSTITUTO DE DERECHO LABORAL<\/span><b><\/b><\/h3><\/div>\n<div class=\"accordion\" rel=\"1\">\n<div class=\"accordion-item\"><a href=\"#\" class=\"accordion-title plain\"><button class=\"toggle\"><i class=\"icon-angle-down\"><\/i><\/button><span>Actividades del Instituto | Material de apoyo a charlas \/ jornadas<\/span><\/a><div class=\"accordion-inner\">\n\n\t\t<div class=\"tabbed-content\">\n\t\t\t\n\t\t\t<ul class=\"nav nav-tabs nav-uppercase nav-size-large nav-left\"><li class=\"tab active has-icon\"><a href=\"#tab_a\u00f1o-2016\"><span>A\u00f1o 2016<\/span><\/a><\/li>\n<li class=\"tab has-icon\"><a href=\"#tab_a\u00f1o-2017\"><span>A\u00f1o 2017<\/span><\/a><\/li>\n<li class=\"tab has-icon\"><a href=\"#tab_a\u00f1o-2018\"><span>A\u00f1o 2018<\/span><\/a><\/li>\n<li class=\"tab has-icon\"><a href=\"#tab_a\u00f1o-2020\"><span>A\u00f1o 2020<\/span><\/a><\/li><\/ul><div class=\"tab-panels\"><div class=\"panel active entry-content\" id=\"tab_a\u00f1o-2016\">\n<p>\u2013\u00a0<a href=\"http:\/\/c1990348.ferozo.com\/wp-content\/uploads\/2020\/12\/Dictamen-Proyecto-Reforma-LRT.pdf\">Dictamen del Instituto:\u00a0<strong>Proyecto de Ley Complementaria del R\u00e9gimen sobre Riesgos de Trabajo<\/strong><\/a><\/p>\n<\/div>\n<div class=\"panel entry-content\" id=\"tab_a\u00f1o-2017\">\n<p>Jornada:\u00a0<strong>IV Encuentro Internacional de Derecho Laboral<\/strong><strong><br \/><\/strong>Fecha:<strong>\u00a030 y 31\/03\/2017<br \/><\/strong>Expositores:<strong>\u00a0H\u00e9ctor L.Ponce, Dr. Javier Aga, Dr. Eduardo Massot, Dr. Mariano Vigan\u00f3, Jorge Triaca y otros destacados disertantes de Brasil, Uruguay, Espa\u00f1a y EEUU.<br \/><\/strong>Lugar:<strong>\u00a0ATILRA \u2013 Sunchales<\/strong><\/p>\n<p>Curso<strong>:\u00a0Curso Intensivo en Diagn\u00f3stico y Estrategia del Derecho Laboral<br \/><\/strong>Fecha<strong>:\u00a004\/04, 11\/04, 18\/04, 25\/04, 02\/05 y 09\/05\/2017<br \/><\/strong><\/p>\n<p>Curso:<strong>\u00a0Curso de Actualizaci\u00f3n sobre Ley de Riesgos del Trabajo<br \/><\/strong>Fecha:<strong>\u00a019\/05, 02\/06, 9\/06, 23\/06, 30\/06, 07\/07, 04\/08 y 25\/08<br \/><\/strong>Expositores:<strong>\u00a0Dres. Juan Formaro, Luis Ramirez, Jorge El\u00edas, Daniel Machado, Patricia De Petre, Mauricio Marionsini, Diego Tula, Mariela Fregona y C\u00e9sar Arese<br \/><\/strong>Lugar:<strong>\u00a0FCJS\/UNL y CASF<\/strong><\/p>\n<p>\u2013\u00a0<a href=\"http:\/\/c1990348.ferozo.com\/wp-content\/uploads\/2020\/12\/Dictamen-SIREL-Instituto-Laboral.pdf\">Dictamen del Instituto:\u00a0<strong>Creaci\u00f3n del S.I.R.E.L. (Sistema Integral de Registro para el Estudio de la Litigiosidad del Sistema de Riesgos del Trabajo)<\/strong><\/a><\/p>\n<\/div>\n<div class=\"panel entry-content\" id=\"tab_a\u00f1o-2018\">\n<p>Jornada:\u00a0<strong><span lang=\"es-ES\"><b>V Encuentro Internacional de Derecho Laboral<\/b><\/span><br \/><\/strong>Fecha:<strong>\u00a031\/05\/2018 y 01\/06\/2018<br \/><\/strong>Lugar:<strong>\u00a0ATILRA \u2013 Sunchales<\/strong><\/p>\n<\/div>\n<div class=\"panel entry-content\" id=\"tab_a\u00f1o-2020\">\n<p><strong>Revista del Foro Federal del Trabajo<\/strong><br \/>Compartimos en esta secci\u00f3n con los\/las colegas abogados\/as la edici\u00f3n n\u00famero 3 de la revista citada con temas de inter\u00e9s Institucional y profesional, con fin de que sea utilizada como una herramienta pr\u00e1ctica frente a las nuevas situaciones en el mundo del derecho del trabajo consecuencia del COVID 19.<\/p>\n<p><a href=\"https:\/\/drive.google.com\/file\/d\/1IJ3q4_7f1Tvm5GjdJpOp1Cm7zAfBgtaw\/view\" target=\"_blank\" rel=\"noopener noreferrer\">Descargar Revista<\/a><\/p>\n<\/div><\/div><\/div>\n<\/div><\/div>\n<\/div>\n\t\t<\/div>\n\n\t\t\n<style>\n#section_2004101921 {\n  padding-top: 30px;\n  padding-bottom: 30px;\n}\n<\/style>\n\t<\/section>\n\t\n","protected":false},"excerpt":{"rendered":"","protected":false},"author":2,"featured_media":0,"parent":0,"menu_order":0,"comment_status":"closed","ping_status":"closed","template":"","meta":[],"_links":{"self":[{"href":"https:\/\/www.casf.org.ar\/colegio\/wp-json\/wp\/v2\/pages\/1026"}],"collection":[{"href":"https:\/\/www.casf.org.ar\/colegio\/wp-json\/wp\/v2\/pages"}],"about":[{"href":"https:\/\/www.casf.org.ar\/colegio\/wp-json\/wp\/v2\/types\/page"}],"author":[{"embeddable":true,"href":"https:\/\/www.casf.org.ar\/colegio\/wp-json\/wp\/v2\/users\/2"}],"replies":[{"embeddable":true,"href":"https:\/\/www.casf.org.ar\/colegio\/wp-json\/wp\/v2\/comments?post=1026"}],"version-history":[{"count":10,"href":"https:\/\/www.casf.org.ar\/colegio\/wp-json\/wp\/v2\/pages\/1026\/revisions"}],"predecessor-version":[{"id":1039,"href":"https:\/\/www.casf.org.ar\/colegio\/wp-json\/wp\/v2\/pages\/1026\/revisions\/1039"}],"wp:attachment":[{"href":"https:\/\/www.casf.org.ar\/colegio\/wp-json\/wp\/v2\/media?parent=1026"}],"curies":[{"name":"wp","href":"https:\/\/api.w.org\/{rel}","templated":true}]}}